{"id":5051,"date":"2024-10-01T16:41:01","date_gmt":"2024-10-01T14:41:01","guid":{"rendered":"https:\/\/www.iidh.org\/otras-acciones\/exposicion-martin-luther-king-jr\/"},"modified":"2024-10-10T16:32:39","modified_gmt":"2024-10-10T14:32:39","slug":"exposicion-martin-luther-king-jr","status":"publish","type":"page","link":"https:\/\/www.iidh.org\/es\/otras-acciones\/exposicion-martin-luther-king-jr\/","title":{"rendered":"Exposici\u00f3n \u00abMartin Luther King Jr."},"content":{"rendered":"<p><div class=\"fusion-fullwidth fullwidth-box fusion-builder-row-1 fusion-flex-container has-pattern-background has-mask-background nonhundred-percent-fullwidth non-hundred-percent-height-scrolling\" style=\"--awb-border-radius-top-left:0px;--awb-border-radius-top-right:0px;--awb-border-radius-bottom-right:0px;--awb-border-radius-bottom-left:0px;--awb-flex-wrap:wrap;\" ><div class=\"fusion-builder-row fusion-row fusion-flex-align-items-flex-start fusion-flex-content-wrap\" style=\"max-width:1248px;margin-left: calc(-4% \/ 2 );margin-right: calc(-4% \/ 2 );\"><div class=\"fusion-layout-column fusion_builder_column fusion-builder-column-0 fusion_builder_column_1_2 1_2 fusion-flex-column\" style=\"--awb-bg-size:cover;--awb-width-large:50%;--awb-margin-top-large:0px;--awb-spacing-right-large:3.84%;--awb-margin-bottom-large:0px;--awb-spacing-left-large:3.84%;--awb-width-medium:50%;--awb-order-medium:0;--awb-spacing-right-medium:3.84%;--awb-spacing-left-medium:3.84%;--awb-width-small:100%;--awb-order-small:0;--awb-spacing-right-small:1.92%;--awb-spacing-left-small:1.92%;\"><div class=\"fusion-column-wrapper fusion-column-has-shadow fusion-flex-justify-content-flex-start fusion-content-layout-column\"><div class=\"fusion-title title fusion-title-1 fusion-sep-none fusion-title-text fusion-title-size-two\" style=\"--awb-text-color:var(--awb-color5);--awb-margin-top-small:10px;--awb-margin-right-small:0px;--awb-margin-bottom-small:10px;--awb-margin-left-small:0px;\"><h2 class=\"fusion-title-heading title-heading-left fusion-responsive-typography-calculated\" style=\"margin:0;--fontSize:42;line-height:var(--awb-typography1-line-height);\">El proyecto<\/h2><\/div><div class=\"fusion-text fusion-text-1\"><p>Casi 60 a\u00f1os despu\u00e9s del discurso \u00abTengo un sue\u00f1o\u00bb de Martin Luther King, Jr. (28 de agosto de 1963), problemas sist\u00e9micos como el racismo, la pobreza y la guerra, que Martin Luther King, Jr. denomin\u00f3 \u00ablos tres males\u00bb, siguen omnipresentes en nuestra sociedad.  <\/p>\n<p>Como se\u00f1ala Clayborne Carson, historiador afroamericano y director fundador del Instituto Martin Luther King Jr. para la Educaci\u00f3n y la Investigaci\u00f3n de California: \u00abLos temas abordados por Martin Luther King Jr., en particular el ideal de los derechos humanos y la justicia social en el mundo, son hoy m\u00e1s relevantes que en ning\u00fan otro momento de la historia\u00bb.<\/p>\n<p>Las palabras de Martin Luther King Jr. han pasado a la historia. Formado como predicador, se convirti\u00f3 en el l\u00edder de un movimiento unificado, inspirando a decenas de millones de personas a apoyar el derecho de los afroamericanos a la libertad.  <\/p>\n<p>Sin embargo, Martin Luther King Jr. consideraba que el mundo estaba interconectado, y se esforz\u00f3 por defender la igualdad de todas las personas y los derechos humanos universales. \u00abEstamos atrapados en una ineludible red de reciprocidad, unidos por un \u00fanico destino. Lo que afecta directamente a uno, afecta indirectamente a los dem\u00e1s\u00bb, escribi\u00f3 en 1963. Sus ideas fueron mucho m\u00e1s all\u00e1 de su \u00e9poca y de la sociedad en la que vivi\u00f3.   <\/p>\n<\/div><\/div><\/div><div class=\"fusion-layout-column fusion_builder_column fusion-builder-column-1 awb-sticky awb-sticky-medium awb-sticky-large fusion_builder_column_1_2 1_2 fusion-flex-column\" style=\"--awb-bg-size:cover;--awb-width-large:50%;--awb-margin-top-large:0px;--awb-spacing-right-large:3.84%;--awb-margin-bottom-large:0px;--awb-spacing-left-large:3.84%;--awb-width-medium:50%;--awb-order-medium:0;--awb-spacing-right-medium:3.84%;--awb-spacing-left-medium:3.84%;--awb-width-small:100%;--awb-order-small:0;--awb-spacing-right-small:1.92%;--awb-spacing-left-small:1.92%;--awb-sticky-offset:150px;\"><div class=\"fusion-column-wrapper fusion-column-has-shadow fusion-flex-justify-content-flex-start fusion-content-layout-column\"><div class=\"fusion-image-element \" style=\"--awb-caption-title-font-family:var(--h2_typography-font-family);--awb-caption-title-font-weight:var(--h2_typography-font-weight);--awb-caption-title-font-style:var(--h2_typography-font-style);--awb-caption-title-size:var(--h2_typography-font-size);--awb-caption-title-transform:var(--h2_typography-text-transform);--awb-caption-title-line-height:var(--h2_typography-line-height);--awb-caption-title-letter-spacing:var(--h2_typography-letter-spacing);\"><span class=\" fusion-imageframe imageframe-none imageframe-1 hover-type-none\"><img decoding=\"async\" width=\"565\" height=\"751\" title=\"affiche-MLK.jpg\" src=\"https:\/\/www.iidh.org\/wp-content\/uploads\/2024\/10\/affiche-MLK.jpg.webp\" data-orig-src=\"https:\/\/www.iidh.org\/wp-content\/uploads\/2024\/10\/affiche-MLK.jpg.webp\" alt class=\"lazyload img-responsive wp-image-4398\" srcset=\"data:image\/svg+xml,%3Csvg%20xmlns%3D%27http%3A%2F%2Fwww.w3.org%2F2000%2Fsvg%27%20width%3D%27565%27%20height%3D%27751%27%20viewBox%3D%270%200%20565%20751%27%3E%3Crect%20width%3D%27565%27%20height%3D%27751%27%20fill-opacity%3D%220%22%2F%3E%3C%2Fsvg%3E\" data-srcset=\"https:\/\/www.iidh.org\/wp-content\/uploads\/2024\/10\/affiche-MLK.jpg-200x266.webp 200w, https:\/\/www.iidh.org\/wp-content\/uploads\/2024\/10\/affiche-MLK.jpg-400x532.webp 400w, https:\/\/www.iidh.org\/wp-content\/uploads\/2024\/10\/affiche-MLK.jpg.webp 565w\" data-sizes=\"auto\" data-orig-sizes=\"(max-width: 800px) 100vw, 565px\" \/><\/span><\/div><\/div><\/div><\/div><\/div><div class=\"fusion-fullwidth fullwidth-box fusion-builder-row-2 fusion-flex-container has-pattern-background has-mask-background nonhundred-percent-fullwidth non-hundred-percent-height-scrolling\" style=\"--awb-border-radius-top-left:0px;--awb-border-radius-top-right:0px;--awb-border-radius-bottom-right:0px;--awb-border-radius-bottom-left:0px;--awb-margin-top:45px;--awb-flex-wrap:wrap;\" ><div class=\"fusion-builder-row fusion-row fusion-flex-align-items-flex-start fusion-flex-content-wrap\" style=\"max-width:1248px;margin-left: calc(-4% \/ 2 );margin-right: calc(-4% \/ 2 );\"><div class=\"fusion-layout-column fusion_builder_column fusion-builder-column-2 fusion_builder_column_1_1 1_1 fusion-flex-column\" style=\"--awb-bg-size:cover;--awb-width-large:100%;--awb-margin-top-large:0px;--awb-spacing-right-large:1.92%;--awb-margin-bottom-large:0px;--awb-spacing-left-large:1.92%;--awb-width-medium:100%;--awb-order-medium:0;--awb-spacing-right-medium:1.92%;--awb-spacing-left-medium:1.92%;--awb-width-small:100%;--awb-order-small:0;--awb-spacing-right-small:1.92%;--awb-spacing-left-small:1.92%;\"><div class=\"fusion-column-wrapper fusion-column-has-shadow fusion-flex-justify-content-flex-start fusion-content-layout-column\"><div class=\"fusion-text fusion-text-2\"><h3>La exposici\u00f3n<\/h3>\n<p>La exposici\u00f3n se centrar\u00e1 en el movimiento estadounidense por los derechos civiles de las d\u00e9cadas de 1950 y 1960 y, en particular, en la visi\u00f3n de Martin Luther King Jr. de la igualdad y la justicia para todos mediante la no violencia.<\/p>\n<p>A trav\u00e9s de la vida y las acciones de Martin Luther King Jr., la exposici\u00f3n pretende fomentar el di\u00e1logo p\u00fablico y la participaci\u00f3n creativa sobre cuestiones cruciales como :<\/p>\n<ul>\n<li>segregaci\u00f3n e integraci\u00f3n,<\/li>\n<li>derechos humanos e injusticia social,<\/li>\n<li>diversidad e igualdad,<\/li>\n<li>religi\u00f3n y \u00e9tica,<\/li>\n<li>dimisi\u00f3n y condena.<\/li>\n<\/ul>\n<p>La exposici\u00f3n tambi\u00e9n ser\u00e1 una oportunidad para profundizar en los derechos fundamentales, los derechos civiles y el compromiso de dos hombres excepcionales: Ren\u00e9 Cassin y Martin Luther King Jr, ambos galardonados con el Premio Nobel.<\/p>\n<h3>Un proyecto de colaboraci\u00f3n coordinado por<\/h3>\n<ul>\n<li><strong>Ashley Wood<\/strong> s: Comisario, director de proyectos y productor de renombre internacional, el Sr. Woods trabaja en estrecha colaboraci\u00f3n con premios Nobel para promover la paz en todo el mundo. En asociaci\u00f3n con Bernice King, hija de Martin Luther King Jr, Ashley Woods es la comisaria de este proyecto, que se centra en el derecho a la libertad y el movimiento por los derechos civiles.<\/li>\n<\/ul>\n<h3>Una exposici\u00f3n producida y dise\u00f1ada por<\/h3>\n<ul>\n<li><strong>L&#8217;Atelier<\/strong> Ailes\u00b2: con sede en Estrasburgo, esta agencia est\u00e1 dirigida por Nathalia Moutinho y Emilie Chassis, muse\u00f3grafas y escen\u00f3grafas. L&#8217;Atelier-Ailes\u00b2 est\u00e1 especializada en el dise\u00f1o y la producci\u00f3n de proyectos culturales, entre ellos :\n<ul>\n<li>monumentos hist\u00f3ricos,<\/li>\n<li>patrimonio industrial,<\/li>\n<li>patrimonio vivo,<\/li>\n<li>patrimonio culinario,<\/li>\n<li>ciencia,<\/li>\n<li>las bellas artes,<\/li>\n<li>debates sociales,<\/li>\n<li>p\u00fablico joven,<\/li>\n<li>discapacidades,<\/li>\n<li>la historia y los conflictos hist\u00f3ricos,<\/li>\n<li>arqueolog\u00eda,<\/li>\n<li>dise\u00f1o,<\/li>\n<li>transmitir conocimientos.<\/li>\n<\/ul>\n<\/li>\n<\/ul>\n<p>Para m\u00e1s informaci\u00f3n, visita su sitio web: <a href=\"http:\/\/www.atelier-aile2.fr\" target=\"_new\" rel=\"noopener\">www.atelier-aile2.fr<\/a><\/p>\n<h2>Un proyecto apoyado por<\/h2>\n<ul>\n<li>Bernice A. King, hija de Martin Luther Jr.<\/li>\n<li>Coretta Scott King, Directora del Centro King de Atlanta<\/li>\n<\/ul>\n<\/div><\/div><\/div><\/div><\/div><\/p>\n","protected":false},"excerpt":{"rendered":"","protected":false},"author":1,"featured_media":0,"parent":4573,"menu_order":0,"comment_status":"closed","ping_status":"closed","template":"100-width.php","meta":{"footnotes":""},"class_list":["post-5051","page","type-page","status-publish","hentry"],"yoast_head":"<!-- This site is optimized with the Yoast SEO plugin v27.5 - https:\/\/yoast.com\/product\/yoast-seo-wordpress\/ -->\n<title>Exposici\u00f3n &quot;Martin Luther King Jr. - Fondation Ren\u00e9 CASSIN<\/title>\n<meta name=\"robots\" content=\"index, follow, max-snippet:-1, max-image-preview:large, max-video-preview:-1\" \/>\n<link rel=\"canonical\" href=\"https:\/\/www.iidh.org\/es\/otras-acciones\/exposicion-martin-luther-king-jr\/\" \/>\n<meta property=\"og:locale\" content=\"es_ES\" \/>\n<meta property=\"og:type\" content=\"article\" \/>\n<meta property=\"og:title\" content=\"Exposici\u00f3n &quot;Martin Luther King Jr. - Fondation Ren\u00e9 CASSIN\" \/>\n<meta property=\"og:url\" content=\"https:\/\/www.iidh.org\/es\/otras-acciones\/exposicion-martin-luther-king-jr\/\" \/>\n<meta property=\"og:site_name\" content=\"Fondation Ren\u00e9 CASSIN\" \/>\n<meta property=\"article:publisher\" content=\"https:\/\/www.facebook.com\/FondationReneCassin\/\" \/>\n<meta property=\"article:modified_time\" content=\"2024-10-10T14:32:39+00:00\" \/>\n<meta property=\"og:image\" content=\"https:\/\/www.iidh.org\/wp-content\/uploads\/2024\/10\/vignette-iidh.jpg\" \/>\n\t<meta property=\"og:image:width\" content=\"1200\" \/>\n\t<meta property=\"og:image:height\" content=\"675\" \/>\n\t<meta property=\"og:image:type\" content=\"image\/jpeg\" \/>\n<meta name=\"twitter:card\" content=\"summary_large_image\" \/>\n<meta name=\"twitter:site\" content=\"@IIDHStrasbourg\" \/>\n<meta name=\"twitter:label1\" content=\"Tiempo de lectura\" \/>\n\t<meta name=\"twitter:data1\" content=\"12 minutos\" \/>\n<script type=\"application\/ld+json\" class=\"yoast-schema-graph\">{\"@context\":\"https:\\\/\\\/schema.org\",\"@graph\":[{\"@type\":\"WebPage\",\"@id\":\"https:\\\/\\\/www.iidh.org\\\/es\\\/otras-acciones\\\/exposicion-martin-luther-king-jr\\\/\",\"url\":\"https:\\\/\\\/www.iidh.org\\\/es\\\/otras-acciones\\\/exposicion-martin-luther-king-jr\\\/\",\"name\":\"Exposici\u00f3n \\\"Martin Luther King Jr. - Fondation Ren\u00e9 CASSIN\",\"isPartOf\":{\"@id\":\"https:\\\/\\\/www.iidh.org\\\/es\\\/#website\"},\"datePublished\":\"2024-10-01T14:41:01+00:00\",\"dateModified\":\"2024-10-10T14:32:39+00:00\",\"breadcrumb\":{\"@id\":\"https:\\\/\\\/www.iidh.org\\\/es\\\/otras-acciones\\\/exposicion-martin-luther-king-jr\\\/#breadcrumb\"},\"inLanguage\":\"es\",\"potentialAction\":[{\"@type\":\"ReadAction\",\"target\":[\"https:\\\/\\\/www.iidh.org\\\/es\\\/otras-acciones\\\/exposicion-martin-luther-king-jr\\\/\"]}]},{\"@type\":\"BreadcrumbList\",\"@id\":\"https:\\\/\\\/www.iidh.org\\\/es\\\/otras-acciones\\\/exposicion-martin-luther-king-jr\\\/#breadcrumb\",\"itemListElement\":[{\"@type\":\"ListItem\",\"position\":1,\"name\":\"Accueil\",\"item\":\"https:\\\/\\\/www.iidh.org\\\/es\\\/\"},{\"@type\":\"ListItem\",\"position\":2,\"name\":\"Otras acciones\",\"item\":\"https:\\\/\\\/www.iidh.org\\\/es\\\/otras-acciones\\\/\"},{\"@type\":\"ListItem\",\"position\":3,\"name\":\"Exposici\u00f3n &#8220;Martin Luther King Jr.\"}]},{\"@type\":\"WebSite\",\"@id\":\"https:\\\/\\\/www.iidh.org\\\/es\\\/#website\",\"url\":\"https:\\\/\\\/www.iidh.org\\\/es\\\/\",\"name\":\"Fondation Ren\u00e9 CASSIN\",\"description\":\"\",\"publisher\":{\"@id\":\"https:\\\/\\\/www.iidh.org\\\/es\\\/#organization\"},\"potentialAction\":[{\"@type\":\"SearchAction\",\"target\":{\"@type\":\"EntryPoint\",\"urlTemplate\":\"https:\\\/\\\/www.iidh.org\\\/es\\\/?s={search_term_string}\"},\"query-input\":{\"@type\":\"PropertyValueSpecification\",\"valueRequired\":true,\"valueName\":\"search_term_string\"}}],\"inLanguage\":\"es\"},{\"@type\":\"Organization\",\"@id\":\"https:\\\/\\\/www.iidh.org\\\/es\\\/#organization\",\"name\":\"Fondation Ren\u00e9 CASSIN\",\"url\":\"https:\\\/\\\/www.iidh.org\\\/es\\\/\",\"logo\":{\"@type\":\"ImageObject\",\"inLanguage\":\"es\",\"@id\":\"https:\\\/\\\/www.iidh.org\\\/es\\\/#\\\/schema\\\/logo\\\/image\\\/\",\"url\":\"https:\\\/\\\/www.iidh.org\\\/wp-content\\\/uploads\\\/2024\\\/09\\\/LOGO_FRC-rouge.svg\",\"contentUrl\":\"https:\\\/\\\/www.iidh.org\\\/wp-content\\\/uploads\\\/2024\\\/09\\\/LOGO_FRC-rouge.svg\",\"width\":699,\"height\":221,\"caption\":\"Fondation Ren\u00e9 CASSIN\"},\"image\":{\"@id\":\"https:\\\/\\\/www.iidh.org\\\/es\\\/#\\\/schema\\\/logo\\\/image\\\/\"},\"sameAs\":[\"https:\\\/\\\/www.facebook.com\\\/FondationReneCassin\\\/\",\"https:\\\/\\\/x.com\\\/IIDHStrasbourg\",\"https:\\\/\\\/www.instagram.com\\\/fondationrenecassin\\\/\"]}]}<\/script>\n<!-- \/ Yoast SEO plugin. -->","yoast_head_json":{"title":"Exposici\u00f3n \"Martin Luther King Jr. - Fondation Ren\u00e9 CASSIN","robots":{"index":"index","follow":"follow","max-snippet":"max-snippet:-1","max-image-preview":"max-image-preview:large","max-video-preview":"max-video-preview:-1"},"canonical":"https:\/\/www.iidh.org\/es\/otras-acciones\/exposicion-martin-luther-king-jr\/","og_locale":"es_ES","og_type":"article","og_title":"Exposici\u00f3n \"Martin Luther King Jr. - Fondation Ren\u00e9 CASSIN","og_url":"https:\/\/www.iidh.org\/es\/otras-acciones\/exposicion-martin-luther-king-jr\/","og_site_name":"Fondation Ren\u00e9 CASSIN","article_publisher":"https:\/\/www.facebook.com\/FondationReneCassin\/","article_modified_time":"2024-10-10T14:32:39+00:00","og_image":[{"width":1200,"height":675,"url":"https:\/\/www.iidh.org\/wp-content\/uploads\/2024\/10\/vignette-iidh.jpg","type":"image\/jpeg"}],"twitter_card":"summary_large_image","twitter_site":"@IIDHStrasbourg","twitter_misc":{"Tiempo de lectura":"12 minutos"},"schema":{"@context":"https:\/\/schema.org","@graph":[{"@type":"WebPage","@id":"https:\/\/www.iidh.org\/es\/otras-acciones\/exposicion-martin-luther-king-jr\/","url":"https:\/\/www.iidh.org\/es\/otras-acciones\/exposicion-martin-luther-king-jr\/","name":"Exposici\u00f3n \"Martin Luther King Jr. - Fondation Ren\u00e9 CASSIN","isPartOf":{"@id":"https:\/\/www.iidh.org\/es\/#website"},"datePublished":"2024-10-01T14:41:01+00:00","dateModified":"2024-10-10T14:32:39+00:00","breadcrumb":{"@id":"https:\/\/www.iidh.org\/es\/otras-acciones\/exposicion-martin-luther-king-jr\/#breadcrumb"},"inLanguage":"es","potentialAction":[{"@type":"ReadAction","target":["https:\/\/www.iidh.org\/es\/otras-acciones\/exposicion-martin-luther-king-jr\/"]}]},{"@type":"BreadcrumbList","@id":"https:\/\/www.iidh.org\/es\/otras-acciones\/exposicion-martin-luther-king-jr\/#breadcrumb","itemListElement":[{"@type":"ListItem","position":1,"name":"Accueil","item":"https:\/\/www.iidh.org\/es\/"},{"@type":"ListItem","position":2,"name":"Otras acciones","item":"https:\/\/www.iidh.org\/es\/otras-acciones\/"},{"@type":"ListItem","position":3,"name":"Exposici\u00f3n &#8220;Martin Luther King Jr."}]},{"@type":"WebSite","@id":"https:\/\/www.iidh.org\/es\/#website","url":"https:\/\/www.iidh.org\/es\/","name":"Fondation Ren\u00e9 CASSIN","description":"","publisher":{"@id":"https:\/\/www.iidh.org\/es\/#organization"},"potentialAction":[{"@type":"SearchAction","target":{"@type":"EntryPoint","urlTemplate":"https:\/\/www.iidh.org\/es\/?s={search_term_string}"},"query-input":{"@type":"PropertyValueSpecification","valueRequired":true,"valueName":"search_term_string"}}],"inLanguage":"es"},{"@type":"Organization","@id":"https:\/\/www.iidh.org\/es\/#organization","name":"Fondation Ren\u00e9 CASSIN","url":"https:\/\/www.iidh.org\/es\/","logo":{"@type":"ImageObject","inLanguage":"es","@id":"https:\/\/www.iidh.org\/es\/#\/schema\/logo\/image\/","url":"https:\/\/www.iidh.org\/wp-content\/uploads\/2024\/09\/LOGO_FRC-rouge.svg","contentUrl":"https:\/\/www.iidh.org\/wp-content\/uploads\/2024\/09\/LOGO_FRC-rouge.svg","width":699,"height":221,"caption":"Fondation Ren\u00e9 CASSIN"},"image":{"@id":"https:\/\/www.iidh.org\/es\/#\/schema\/logo\/image\/"},"sameAs":["https:\/\/www.facebook.com\/FondationReneCassin\/","https:\/\/x.com\/IIDHStrasbourg","https:\/\/www.instagram.com\/fondationrenecassin\/"]}]}},"_links":{"self":[{"href":"https:\/\/www.iidh.org\/es\/wp-json\/wp\/v2\/pages\/5051","targetHints":{"allow":["GET"]}}],"collection":[{"href":"https:\/\/www.iidh.org\/es\/wp-json\/wp\/v2\/pages"}],"about":[{"href":"https:\/\/www.iidh.org\/es\/wp-json\/wp\/v2\/types\/page"}],"author":[{"embeddable":true,"href":"https:\/\/www.iidh.org\/es\/wp-json\/wp\/v2\/users\/1"}],"replies":[{"embeddable":true,"href":"https:\/\/www.iidh.org\/es\/wp-json\/wp\/v2\/comments?post=5051"}],"version-history":[{"count":1,"href":"https:\/\/www.iidh.org\/es\/wp-json\/wp\/v2\/pages\/5051\/revisions"}],"predecessor-version":[{"id":5058,"href":"https:\/\/www.iidh.org\/es\/wp-json\/wp\/v2\/pages\/5051\/revisions\/5058"}],"up":[{"embeddable":true,"href":"https:\/\/www.iidh.org\/es\/wp-json\/wp\/v2\/pages\/4573"}],"wp:attachment":[{"href":"https:\/\/www.iidh.org\/es\/wp-json\/wp\/v2\/media?parent=5051"}],"curies":[{"name":"wp","href":"https:\/\/api.w.org\/{rel}","templated":true}]}}