{"id":5090,"date":"2024-10-01T16:39:52","date_gmt":"2024-10-01T14:39:52","guid":{"rendered":"https:\/\/www.iidh.org\/otras-acciones\/catedras-de-excelencia\/"},"modified":"2025-10-13T15:48:39","modified_gmt":"2025-10-13T13:48:39","slug":"catedras-de-excelencia","status":"publish","type":"page","link":"https:\/\/www.iidh.org\/es\/otras-acciones\/catedras-de-excelencia\/","title":{"rendered":"C\u00e1tedras de excelencia"},"content":{"rendered":"<div class=\"fusion-fullwidth fullwidth-box fusion-builder-row-1 fusion-flex-container has-pattern-background has-mask-background nonhundred-percent-fullwidth non-hundred-percent-height-scrolling\" style=\"--awb-border-radius-top-left:0px;--awb-border-radius-top-right:0px;--awb-border-radius-bottom-right:0px;--awb-border-radius-bottom-left:0px;--awb-flex-wrap:wrap;\" ><div class=\"fusion-builder-row fusion-row fusion-flex-align-items-flex-start fusion-flex-content-wrap\" style=\"max-width:1248px;margin-left: calc(-4% \/ 2 );margin-right: calc(-4% \/ 2 );\"><div class=\"fusion-layout-column fusion_builder_column fusion-builder-column-0 fusion_builder_column_1_1 1_1 fusion-flex-column\" style=\"--awb-bg-size:cover;--awb-width-large:100%;--awb-margin-top-large:0px;--awb-spacing-right-large:1.92%;--awb-margin-bottom-large:0px;--awb-spacing-left-large:1.92%;--awb-width-medium:100%;--awb-order-medium:0;--awb-spacing-right-medium:1.92%;--awb-spacing-left-medium:1.92%;--awb-width-small:100%;--awb-order-small:0;--awb-spacing-right-small:1.92%;--awb-spacing-left-small:1.92%;\"><div class=\"fusion-column-wrapper fusion-column-has-shadow fusion-flex-justify-content-flex-start fusion-content-layout-column\"><div class=\"fusion-title title fusion-title-1 fusion-sep-none fusion-title-text fusion-title-size-two\" style=\"--awb-text-color:var(--awb-color5);--awb-margin-top-small:10px;--awb-margin-right-small:0px;--awb-margin-bottom-small:10px;--awb-margin-left-small:0px;\"><h2 class=\"fusion-title-heading title-heading-left fusion-responsive-typography-calculated\" style=\"margin:0;--fontSize:42;line-height:var(--awb-typography1-line-height);\">Promover la innovaci\u00f3n y la experiencia a trav\u00e9s de nuestras C\u00e1tedras de Excelencia<\/h2><\/div><div class=\"fusion-text fusion-text-1\"><p>La Fundaci\u00f3n Ren\u00e9 Cassin ha desarrollado un proyecto innovador mediante la concesi\u00f3n de <strong>Becas de Excelencia Ren\u00e9 Cassin de 6 meses de duraci\u00f3n<\/strong> a laureados multidisciplinares franc\u00f3fonos de distintas nacionalidades.&nbsp; El objetivo es favorecer la aparici\u00f3n de un <strong>proyecto com\u00fan en Estrasburgo<\/strong> desarrollado por los titulares de las C\u00e1tedras, en relaci\u00f3n con el tema definido en cada edici\u00f3n.<\/p>\n<p>Este proyecto ha sido posible gracias a la financiaci\u00f3n de la Ciudad de Estrasburgo, la Eurometr\u00f3poli, la Regi\u00f3n Gran Este, la Colectividad Europea de Alsacia, el Ministerio de Europa y Asuntos Exteriores y el patrocinio (La Maison Herm\u00e8s).<\/p>\n<\/div><div class=\"fusion-tabs fusion-tabs-1 classic vertical-tabs icon-position-left mobile-mode-accordion\" style=\"--awb-title-border-radius-top-left:0px;--awb-title-border-radius-top-right:0px;--awb-title-border-radius-bottom-right:0px;--awb-title-border-radius-bottom-left:0px;--awb-alignment:start;--awb-inactive-color:var(--awb-color2);--awb-background-color:var(--awb-color1);--awb-border-color:var(--awb-color3);--awb-active-border-color:var(--awb-color5);\"><div class=\"nav\"><ul class=\"nav-tabs\" role=\"tablist\" aria-orientation=\"vertical\"><li class=\"active\" role=\"presentation\"><a class=\"tab-link\" data-toggle=\"tab\" role=\"tab\" aria-controls=\"tab-2e050beb952ee28c3e9\" aria-selected=\"true\" tabindex=\"0\" id=\"fusion-tab-2e050beb952ee28c3e9\" href=\"#tab-2e050beb952ee28c3e9\"><h3 class=\"fusion-tab-heading\">3\u00aa edici\u00f3n<\/h3><\/a><\/li><li  role=\"presentation\"><a class=\"tab-link\" data-toggle=\"tab\" role=\"tab\" aria-controls=\"tab-47514130ec431d61014\" aria-selected=\"false\" tabindex=\"-1\" id=\"fusion-tab-47514130ec431d61014\" href=\"#tab-47514130ec431d61014\"><h3 class=\"fusion-tab-heading\">2\u00aa edici\u00f3n<\/h3><\/a><\/li><li  role=\"presentation\"><a class=\"tab-link\" data-toggle=\"tab\" role=\"tab\" aria-controls=\"tab-b1ef8a6b9dcbc11006f\" aria-selected=\"false\" tabindex=\"-1\" id=\"fusion-tab-b1ef8a6b9dcbc11006f\" href=\"#tab-b1ef8a6b9dcbc11006f\"><h3 class=\"fusion-tab-heading\">1\u00aa edici\u00f3n<\/h3><\/a><\/li><\/ul><\/div><div class=\"tab-content\"><div class=\"nav fusion-mobile-tab-nav\"><ul class=\"nav-tabs\" role=\"tablist\" aria-orientation=\"vertical\"><li class=\"active\" role=\"presentation\"><a class=\"tab-link\" data-toggle=\"tab\" role=\"tab\" aria-controls=\"tab-2e050beb952ee28c3e9\" aria-selected=\"true\" tabindex=\"0\" id=\"mobile-fusion-tab-2e050beb952ee28c3e9\" href=\"#tab-2e050beb952ee28c3e9\"><h3 class=\"fusion-tab-heading\">3\u00aa edici\u00f3n<\/h3><\/a><\/li><\/ul><\/div><div class=\"tab-pane fade fusion-clearfix in active\" role=\"tabpanel\" tabindex=\"0\" aria-labelledby=\"fusion-tab-2e050beb952ee28c3e9\" id=\"tab-2e050beb952ee28c3e9\">\n<h4 data-elementor-setting-key=\"title\" data-pen-placeholder=\"\u00c9crivez ici...\">\u00ab Procesos electorales, derechos y libertades<\/h4>\n<h4 data-elementor-setting-key=\"title\" data-pen-placeholder=\"\u00c9crivez ici...\"><img decoding=\"async\" class=\"lazyload alignnone size-medium wp-image-5646\" src=\"https:\/\/www.iidh.org\/wp-content\/uploads\/2024\/11\/Brochure_Programme_Chaires_2025_page-0001-212x300.jpg\" data-orig-src=\"https:\/\/www.iidh.org\/wp-content\/uploads\/2024\/11\/Brochure_Programme_Chaires_2025_page-0001-212x300.jpg\" alt=\"\" width=\"212\" height=\"300\" srcset=\"data:image\/svg+xml,%3Csvg%20xmlns%3D%27http%3A%2F%2Fwww.w3.org%2F2000%2Fsvg%27%20width%3D%27212%27%20height%3D%27300%27%20viewBox%3D%270%200%20212%20300%27%3E%3Crect%20width%3D%27212%27%20height%3D%27300%27%20fill-opacity%3D%220%22%2F%3E%3C%2Fsvg%3E\" data-srcset=\"https:\/\/www.iidh.org\/wp-content\/uploads\/2024\/11\/Brochure_Programme_Chaires_2025_page-0001-200x283.jpg 200w, https:\/\/www.iidh.org\/wp-content\/uploads\/2024\/11\/Brochure_Programme_Chaires_2025_page-0001-212x300.jpg 212w, https:\/\/www.iidh.org\/wp-content\/uploads\/2024\/11\/Brochure_Programme_Chaires_2025_page-0001-400x565.jpg 400w, https:\/\/www.iidh.org\/wp-content\/uploads\/2024\/11\/Brochure_Programme_Chaires_2025_page-0001-600x848.jpg 600w, https:\/\/www.iidh.org\/wp-content\/uploads\/2024\/11\/Brochure_Programme_Chaires_2025_page-0001-725x1024.jpg 725w, https:\/\/www.iidh.org\/wp-content\/uploads\/2024\/11\/Brochure_Programme_Chaires_2025_page-0001-768x1085.jpg 768w, https:\/\/www.iidh.org\/wp-content\/uploads\/2024\/11\/Brochure_Programme_Chaires_2025_page-0001-800x1131.jpg 800w, https:\/\/www.iidh.org\/wp-content\/uploads\/2024\/11\/Brochure_Programme_Chaires_2025_page-0001-1087x1536.jpg 1087w, https:\/\/www.iidh.org\/wp-content\/uploads\/2024\/11\/Brochure_Programme_Chaires_2025_page-0001-1200x1696.jpg 1200w, https:\/\/www.iidh.org\/wp-content\/uploads\/2024\/11\/Brochure_Programme_Chaires_2025_page-0001.jpg 1241w\" data-sizes=\"auto\" data-orig-sizes=\"(max-width: 212px) 100vw, 212px\" \/>&nbsp;<\/h4>\n<p>Buscamos a <strong>5 personalidades en Estrasburgo<\/strong> para participar en un proyecto de investigaci\u00f3n com\u00fan e interdisciplinario.<\/p>\n<p>La tem\u00e1tica de esta 3\u00aa edici\u00f3n es: <strong>Procesos electorales, derechos y libertades.<\/strong><\/p>\n<ul>\n<li aria-level=\"1\">Lugar y duraci\u00f3n: En Estrasburgo, del 1 de junio al 1 de diciembre de 2025<\/li>\n<li aria-level=\"1\">Perfil: Estudiante y\/o Profesional, independientemente de su edad o nacionalidad<\/li>\n<li aria-level=\"1\">Idioma: Dominio del franc\u00e9s nivel B2 y\/o del ingl\u00e9s nivel B2<\/li>\n<\/ul>\n<p>Su candidatura deber\u00e1 enviarse antes del <strong>18 de diciembre de 2024 <\/strong>a la direcci\u00f3n chaires.renecassin@iidh.org y deber\u00e1 incluir:<\/p>\n<ul>\n<li aria-level=\"1\">Curriculum Vitae<\/li>\n<li aria-level=\"1\">Una nota de intenciones<\/li>\n<li aria-level=\"1\">Una presentaci\u00f3n de la propuesta de proyecto de grupo a realizar en Estrasburgo<\/li>\n<li aria-level=\"1\">Dos cartas de recomendaci\u00f3n<\/li>\n<\/ul>\n<p>Los candidatos seleccionados para esta tercera edici\u00f3n ser\u00e1n notificados individualmente a m\u00e1s tardar el 11 de febrero de 2025. La Fundaci\u00f3n cubrir\u00e1 los siguientes gastos: <\/p>\n<ul>\n<li aria-level=\"1\">Viaje a Estrasburgo (ida y vuelta desde el pa\u00eds de origen)<\/li>\n<li aria-level=\"1\">Desplazamientos dentro de Estrasburgo (abono de transporte p\u00fablico, tranv\u00eda y autob\u00fas, durante la duraci\u00f3n del programa)<\/li>\n<li aria-level=\"1\">Alojamiento durante la duraci\u00f3n del programa (Alojamiento compartido por todos los participantes)<\/li>\n<li aria-level=\"1\">600\/mes (PER DIEM) durante 6 meses<\/li>\n<\/ul>\n<p>Consulta la presentaci\u00f3n del programa para conocer todos los detalles.<\/p>\n<p><span style=\"text-decoration: underline;\"><strong><a href=\"https:\/\/www.iidh.org\/wp-content\/uploads\/2024\/11\/Brochure_Programme_Chaires_2025-REPORT-FR.pdf\">Descargue nuestro folleto<\/a><\/strong><\/span><\/p>\n<\/div><div class=\"nav fusion-mobile-tab-nav\"><ul class=\"nav-tabs\" role=\"tablist\" aria-orientation=\"vertical\"><li  role=\"presentation\"><a class=\"tab-link\" data-toggle=\"tab\" role=\"tab\" aria-controls=\"tab-47514130ec431d61014\" aria-selected=\"false\" tabindex=\"-1\" id=\"mobile-fusion-tab-47514130ec431d61014\" href=\"#tab-47514130ec431d61014\"><h3 class=\"fusion-tab-heading\">2\u00aa edici\u00f3n<\/h3><\/a><\/li><\/ul><\/div><div class=\"tab-pane fade fusion-clearfix\" role=\"tabpanel\" tabindex=\"0\" aria-labelledby=\"fusion-tab-47514130ec431d61014\" id=\"tab-47514130ec431d61014\">\n<h4 data-elementor-setting-key=\"title\" data-pen-placeholder=\"\u00c9crivez ici...\">&nbsp;&nbsp;\u00bb El rostro humano del desaf\u00edo clim\u00e1tico<\/h4>\n<div class=\"fusion-image-element in-legacy-container\" style=\"--awb-max-width:300px;--awb-caption-title-font-family:var(--h2_typography-font-family);--awb-caption-title-font-weight:var(--h2_typography-font-weight);--awb-caption-title-font-style:var(--h2_typography-font-style);--awb-caption-title-size:var(--h2_typography-font-size);--awb-caption-title-transform:var(--h2_typography-text-transform);--awb-caption-title-line-height:var(--h2_typography-line-height);--awb-caption-title-letter-spacing:var(--h2_typography-letter-spacing);\"><span class=\" fusion-imageframe imageframe-none imageframe-1 hover-type-none\"><img decoding=\"async\" width=\"773\" height=\"514\" title=\"Sans titre\" src=\"https:\/\/www.iidh.org\/wp-content\/uploads\/2024\/10\/Sans-titre.png\" data-orig-src=\"https:\/\/www.iidh.org\/wp-content\/uploads\/2024\/10\/Sans-titre.png\" alt class=\"lazyload img-responsive wp-image-4386\" srcset=\"data:image\/svg+xml,%3Csvg%20xmlns%3D%27http%3A%2F%2Fwww.w3.org%2F2000%2Fsvg%27%20width%3D%27773%27%20height%3D%27514%27%20viewBox%3D%270%200%20773%20514%27%3E%3Crect%20width%3D%27773%27%20height%3D%27514%27%20fill-opacity%3D%220%22%2F%3E%3C%2Fsvg%3E\" data-srcset=\"https:\/\/www.iidh.org\/wp-content\/uploads\/2024\/10\/Sans-titre-200x133.png 200w, https:\/\/www.iidh.org\/wp-content\/uploads\/2024\/10\/Sans-titre-400x266.png 400w, https:\/\/www.iidh.org\/wp-content\/uploads\/2024\/10\/Sans-titre-600x399.png 600w, https:\/\/www.iidh.org\/wp-content\/uploads\/2024\/10\/Sans-titre.png 773w\" data-sizes=\"auto\" data-orig-sizes=\"(max-width: 800px) 100vw, 773px\" \/><\/span><\/div>\n<p>&nbsp;Buscamos <b>6<\/b><strong>personalidades <\/strong>en Estrasburgo para trabajar en un proyecto de investigaci\u00f3n conjunto e interdisciplinar.<\/p>\n<p>El tema de esta 2\u00aa edici\u00f3n es: <strong>Las personas ante el desaf\u00edo clim\u00e1tico.<\/strong><\/p>\n<ul>\n<li aria-level=\"1\">Lugar y duraci\u00f3n: en Estrasburgo, de septiembre de 2023 a febrero de 2024<\/li>\n<li aria-level=\"1\">Perfil: Estudiante y\/o Profesional, independientemente de su edad o nacionalidad<\/li>\n<li aria-level=\"1\">Idioma: Franc\u00e9s nivel B2<\/li>\n<\/ul>\n<p>&nbsp; &nbsp;Tu solicitud debe recibirse antes del<strong>14 de mayo de 2023 <\/strong>y enviarse a chaires.renecassin@iidh.org y debe incluir:<\/p>\n<ul>\n<li aria-level=\"1\">Curriculum Vitae<\/li>\n<li aria-level=\"1\">Una nota de intenciones<\/li>\n<li aria-level=\"1\">Una presentaci\u00f3n de tu proyecto<\/li>\n<li aria-level=\"1\">Dos cartas de recomendaci\u00f3n<\/li>\n<\/ul>\n<p>Los candidatos seleccionados para esta segunda edici\u00f3n ser\u00e1n notificados individualmente a m\u00e1s tardar el&nbsp;<strong>14 de junio de 2023<\/strong>. La Fundaci\u00f3n cubrir\u00e1 los siguientes costes: <\/p>\n<ul>\n<li aria-level=\"1\">Viaje a Estrasburgo (ida y vuelta desde el pa\u00eds de origen)<\/li>\n<li aria-level=\"1\">Desplazamientos dentro de Estrasburgo (abono de transporte p\u00fablico, tranv\u00eda y autob\u00fas, durante la duraci\u00f3n del programa)<\/li>\n<li aria-level=\"1\">Alojamiento durante la duraci\u00f3n del programa (Alojamiento compartido por todos los participantes)<\/li>\n<li aria-level=\"1\">600\/mes (PER DIEM) durante 6 meses<\/li>\n<\/ul>\n<p>Consulta la presentaci\u00f3n del programa para conocer todos los detalles.<\/p>\n<p><a href=\"https:\/\/www.iidh.org\/wp-content\/uploads\/2024\/10\/Brochure_Programme_Chaires_2023_V2-Eloise.pdf\">Descargar el programa<\/a><\/div><div class=\"nav fusion-mobile-tab-nav\"><ul class=\"nav-tabs\" role=\"tablist\" aria-orientation=\"vertical\"><li  role=\"presentation\"><a class=\"tab-link\" data-toggle=\"tab\" role=\"tab\" aria-controls=\"tab-b1ef8a6b9dcbc11006f\" aria-selected=\"false\" tabindex=\"-1\" id=\"mobile-fusion-tab-b1ef8a6b9dcbc11006f\" href=\"#tab-b1ef8a6b9dcbc11006f\"><h3 class=\"fusion-tab-heading\">1\u00aa edici\u00f3n<\/h3><\/a><\/li><\/ul><\/div><div class=\"tab-pane fade fusion-clearfix\" role=\"tabpanel\" tabindex=\"0\" aria-labelledby=\"fusion-tab-b1ef8a6b9dcbc11006f\" id=\"tab-b1ef8a6b9dcbc11006f\">\n<h4 data-elementor-setting-key=\"title\" data-pen-placeholder=\"\u00c9crivez ici...\">&nbsp;&nbsp;\u00abNi\u00f1os y conflictos armados<\/h4>\n<div class=\"fusion-image-element in-legacy-container\" style=\"--awb-caption-title-font-family:var(--h2_typography-font-family);--awb-caption-title-font-weight:var(--h2_typography-font-weight);--awb-caption-title-font-style:var(--h2_typography-font-style);--awb-caption-title-size:var(--h2_typography-font-size);--awb-caption-title-transform:var(--h2_typography-text-transform);--awb-caption-title-line-height:var(--h2_typography-line-height);--awb-caption-title-letter-spacing:var(--h2_typography-letter-spacing);\"><span class=\" fusion-imageframe imageframe-none imageframe-2 hover-type-none\"><img decoding=\"async\" width=\"287\" height=\"300\" title=\"visuels2-287&#215;300\" src=\"https:\/\/www.iidh.org\/wp-content\/uploads\/2024\/10\/visuels2-287x300-1.webp\" data-orig-src=\"https:\/\/www.iidh.org\/wp-content\/uploads\/2024\/10\/visuels2-287x300-1.webp\" alt class=\"lazyload img-responsive wp-image-4380\" srcset=\"data:image\/svg+xml,%3Csvg%20xmlns%3D%27http%3A%2F%2Fwww.w3.org%2F2000%2Fsvg%27%20width%3D%27287%27%20height%3D%27300%27%20viewBox%3D%270%200%20287%20300%27%3E%3Crect%20width%3D%27287%27%20height%3D%27300%27%20fill-opacity%3D%220%22%2F%3E%3C%2Fsvg%3E\" data-srcset=\"https:\/\/www.iidh.org\/wp-content\/uploads\/2024\/10\/visuels2-287x300-1-200x209.webp 200w, https:\/\/www.iidh.org\/wp-content\/uploads\/2024\/10\/visuels2-287x300-1.webp 287w\" data-sizes=\"auto\" data-orig-sizes=\"(max-width: 800px) 100vw, 287px\" \/><\/span><\/div>\n<p>Nos complace presentar el primer programa de las C\u00e1tedras de Excelencia Ren\u00e9 Cassin, un programa nuevo e innovador destinado a promover iniciativas y acciones concretas en defensa de los derechos humanos y las libertades.<\/p>\n<p>&nbsp;&nbsp;&nbsp;Hemos seleccionado a 4 personalidades de Camer\u00fan, Grecia y Mauritania que trabajan actualmente en Estrasburgo en un proyecto conjunto de investigaci\u00f3n interdisciplinar sobre el tema: Ni\u00f1os y conflictos armados.<\/p>\n<p><a href=\"https:\/\/www.iidh.org\/wp-content\/uploads\/2024\/10\/Chaires-excellence-RC.pdf\">Descargar el programa<\/a><\/div><\/div><\/div><\/div><\/div><\/div><\/div>\n","protected":false},"excerpt":{"rendered":"","protected":false},"author":1,"featured_media":0,"parent":4573,"menu_order":0,"comment_status":"closed","ping_status":"closed","template":"100-width.php","meta":{"footnotes":""},"class_list":["post-5090","page","type-page","status-publish","hentry"],"yoast_head":"<!-- This site is optimized with the Yoast SEO plugin v27.5 - https:\/\/yoast.com\/product\/yoast-seo-wordpress\/ -->\n<title>C\u00e1tedras de excelencia - Fondation Ren\u00e9 CASSIN<\/title>\n<meta name=\"robots\" content=\"index, follow, max-snippet:-1, max-image-preview:large, max-video-preview:-1\" \/>\n<link rel=\"canonical\" href=\"https:\/\/www.iidh.org\/es\/otras-acciones\/catedras-de-excelencia\/\" \/>\n<meta property=\"og:locale\" content=\"es_ES\" \/>\n<meta property=\"og:type\" content=\"article\" \/>\n<meta property=\"og:title\" content=\"C\u00e1tedras de excelencia - Fondation Ren\u00e9 CASSIN\" \/>\n<meta property=\"og:url\" content=\"https:\/\/www.iidh.org\/es\/otras-acciones\/catedras-de-excelencia\/\" \/>\n<meta property=\"og:site_name\" content=\"Fondation Ren\u00e9 CASSIN\" \/>\n<meta property=\"article:publisher\" content=\"https:\/\/www.facebook.com\/FondationReneCassin\/\" \/>\n<meta property=\"article:modified_time\" content=\"2025-10-13T13:48:39+00:00\" \/>\n<meta property=\"og:image\" content=\"https:\/\/www.iidh.org\/wp-content\/uploads\/2024\/11\/Brochure_Programme_Chaires_2025_page-0001.jpg\" \/>\n\t<meta property=\"og:image:width\" content=\"1241\" \/>\n\t<meta property=\"og:image:height\" content=\"1754\" \/>\n\t<meta property=\"og:image:type\" content=\"image\/jpeg\" \/>\n<meta name=\"twitter:card\" content=\"summary_large_image\" \/>\n<meta name=\"twitter:site\" content=\"@IIDHStrasbourg\" \/>\n<meta name=\"twitter:label1\" content=\"Tiempo de lectura\" \/>\n\t<meta name=\"twitter:data1\" content=\"8 minutos\" \/>\n<script type=\"application\/ld+json\" class=\"yoast-schema-graph\">{\"@context\":\"https:\\\/\\\/schema.org\",\"@graph\":[{\"@type\":\"WebPage\",\"@id\":\"https:\\\/\\\/www.iidh.org\\\/es\\\/otras-acciones\\\/catedras-de-excelencia\\\/\",\"url\":\"https:\\\/\\\/www.iidh.org\\\/es\\\/otras-acciones\\\/catedras-de-excelencia\\\/\",\"name\":\"C\u00e1tedras de excelencia - Fondation Ren\u00e9 CASSIN\",\"isPartOf\":{\"@id\":\"https:\\\/\\\/www.iidh.org\\\/es\\\/#website\"},\"primaryImageOfPage\":{\"@id\":\"https:\\\/\\\/www.iidh.org\\\/es\\\/otras-acciones\\\/catedras-de-excelencia\\\/#primaryimage\"},\"image\":{\"@id\":\"https:\\\/\\\/www.iidh.org\\\/es\\\/otras-acciones\\\/catedras-de-excelencia\\\/#primaryimage\"},\"thumbnailUrl\":\"https:\\\/\\\/www.iidh.org\\\/wp-content\\\/uploads\\\/2024\\\/11\\\/Brochure_Programme_Chaires_2025_page-0001-212x300.jpg\",\"datePublished\":\"2024-10-01T14:39:52+00:00\",\"dateModified\":\"2025-10-13T13:48:39+00:00\",\"breadcrumb\":{\"@id\":\"https:\\\/\\\/www.iidh.org\\\/es\\\/otras-acciones\\\/catedras-de-excelencia\\\/#breadcrumb\"},\"inLanguage\":\"es\",\"potentialAction\":[{\"@type\":\"ReadAction\",\"target\":[\"https:\\\/\\\/www.iidh.org\\\/es\\\/otras-acciones\\\/catedras-de-excelencia\\\/\"]}]},{\"@type\":\"ImageObject\",\"inLanguage\":\"es\",\"@id\":\"https:\\\/\\\/www.iidh.org\\\/es\\\/otras-acciones\\\/catedras-de-excelencia\\\/#primaryimage\",\"url\":\"https:\\\/\\\/www.iidh.org\\\/wp-content\\\/uploads\\\/2024\\\/11\\\/Brochure_Programme_Chaires_2025_page-0001-212x300.jpg\",\"contentUrl\":\"https:\\\/\\\/www.iidh.org\\\/wp-content\\\/uploads\\\/2024\\\/11\\\/Brochure_Programme_Chaires_2025_page-0001-212x300.jpg\"},{\"@type\":\"BreadcrumbList\",\"@id\":\"https:\\\/\\\/www.iidh.org\\\/es\\\/otras-acciones\\\/catedras-de-excelencia\\\/#breadcrumb\",\"itemListElement\":[{\"@type\":\"ListItem\",\"position\":1,\"name\":\"Accueil\",\"item\":\"https:\\\/\\\/www.iidh.org\\\/es\\\/\"},{\"@type\":\"ListItem\",\"position\":2,\"name\":\"Otras acciones\",\"item\":\"https:\\\/\\\/www.iidh.org\\\/es\\\/otras-acciones\\\/\"},{\"@type\":\"ListItem\",\"position\":3,\"name\":\"C\u00e1tedras de excelencia\"}]},{\"@type\":\"WebSite\",\"@id\":\"https:\\\/\\\/www.iidh.org\\\/es\\\/#website\",\"url\":\"https:\\\/\\\/www.iidh.org\\\/es\\\/\",\"name\":\"Fondation Ren\u00e9 CASSIN\",\"description\":\"\",\"publisher\":{\"@id\":\"https:\\\/\\\/www.iidh.org\\\/es\\\/#organization\"},\"potentialAction\":[{\"@type\":\"SearchAction\",\"target\":{\"@type\":\"EntryPoint\",\"urlTemplate\":\"https:\\\/\\\/www.iidh.org\\\/es\\\/?s={search_term_string}\"},\"query-input\":{\"@type\":\"PropertyValueSpecification\",\"valueRequired\":true,\"valueName\":\"search_term_string\"}}],\"inLanguage\":\"es\"},{\"@type\":\"Organization\",\"@id\":\"https:\\\/\\\/www.iidh.org\\\/es\\\/#organization\",\"name\":\"Fondation Ren\u00e9 CASSIN\",\"url\":\"https:\\\/\\\/www.iidh.org\\\/es\\\/\",\"logo\":{\"@type\":\"ImageObject\",\"inLanguage\":\"es\",\"@id\":\"https:\\\/\\\/www.iidh.org\\\/es\\\/#\\\/schema\\\/logo\\\/image\\\/\",\"url\":\"https:\\\/\\\/www.iidh.org\\\/wp-content\\\/uploads\\\/2024\\\/09\\\/LOGO_FRC-rouge.svg\",\"contentUrl\":\"https:\\\/\\\/www.iidh.org\\\/wp-content\\\/uploads\\\/2024\\\/09\\\/LOGO_FRC-rouge.svg\",\"width\":699,\"height\":221,\"caption\":\"Fondation Ren\u00e9 CASSIN\"},\"image\":{\"@id\":\"https:\\\/\\\/www.iidh.org\\\/es\\\/#\\\/schema\\\/logo\\\/image\\\/\"},\"sameAs\":[\"https:\\\/\\\/www.facebook.com\\\/FondationReneCassin\\\/\",\"https:\\\/\\\/x.com\\\/IIDHStrasbourg\",\"https:\\\/\\\/www.instagram.com\\\/fondationrenecassin\\\/\"]}]}<\/script>\n<!-- \/ Yoast SEO plugin. -->","yoast_head_json":{"title":"C\u00e1tedras de excelencia - Fondation Ren\u00e9 CASSIN","robots":{"index":"index","follow":"follow","max-snippet":"max-snippet:-1","max-image-preview":"max-image-preview:large","max-video-preview":"max-video-preview:-1"},"canonical":"https:\/\/www.iidh.org\/es\/otras-acciones\/catedras-de-excelencia\/","og_locale":"es_ES","og_type":"article","og_title":"C\u00e1tedras de excelencia - Fondation Ren\u00e9 CASSIN","og_url":"https:\/\/www.iidh.org\/es\/otras-acciones\/catedras-de-excelencia\/","og_site_name":"Fondation Ren\u00e9 CASSIN","article_publisher":"https:\/\/www.facebook.com\/FondationReneCassin\/","article_modified_time":"2025-10-13T13:48:39+00:00","og_image":[{"width":1241,"height":1754,"url":"https:\/\/www.iidh.org\/wp-content\/uploads\/2024\/11\/Brochure_Programme_Chaires_2025_page-0001.jpg","type":"image\/jpeg"}],"twitter_card":"summary_large_image","twitter_site":"@IIDHStrasbourg","twitter_misc":{"Tiempo de lectura":"8 minutos"},"schema":{"@context":"https:\/\/schema.org","@graph":[{"@type":"WebPage","@id":"https:\/\/www.iidh.org\/es\/otras-acciones\/catedras-de-excelencia\/","url":"https:\/\/www.iidh.org\/es\/otras-acciones\/catedras-de-excelencia\/","name":"C\u00e1tedras de excelencia - Fondation Ren\u00e9 CASSIN","isPartOf":{"@id":"https:\/\/www.iidh.org\/es\/#website"},"primaryImageOfPage":{"@id":"https:\/\/www.iidh.org\/es\/otras-acciones\/catedras-de-excelencia\/#primaryimage"},"image":{"@id":"https:\/\/www.iidh.org\/es\/otras-acciones\/catedras-de-excelencia\/#primaryimage"},"thumbnailUrl":"https:\/\/www.iidh.org\/wp-content\/uploads\/2024\/11\/Brochure_Programme_Chaires_2025_page-0001-212x300.jpg","datePublished":"2024-10-01T14:39:52+00:00","dateModified":"2025-10-13T13:48:39+00:00","breadcrumb":{"@id":"https:\/\/www.iidh.org\/es\/otras-acciones\/catedras-de-excelencia\/#breadcrumb"},"inLanguage":"es","potentialAction":[{"@type":"ReadAction","target":["https:\/\/www.iidh.org\/es\/otras-acciones\/catedras-de-excelencia\/"]}]},{"@type":"ImageObject","inLanguage":"es","@id":"https:\/\/www.iidh.org\/es\/otras-acciones\/catedras-de-excelencia\/#primaryimage","url":"https:\/\/www.iidh.org\/wp-content\/uploads\/2024\/11\/Brochure_Programme_Chaires_2025_page-0001-212x300.jpg","contentUrl":"https:\/\/www.iidh.org\/wp-content\/uploads\/2024\/11\/Brochure_Programme_Chaires_2025_page-0001-212x300.jpg"},{"@type":"BreadcrumbList","@id":"https:\/\/www.iidh.org\/es\/otras-acciones\/catedras-de-excelencia\/#breadcrumb","itemListElement":[{"@type":"ListItem","position":1,"name":"Accueil","item":"https:\/\/www.iidh.org\/es\/"},{"@type":"ListItem","position":2,"name":"Otras acciones","item":"https:\/\/www.iidh.org\/es\/otras-acciones\/"},{"@type":"ListItem","position":3,"name":"C\u00e1tedras de excelencia"}]},{"@type":"WebSite","@id":"https:\/\/www.iidh.org\/es\/#website","url":"https:\/\/www.iidh.org\/es\/","name":"Fondation Ren\u00e9 CASSIN","description":"","publisher":{"@id":"https:\/\/www.iidh.org\/es\/#organization"},"potentialAction":[{"@type":"SearchAction","target":{"@type":"EntryPoint","urlTemplate":"https:\/\/www.iidh.org\/es\/?s={search_term_string}"},"query-input":{"@type":"PropertyValueSpecification","valueRequired":true,"valueName":"search_term_string"}}],"inLanguage":"es"},{"@type":"Organization","@id":"https:\/\/www.iidh.org\/es\/#organization","name":"Fondation Ren\u00e9 CASSIN","url":"https:\/\/www.iidh.org\/es\/","logo":{"@type":"ImageObject","inLanguage":"es","@id":"https:\/\/www.iidh.org\/es\/#\/schema\/logo\/image\/","url":"https:\/\/www.iidh.org\/wp-content\/uploads\/2024\/09\/LOGO_FRC-rouge.svg","contentUrl":"https:\/\/www.iidh.org\/wp-content\/uploads\/2024\/09\/LOGO_FRC-rouge.svg","width":699,"height":221,"caption":"Fondation Ren\u00e9 CASSIN"},"image":{"@id":"https:\/\/www.iidh.org\/es\/#\/schema\/logo\/image\/"},"sameAs":["https:\/\/www.facebook.com\/FondationReneCassin\/","https:\/\/x.com\/IIDHStrasbourg","https:\/\/www.instagram.com\/fondationrenecassin\/"]}]}},"_links":{"self":[{"href":"https:\/\/www.iidh.org\/es\/wp-json\/wp\/v2\/pages\/5090","targetHints":{"allow":["GET"]}}],"collection":[{"href":"https:\/\/www.iidh.org\/es\/wp-json\/wp\/v2\/pages"}],"about":[{"href":"https:\/\/www.iidh.org\/es\/wp-json\/wp\/v2\/types\/page"}],"author":[{"embeddable":true,"href":"https:\/\/www.iidh.org\/es\/wp-json\/wp\/v2\/users\/1"}],"replies":[{"embeddable":true,"href":"https:\/\/www.iidh.org\/es\/wp-json\/wp\/v2\/comments?post=5090"}],"version-history":[{"count":7,"href":"https:\/\/www.iidh.org\/es\/wp-json\/wp\/v2\/pages\/5090\/revisions"}],"predecessor-version":[{"id":6698,"href":"https:\/\/www.iidh.org\/es\/wp-json\/wp\/v2\/pages\/5090\/revisions\/6698"}],"up":[{"embeddable":true,"href":"https:\/\/www.iidh.org\/es\/wp-json\/wp\/v2\/pages\/4573"}],"wp:attachment":[{"href":"https:\/\/www.iidh.org\/es\/wp-json\/wp\/v2\/media?parent=5090"}],"curies":[{"name":"wp","href":"https:\/\/api.w.org\/{rel}","templated":true}]}}