{"id":5095,"date":"2024-10-01T16:34:40","date_gmt":"2024-10-01T14:34:40","guid":{"rendered":"https:\/\/www.iidh.org\/busca-en\/publicaciones\/"},"modified":"2025-12-22T12:32:15","modified_gmt":"2025-12-22T10:32:15","slug":"publicaciones","status":"publish","type":"page","link":"https:\/\/www.iidh.org\/es\/busca-en\/publicaciones\/","title":{"rendered":"Publicaciones"},"content":{"rendered":"<div class=\"fusion-fullwidth fullwidth-box fusion-builder-row-1 fusion-flex-container has-pattern-background has-mask-background nonhundred-percent-fullwidth non-hundred-percent-height-scrolling\" style=\"--awb-border-radius-top-left:0px;--awb-border-radius-top-right:0px;--awb-border-radius-bottom-right:0px;--awb-border-radius-bottom-left:0px;--awb-margin-top:40px;--awb-flex-wrap:wrap;\" ><div class=\"fusion-builder-row fusion-row fusion-flex-align-items-flex-start fusion-flex-content-wrap\" style=\"max-width:1248px;margin-left: calc(-4% \/ 2 );margin-right: calc(-4% \/ 2 );\"><div class=\"fusion-layout-column fusion_builder_column fusion-builder-column-0 fusion_builder_column_1_1 1_1 fusion-flex-column\" style=\"--awb-bg-size:cover;--awb-width-large:100%;--awb-margin-top-large:0px;--awb-spacing-right-large:1.92%;--awb-margin-bottom-large:0px;--awb-spacing-left-large:1.92%;--awb-width-medium:100%;--awb-order-medium:0;--awb-spacing-right-medium:1.92%;--awb-spacing-left-medium:1.92%;--awb-width-small:100%;--awb-order-small:0;--awb-spacing-right-small:1.92%;--awb-spacing-left-small:1.92%;\"><div class=\"fusion-column-wrapper fusion-column-has-shadow fusion-flex-justify-content-flex-start fusion-content-layout-column\"><div class=\"fusion-title title fusion-title-1 fusion-sep-none fusion-title-text fusion-title-size-two\" style=\"--awb-margin-top-small:10px;--awb-margin-right-small:0px;--awb-margin-bottom-small:10px;--awb-margin-left-small:0px;\"><h2 class=\"fusion-title-heading title-heading-left fusion-responsive-typography-calculated\" style=\"margin:0;--fontSize:42;line-height:var(--awb-typography1-line-height);\">Publicaci\u00f3n 2024<\/h2><\/div><div class=\"fusion-text fusion-text-1\"><p><b> Luc LERICHE<\/b>, prefacio del profesor Jean MATRINGE:<\/p>\n<p>La emergencia de un derecho ind\u00edgena a la vida, Pedone 2024<\/p>\n<\/div><\/div><\/div><div class=\"fusion-layout-column fusion_builder_column fusion-builder-column-1 fusion_builder_column_1_1 1_1 fusion-flex-column\" style=\"--awb-bg-size:cover;--awb-width-large:100%;--awb-margin-top-large:0px;--awb-spacing-right-large:1.92%;--awb-margin-bottom-large:40px;--awb-spacing-left-large:1.92%;--awb-width-medium:100%;--awb-order-medium:0;--awb-spacing-right-medium:1.92%;--awb-spacing-left-medium:1.92%;--awb-width-small:100%;--awb-order-small:0;--awb-spacing-right-small:1.92%;--awb-spacing-left-small:1.92%;\"><div class=\"fusion-column-wrapper fusion-column-has-shadow fusion-flex-justify-content-flex-start fusion-content-layout-column\"><div ><a class=\"fusion-button button-flat fusion-button-default-size button-custom fusion-button-default button-1 fusion-button-default-span fusion-button-default-type fusion-has-button-gradient\" style=\"--button_accent_color:var(--awb-color5);--button_border_color:var(--awb-color5);--button_accent_hover_color:var(--awb-color4);--button_border_hover_color:var(--awb-color1);--button_gradient_top_color:rgba(232,232,232,0);--button_gradient_bottom_color:rgba(255,255,255,0);--button_gradient_top_color_hover:hsla(var(--awb-color2-h),calc(var(--awb-color2-s) - 5%),calc(var(--awb-color2-l) - 10%),var(--awb-color2-a));--button_gradient_bottom_color_hover:hsla(var(--awb-color2-h),calc(var(--awb-color2-s) - 5%),calc(var(--awb-color2-l) - 10%),var(--awb-color2-a));--button_text_transform:none;\" target=\"_self\" href=\"https:\/\/pedone.info\/livre\/lemergence-dun-droit-a-la-vie-autochtone\/\"><i class=\"fa-angle-right fas awb-button__icon awb-button__icon--default button-icon-left\" aria-hidden=\"true\"><\/i><span class=\"fusion-button-text awb-button__text awb-button__text--default\">Consulta<\/span><\/a><\/div><div class=\"fusion-text fusion-text-2\"><p>Sra. <b>Christina KOUMPLI<\/b>, Prefacio de Otto PFERSMANN y pr\u00f3logo de Judith ROCHFELD<\/p>\n<p>\u00abDatos personales sensibles. Una contribuci\u00f3n al desarrollo del derecho fundamental a la protecci\u00f3n de datos personales. \u00c9tude compar\u00e9e : Union europ\u00e9enne, France, Gr\u00e8ce, Allemagne, Royaume-Uni\u00bb, Pedone 2024<\/p>\n<\/div><div ><a class=\"fusion-button button-flat fusion-button-default-size button-custom fusion-button-default button-2 fusion-button-default-span fusion-button-default-type fusion-has-button-gradient\" style=\"--button_accent_color:var(--awb-color5);--button_border_color:var(--awb-color5);--button_accent_hover_color:var(--awb-color4);--button_border_hover_color:var(--awb-color1);--button_gradient_top_color:rgba(232,232,232,0);--button_gradient_bottom_color:rgba(255,255,255,0);--button_gradient_top_color_hover:hsla(var(--awb-color2-h),calc(var(--awb-color2-s) - 5%),calc(var(--awb-color2-l) - 10%),var(--awb-color2-a));--button_gradient_bottom_color_hover:hsla(var(--awb-color2-h),calc(var(--awb-color2-s) - 5%),calc(var(--awb-color2-l) - 10%),var(--awb-color2-a));--button_text_transform:none;\" target=\"_self\" href=\"https:\/\/pedone.info\/livre\/les-donnees-personnelles-sensibles\/\"><i class=\"fa-angle-right fas awb-button__icon awb-button__icon--default button-icon-left\" aria-hidden=\"true\"><\/i><span class=\"fusion-button-text awb-button__text awb-button__text--default\">Consulta<\/span><\/a><\/div><div class=\"fusion-text fusion-text-3\"><p><span style=\"background-color: var(--awb-bg-color-hover); color: var(--awb-text-color); font-family: var(--awb-text-font-family); font-size: var(--awb-font-size); font-style: var(--awb-text-font-style); font-weight: var(--awb-text-font-weight); letter-spacing: var(--awb-letter-spacing); text-transform: var(--awb-text-transform);\">Bajo la direcci\u00f3n de <\/span><span style=\"background-color: var(--awb-bg-color-hover); color: var(--awb-text-color); font-family: var(--awb-text-font-family); font-size: var(--awb-font-size); font-style: var(--awb-text-font-style); letter-spacing: var(--awb-letter-spacing); text-transform: var(--awb-text-transform);\"><b>Marjorie BEULAY<\/b><\/span><span style=\"background-color: var(--awb-bg-color-hover); color: var(--awb-text-color); font-family: var(--awb-text-font-family); font-size: var(--awb-font-size); font-style: var(--awb-text-font-style); font-weight: var(--awb-text-font-weight); letter-spacing: var(--awb-letter-spacing); text-transform: var(--awb-text-transform);\"> y <\/span><span style=\"background-color: var(--awb-bg-color-hover); color: var(--awb-text-color); font-family: var(--awb-text-font-family); font-size: var(--awb-font-size); font-style: var(--awb-text-font-style); letter-spacing: var(--awb-letter-spacing); text-transform: var(--awb-text-transform);\"><b>Yannick LECUYER<\/b><\/span><span style=\"background-color: var(--awb-bg-color-hover); color: var(--awb-text-color); font-family: var(--awb-text-font-family); font-size: var(--awb-font-size); font-style: var(--awb-text-font-style); font-weight: var(--awb-text-font-weight); letter-spacing: var(--awb-letter-spacing); text-transform: var(--awb-text-transform);\">:<\/span><\/p>\n<p>La pr\u00e1ctica de los votos particulares en el Tribunal Europeo de Derechos Humanos, Pedone 2024<\/p>\n<\/div><div ><a class=\"fusion-button button-flat fusion-button-default-size button-custom fusion-button-default button-3 fusion-button-default-span fusion-button-default-type fusion-has-button-gradient\" style=\"--button_accent_color:var(--awb-color5);--button_border_color:var(--awb-color5);--button_accent_hover_color:var(--awb-color4);--button_border_hover_color:var(--awb-color1);--button_gradient_top_color:rgba(232,232,232,0);--button_gradient_bottom_color:rgba(255,255,255,0);--button_gradient_top_color_hover:hsla(var(--awb-color2-h),calc(var(--awb-color2-s) - 5%),calc(var(--awb-color2-l) - 10%),var(--awb-color2-a));--button_gradient_bottom_color_hover:hsla(var(--awb-color2-h),calc(var(--awb-color2-s) - 5%),calc(var(--awb-color2-l) - 10%),var(--awb-color2-a));--button_text_transform:none;\" target=\"_self\" href=\"https:\/\/pedone.info\/livre\/la-pratique-des-opinions-separees-a-la-cour-europeenne-des-droits-de-lhomme\/\"><i class=\"fa-angle-right fas awb-button__icon awb-button__icon--default button-icon-left\" aria-hidden=\"true\"><\/i><span class=\"fusion-button-text awb-button__text awb-button__text--default\">Consulta<\/span><\/a><\/div><\/div><\/div><div class=\"fusion-layout-column fusion_builder_column fusion-builder-column-2 fusion_builder_column_1_1 1_1 fusion-flex-column\" style=\"--awb-bg-size:cover;--awb-width-large:100%;--awb-margin-top-large:0px;--awb-spacing-right-large:1.92%;--awb-margin-bottom-large:0px;--awb-spacing-left-large:1.92%;--awb-width-medium:100%;--awb-order-medium:0;--awb-spacing-right-medium:1.92%;--awb-spacing-left-medium:1.92%;--awb-width-small:100%;--awb-order-small:0;--awb-spacing-right-small:1.92%;--awb-spacing-left-small:1.92%;\"><div class=\"fusion-column-wrapper fusion-column-has-shadow fusion-flex-justify-content-flex-start fusion-content-layout-column\"><div class=\"fusion-title title fusion-title-2 fusion-sep-none fusion-title-text fusion-title-size-two\" style=\"--awb-margin-top-small:10px;--awb-margin-right-small:0px;--awb-margin-bottom-small:10px;--awb-margin-left-small:0px;\"><h2 class=\"fusion-title-heading title-heading-left fusion-responsive-typography-calculated\" style=\"margin:0;--fontSize:42;line-height:var(--awb-typography1-line-height);\">Publicaciones anteriores<\/h2><\/div><div class=\"accordian fusion-accordian\" style=\"--awb-border-size:0px;--awb-icon-size:17px;--awb-content-font-size:var(--awb-typography4-font-size);--awb-icon-alignment:left;--awb-hover-color:var(--awb-color2);--awb-border-color:var(--awb-color3);--awb-background-color:var(--awb-color1);--awb-divider-color:var(--awb-color3);--awb-divider-hover-color:var(--awb-color3);--awb-icon-color:var(--awb-color1);--awb-title-color:var(--awb-color8);--awb-content-color:var(--awb-color8);--awb-icon-box-color:var(--awb-color8);--awb-toggle-hover-accent-color:var(--awb-color5);--awb-title-font-family:var(--awb-typography2-font-family);--awb-title-font-weight:var(--awb-typography2-font-weight);--awb-title-font-style:var(--awb-typography2-font-style);--awb-title-font-size:var(--awb-typography2-font-size);--awb-title-letter-spacing:var(--awb-typography2-letter-spacing);--awb-title-line-height:var(--awb-typography2-line-height);--awb-title-text-transform:var(--awb-typography2-text-transform);--awb-content-font-family:var(--awb-typography4-font-family);--awb-content-font-weight:var(--awb-typography4-font-weight);--awb-content-font-style:var(--awb-typography4-font-style);\"><div class=\"panel-group fusion-toggle-icon-boxed\" id=\"accordion-5095-1\"><\/div><\/div><div class=\"fusion-text fusion-text-4\"><h3 class=\"section-subtitle-txt\" style=\"font-size: 24px; color: var(--awb-color6);\" data-fusion-font=\"true\">Mihaela Anca AILINCAI<\/h3>\n<p>Soft Law et droits fondamentaux, Actas de la conferencia de Grenoble (CRJ) de los d\u00edas 4 y 5 de febrero de 2016, Par\u00eds, Pedone, 2017<\/p>\n<\/div><div ><a class=\"fusion-button button-flat fusion-button-default-size button-custom fusion-button-default button-4 fusion-button-default-span fusion-button-default-type fusion-has-button-gradient\" style=\"--awb-margin-bottom:20px;--button_accent_color:var(--awb-color5);--button_border_color:var(--awb-color5);--button_accent_hover_color:var(--awb-color4);--button_border_hover_color:var(--awb-color1);--button_gradient_top_color:rgba(232,232,232,0);--button_gradient_bottom_color:rgba(255,255,255,0);--button_gradient_top_color_hover:hsla(var(--awb-color2-h),calc(var(--awb-color2-s) - 5%),calc(var(--awb-color2-l) - 10%),var(--awb-color2-a));--button_gradient_bottom_color_hover:hsla(var(--awb-color2-h),calc(var(--awb-color2-s) - 5%),calc(var(--awb-color2-l) - 10%),var(--awb-color2-a));--button_text_transform:none;\" target=\"_self\" href=\"https:\/\/pedone.info\/livre\/soft-law-et-droits-fondamentaux\/\"><i class=\"fa-angle-right fas awb-button__icon awb-button__icon--default button-icon-left\" aria-hidden=\"true\"><\/i><span class=\"fusion-button-text awb-button__text awb-button__text--default\">Consulta<\/span><\/a><\/div><div class=\"fusion-text fusion-text-5\"><h3 class=\"section-subtitle-txt\" style=\"font-size: 24px; color: var(--awb-color6);\" data-fusion-font=\"true\">Julien CAZALA, Yannick LECUYER y B\u00e9rang\u00e8re TAXIL (eds.)<\/h3>\n<p>Sexualit\u00e9 et Droit International des Droits de l&#8217;Homme, Par\u00eds, Pedone, 2017<\/p>\n<\/div><div ><a class=\"fusion-button button-flat fusion-button-default-size button-custom fusion-button-default button-5 fusion-button-default-span fusion-button-default-type fusion-has-button-gradient\" style=\"--awb-margin-bottom:20px;--button_accent_color:var(--awb-color5);--button_border_color:var(--awb-color5);--button_accent_hover_color:var(--awb-color4);--button_border_hover_color:var(--awb-color1);--button_gradient_top_color:rgba(232,232,232,0);--button_gradient_bottom_color:rgba(255,255,255,0);--button_gradient_top_color_hover:hsla(var(--awb-color2-h),calc(var(--awb-color2-s) - 5%),calc(var(--awb-color2-l) - 10%),var(--awb-color2-a));--button_gradient_bottom_color_hover:hsla(var(--awb-color2-h),calc(var(--awb-color2-s) - 5%),calc(var(--awb-color2-l) - 10%),var(--awb-color2-a));--button_text_transform:none;\" target=\"_self\" href=\"http:\/\/pedone.info\/livre\/bioethique-et-droit-international-et-europeen-des-droits-de-lhomme\/\"><i class=\"fa-angle-right fas awb-button__icon awb-button__icon--default button-icon-left\" aria-hidden=\"true\"><\/i><span class=\"fusion-button-text awb-button__text awb-button__text--default\">Consulta<\/span><\/a><\/div><div class=\"fusion-text fusion-text-6\"><h3 class=\"section-subtitle-txt\" style=\"font-size: 24px; color: var(--awb-color6);\" data-fusion-font=\"true\">Ludovic PAILLER<\/h3>\n<p>Le respect de la Charte des droits fondamentaux de l&#8217;Union Europ\u00e9enne dans l&#8217;espace judiciaire europ\u00e9en en mati\u00e8re civile et commerciale, Par\u00eds Pedone, 2017 reedici\u00f3n en 2022<\/p>\n<\/div><div ><a class=\"fusion-button button-flat fusion-button-default-size button-custom fusion-button-default button-6 fusion-button-default-span fusion-button-default-type fusion-has-button-gradient\" style=\"--button_accent_color:var(--awb-color5);--button_border_color:var(--awb-color5);--button_accent_hover_color:var(--awb-color4);--button_border_hover_color:var(--awb-color1);--button_gradient_top_color:rgba(232,232,232,0);--button_gradient_bottom_color:rgba(255,255,255,0);--button_gradient_top_color_hover:hsla(var(--awb-color2-h),calc(var(--awb-color2-s) - 5%),calc(var(--awb-color2-l) - 10%),var(--awb-color2-a));--button_gradient_bottom_color_hover:hsla(var(--awb-color2-h),calc(var(--awb-color2-s) - 5%),calc(var(--awb-color2-l) - 10%),var(--awb-color2-a));--button_text_transform:none;\" target=\"_self\" href=\"http:\/\/pedone.info\/livre\/le-respect-de-la-charte-des-droits-fondamentaux-de-lunion-europeenne-dans-lespace-judiciaire-europeen-en-matiere-civile-et-commerciale\/\"><i class=\"fa-angle-right fas awb-button__icon awb-button__icon--default button-icon-left\" aria-hidden=\"true\"><\/i><span class=\"fusion-button-text awb-button__text awb-button__text--default\">Consulta<\/span><\/a><\/div><div class=\"fusion-text fusion-text-7\"><h3 class=\"section-subtitle-txt\" style=\"font-size: 24px; color: var(--awb-color6);\" data-fusion-font=\"true\">Walid BEN HAMIDA y Fr\u00e9d\u00e9rique COUL\u00c9E<\/h3>\n<p>Convergences et contradictions du droit des investissements et des droits de l&#8217;homme : Une approche contentieuse, Par\u00eds, Pedone, 2017<\/p>\n<\/div><div ><a class=\"fusion-button button-flat fusion-button-default-size button-custom fusion-button-default button-7 fusion-button-default-span fusion-button-default-type fusion-has-button-gradient\" style=\"--button_accent_color:var(--awb-color5);--button_border_color:var(--awb-color5);--button_accent_hover_color:var(--awb-color4);--button_border_hover_color:var(--awb-color1);--button_gradient_top_color:rgba(232,232,232,0);--button_gradient_bottom_color:rgba(255,255,255,0);--button_gradient_top_color_hover:hsla(var(--awb-color2-h),calc(var(--awb-color2-s) - 5%),calc(var(--awb-color2-l) - 10%),var(--awb-color2-a));--button_gradient_bottom_color_hover:hsla(var(--awb-color2-h),calc(var(--awb-color2-s) - 5%),calc(var(--awb-color2-l) - 10%),var(--awb-color2-a));--button_text_transform:none;\" target=\"_self\" href=\"https:\/\/pedone.info\/livre\/convergences-et-contradictions-du-droit-des-investissements-et-des-droits-de-lhomme-une-approche-contentieuse\/\"><i class=\"fa-angle-right fas awb-button__icon awb-button__icon--default button-icon-left\" aria-hidden=\"true\"><\/i><span class=\"fusion-button-text awb-button__text awb-button__text--default\">Consulta<\/span><\/a><\/div><div class=\"fusion-text fusion-text-8\"><h3 class=\"section-subtitle-txt\" style=\"font-size: 24px; color: var(--awb-color6);\" data-fusion-font=\"true\">Pauline LESAFFRE<\/h3>\n<p>Le choix subjectif de mort dans le droit europ\u00e9en des droits de l&#8217;homme &#8211; Etude critique du contentieux strasbourgeois, Par\u00eds, Pedone, 2017<\/p>\n<\/div><\/div><\/div><div class=\"fusion-layout-column fusion_builder_column fusion-builder-column-3 fusion_builder_column_1_1 1_1 fusion-flex-column\" style=\"--awb-bg-size:cover;--awb-width-large:100%;--awb-margin-top-large:0px;--awb-spacing-right-large:1.92%;--awb-margin-bottom-large:0px;--awb-spacing-left-large:1.92%;--awb-width-medium:100%;--awb-spacing-right-medium:1.92%;--awb-spacing-left-medium:1.92%;--awb-width-small:100%;--awb-spacing-right-small:1.92%;--awb-spacing-left-small:1.92%;\"><div class=\"fusion-column-wrapper fusion-flex-justify-content-flex-start fusion-content-layout-column\"><div class=\"fusion-text fusion-text-9\"><p>[\/fusion_accordion]<\/p>\n<\/div><\/div><\/div><\/div><\/div>\n","protected":false},"excerpt":{"rendered":"","protected":false},"author":1,"featured_media":0,"parent":4589,"menu_order":0,"comment_status":"closed","ping_status":"closed","template":"100-width.php","meta":{"footnotes":""},"class_list":["post-5095","page","type-page","status-publish","hentry"],"yoast_head":"<!-- This site is optimized with the Yoast SEO plugin v27.5 - https:\/\/yoast.com\/product\/yoast-seo-wordpress\/ -->\n<title>Publicaciones - Fondation Ren\u00e9 CASSIN<\/title>\n<meta name=\"robots\" content=\"index, follow, max-snippet:-1, max-image-preview:large, max-video-preview:-1\" \/>\n<link rel=\"canonical\" href=\"https:\/\/www.iidh.org\/es\/busca-en\/publicaciones\/\" \/>\n<meta property=\"og:locale\" content=\"es_ES\" \/>\n<meta property=\"og:type\" content=\"article\" \/>\n<meta property=\"og:title\" content=\"Publicaciones - Fondation Ren\u00e9 CASSIN\" \/>\n<meta property=\"og:url\" content=\"https:\/\/www.iidh.org\/es\/busca-en\/publicaciones\/\" \/>\n<meta property=\"og:site_name\" content=\"Fondation Ren\u00e9 CASSIN\" \/>\n<meta property=\"article:publisher\" content=\"https:\/\/www.facebook.com\/FondationReneCassin\/\" \/>\n<meta property=\"article:modified_time\" content=\"2025-12-22T10:32:15+00:00\" \/>\n<meta property=\"og:image\" content=\"https:\/\/www.iidh.org\/wp-content\/uploads\/2024\/10\/vignette-iidh.jpg\" \/>\n\t<meta property=\"og:image:width\" content=\"1200\" \/>\n\t<meta property=\"og:image:height\" content=\"675\" \/>\n\t<meta property=\"og:image:type\" content=\"image\/jpeg\" \/>\n<meta name=\"twitter:card\" content=\"summary_large_image\" \/>\n<meta name=\"twitter:site\" content=\"@IIDHStrasbourg\" \/>\n<meta name=\"twitter:label1\" content=\"Tiempo de lectura\" \/>\n\t<meta name=\"twitter:data1\" content=\"11 minutos\" \/>\n<script type=\"application\/ld+json\" class=\"yoast-schema-graph\">{\"@context\":\"https:\\\/\\\/schema.org\",\"@graph\":[{\"@type\":\"WebPage\",\"@id\":\"https:\\\/\\\/www.iidh.org\\\/es\\\/busca-en\\\/publicaciones\\\/\",\"url\":\"https:\\\/\\\/www.iidh.org\\\/es\\\/busca-en\\\/publicaciones\\\/\",\"name\":\"Publicaciones - Fondation Ren\u00e9 CASSIN\",\"isPartOf\":{\"@id\":\"https:\\\/\\\/www.iidh.org\\\/es\\\/#website\"},\"datePublished\":\"2024-10-01T14:34:40+00:00\",\"dateModified\":\"2025-12-22T10:32:15+00:00\",\"breadcrumb\":{\"@id\":\"https:\\\/\\\/www.iidh.org\\\/es\\\/busca-en\\\/publicaciones\\\/#breadcrumb\"},\"inLanguage\":\"es\",\"potentialAction\":[{\"@type\":\"ReadAction\",\"target\":[\"https:\\\/\\\/www.iidh.org\\\/es\\\/busca-en\\\/publicaciones\\\/\"]}]},{\"@type\":\"BreadcrumbList\",\"@id\":\"https:\\\/\\\/www.iidh.org\\\/es\\\/busca-en\\\/publicaciones\\\/#breadcrumb\",\"itemListElement\":[{\"@type\":\"ListItem\",\"position\":1,\"name\":\"Accueil\",\"item\":\"https:\\\/\\\/www.iidh.org\\\/es\\\/\"},{\"@type\":\"ListItem\",\"position\":2,\"name\":\"Busca en\",\"item\":\"https:\\\/\\\/www.iidh.org\\\/es\\\/busca-en\\\/\"},{\"@type\":\"ListItem\",\"position\":3,\"name\":\"Publicaciones\"}]},{\"@type\":\"WebSite\",\"@id\":\"https:\\\/\\\/www.iidh.org\\\/es\\\/#website\",\"url\":\"https:\\\/\\\/www.iidh.org\\\/es\\\/\",\"name\":\"Fondation Ren\u00e9 CASSIN\",\"description\":\"\",\"publisher\":{\"@id\":\"https:\\\/\\\/www.iidh.org\\\/es\\\/#organization\"},\"potentialAction\":[{\"@type\":\"SearchAction\",\"target\":{\"@type\":\"EntryPoint\",\"urlTemplate\":\"https:\\\/\\\/www.iidh.org\\\/es\\\/?s={search_term_string}\"},\"query-input\":{\"@type\":\"PropertyValueSpecification\",\"valueRequired\":true,\"valueName\":\"search_term_string\"}}],\"inLanguage\":\"es\"},{\"@type\":\"Organization\",\"@id\":\"https:\\\/\\\/www.iidh.org\\\/es\\\/#organization\",\"name\":\"Fondation Ren\u00e9 CASSIN\",\"url\":\"https:\\\/\\\/www.iidh.org\\\/es\\\/\",\"logo\":{\"@type\":\"ImageObject\",\"inLanguage\":\"es\",\"@id\":\"https:\\\/\\\/www.iidh.org\\\/es\\\/#\\\/schema\\\/logo\\\/image\\\/\",\"url\":\"https:\\\/\\\/www.iidh.org\\\/wp-content\\\/uploads\\\/2024\\\/09\\\/LOGO_FRC-rouge.svg\",\"contentUrl\":\"https:\\\/\\\/www.iidh.org\\\/wp-content\\\/uploads\\\/2024\\\/09\\\/LOGO_FRC-rouge.svg\",\"width\":699,\"height\":221,\"caption\":\"Fondation Ren\u00e9 CASSIN\"},\"image\":{\"@id\":\"https:\\\/\\\/www.iidh.org\\\/es\\\/#\\\/schema\\\/logo\\\/image\\\/\"},\"sameAs\":[\"https:\\\/\\\/www.facebook.com\\\/FondationReneCassin\\\/\",\"https:\\\/\\\/x.com\\\/IIDHStrasbourg\",\"https:\\\/\\\/www.instagram.com\\\/fondationrenecassin\\\/\"]}]}<\/script>\n<!-- \/ Yoast SEO plugin. -->","yoast_head_json":{"title":"Publicaciones - Fondation Ren\u00e9 CASSIN","robots":{"index":"index","follow":"follow","max-snippet":"max-snippet:-1","max-image-preview":"max-image-preview:large","max-video-preview":"max-video-preview:-1"},"canonical":"https:\/\/www.iidh.org\/es\/busca-en\/publicaciones\/","og_locale":"es_ES","og_type":"article","og_title":"Publicaciones - Fondation Ren\u00e9 CASSIN","og_url":"https:\/\/www.iidh.org\/es\/busca-en\/publicaciones\/","og_site_name":"Fondation Ren\u00e9 CASSIN","article_publisher":"https:\/\/www.facebook.com\/FondationReneCassin\/","article_modified_time":"2025-12-22T10:32:15+00:00","og_image":[{"width":1200,"height":675,"url":"https:\/\/www.iidh.org\/wp-content\/uploads\/2024\/10\/vignette-iidh.jpg","type":"image\/jpeg"}],"twitter_card":"summary_large_image","twitter_site":"@IIDHStrasbourg","twitter_misc":{"Tiempo de lectura":"11 minutos"},"schema":{"@context":"https:\/\/schema.org","@graph":[{"@type":"WebPage","@id":"https:\/\/www.iidh.org\/es\/busca-en\/publicaciones\/","url":"https:\/\/www.iidh.org\/es\/busca-en\/publicaciones\/","name":"Publicaciones - Fondation Ren\u00e9 CASSIN","isPartOf":{"@id":"https:\/\/www.iidh.org\/es\/#website"},"datePublished":"2024-10-01T14:34:40+00:00","dateModified":"2025-12-22T10:32:15+00:00","breadcrumb":{"@id":"https:\/\/www.iidh.org\/es\/busca-en\/publicaciones\/#breadcrumb"},"inLanguage":"es","potentialAction":[{"@type":"ReadAction","target":["https:\/\/www.iidh.org\/es\/busca-en\/publicaciones\/"]}]},{"@type":"BreadcrumbList","@id":"https:\/\/www.iidh.org\/es\/busca-en\/publicaciones\/#breadcrumb","itemListElement":[{"@type":"ListItem","position":1,"name":"Accueil","item":"https:\/\/www.iidh.org\/es\/"},{"@type":"ListItem","position":2,"name":"Busca en","item":"https:\/\/www.iidh.org\/es\/busca-en\/"},{"@type":"ListItem","position":3,"name":"Publicaciones"}]},{"@type":"WebSite","@id":"https:\/\/www.iidh.org\/es\/#website","url":"https:\/\/www.iidh.org\/es\/","name":"Fondation Ren\u00e9 CASSIN","description":"","publisher":{"@id":"https:\/\/www.iidh.org\/es\/#organization"},"potentialAction":[{"@type":"SearchAction","target":{"@type":"EntryPoint","urlTemplate":"https:\/\/www.iidh.org\/es\/?s={search_term_string}"},"query-input":{"@type":"PropertyValueSpecification","valueRequired":true,"valueName":"search_term_string"}}],"inLanguage":"es"},{"@type":"Organization","@id":"https:\/\/www.iidh.org\/es\/#organization","name":"Fondation Ren\u00e9 CASSIN","url":"https:\/\/www.iidh.org\/es\/","logo":{"@type":"ImageObject","inLanguage":"es","@id":"https:\/\/www.iidh.org\/es\/#\/schema\/logo\/image\/","url":"https:\/\/www.iidh.org\/wp-content\/uploads\/2024\/09\/LOGO_FRC-rouge.svg","contentUrl":"https:\/\/www.iidh.org\/wp-content\/uploads\/2024\/09\/LOGO_FRC-rouge.svg","width":699,"height":221,"caption":"Fondation Ren\u00e9 CASSIN"},"image":{"@id":"https:\/\/www.iidh.org\/es\/#\/schema\/logo\/image\/"},"sameAs":["https:\/\/www.facebook.com\/FondationReneCassin\/","https:\/\/x.com\/IIDHStrasbourg","https:\/\/www.instagram.com\/fondationrenecassin\/"]}]}},"_links":{"self":[{"href":"https:\/\/www.iidh.org\/es\/wp-json\/wp\/v2\/pages\/5095","targetHints":{"allow":["GET"]}}],"collection":[{"href":"https:\/\/www.iidh.org\/es\/wp-json\/wp\/v2\/pages"}],"about":[{"href":"https:\/\/www.iidh.org\/es\/wp-json\/wp\/v2\/types\/page"}],"author":[{"embeddable":true,"href":"https:\/\/www.iidh.org\/es\/wp-json\/wp\/v2\/users\/1"}],"replies":[{"embeddable":true,"href":"https:\/\/www.iidh.org\/es\/wp-json\/wp\/v2\/comments?post=5095"}],"version-history":[{"count":7,"href":"https:\/\/www.iidh.org\/es\/wp-json\/wp\/v2\/pages\/5095\/revisions"}],"predecessor-version":[{"id":6902,"href":"https:\/\/www.iidh.org\/es\/wp-json\/wp\/v2\/pages\/5095\/revisions\/6902"}],"up":[{"embeddable":true,"href":"https:\/\/www.iidh.org\/es\/wp-json\/wp\/v2\/pages\/4589"}],"wp:attachment":[{"href":"https:\/\/www.iidh.org\/es\/wp-json\/wp\/v2\/media?parent=5095"}],"curies":[{"name":"wp","href":"https:\/\/api.w.org\/{rel}","templated":true}]}}