{"id":5140,"date":"2024-10-01T10:53:59","date_gmt":"2024-10-01T08:53:59","guid":{"rendered":"https:\/\/www.iidh.org\/gobernanza\/"},"modified":"2024-10-10T16:33:01","modified_gmt":"2024-10-10T14:33:01","slug":"gobernanza","status":"publish","type":"page","link":"https:\/\/www.iidh.org\/es\/fundacion\/gobernanza\/","title":{"rendered":"Gobernanza"},"content":{"rendered":"<p><div class=\"fusion-fullwidth fullwidth-box fusion-builder-row-1 fusion-flex-container has-pattern-background has-mask-background nonhundred-percent-fullwidth non-hundred-percent-height-scrolling\" style=\"--awb-border-radius-top-left:0px;--awb-border-radius-top-right:0px;--awb-border-radius-bottom-right:0px;--awb-border-radius-bottom-left:0px;--awb-flex-wrap:wrap;\" ><div class=\"fusion-builder-row fusion-row fusion-flex-align-items-flex-start fusion-flex-content-wrap\" style=\"max-width:1248px;margin-left: calc(-4% \/ 2 );margin-right: calc(-4% \/ 2 );\"><div class=\"fusion-layout-column fusion_builder_column fusion-builder-column-0 fusion_builder_column_1_1 1_1 fusion-flex-column\" style=\"--awb-bg-size:cover;--awb-width-large:100%;--awb-margin-top-large:0px;--awb-spacing-right-large:1.92%;--awb-margin-bottom-large:0px;--awb-spacing-left-large:1.92%;--awb-width-medium:100%;--awb-order-medium:0;--awb-spacing-right-medium:1.92%;--awb-spacing-left-medium:1.92%;--awb-width-small:100%;--awb-order-small:0;--awb-spacing-right-small:1.92%;--awb-spacing-left-small:1.92%;\"><div class=\"fusion-column-wrapper fusion-column-has-shadow fusion-flex-justify-content-flex-start fusion-content-layout-column\"><div class=\"fusion-title title fusion-title-1 fusion-sep-none fusion-title-text fusion-title-size-two\" style=\"--awb-text-color:var(--awb-color5);--awb-margin-top-small:10px;--awb-margin-right-small:0px;--awb-margin-bottom-small:10px;--awb-margin-left-small:0px;\"><h2 class=\"fusion-title-heading title-heading-left fusion-responsive-typography-calculated\" style=\"margin:0;--fontSize:42;line-height:var(--awb-typography1-line-height);\">La oficina<\/h2><\/div><\/div><\/div><div class=\"fusion-layout-column fusion_builder_column fusion-builder-column-1 fusion_builder_column_3_4 3_4 fusion-flex-column\" style=\"--awb-bg-size:cover;--awb-width-large:75%;--awb-margin-top-large:0px;--awb-spacing-right-large:2.56%;--awb-margin-bottom-large:0px;--awb-spacing-left-large:2.56%;--awb-width-medium:75%;--awb-order-medium:0;--awb-spacing-right-medium:2.56%;--awb-spacing-left-medium:2.56%;--awb-width-small:100%;--awb-order-small:0;--awb-spacing-right-small:1.92%;--awb-spacing-left-small:1.92%;\"><div class=\"fusion-column-wrapper fusion-column-has-shadow fusion-flex-justify-content-flex-start fusion-content-layout-column\"><div class=\"fusion-text fusion-text-1\"><h3>Emmanuel DECAUX,<em> Presidente<\/em><\/h3>\n<ul>\n<li>Profesor em\u00e9rito de Derecho P\u00fablico en la Universidad de Par\u00eds Panth\u00e9on-Assas<\/li>\n<li>Presidente del Tribunal de Conciliaci\u00f3n y Arbitraje de la OSCE<\/li>\n<\/ul>\n<\/div><\/div><\/div><div class=\"fusion-layout-column fusion_builder_column fusion-builder-column-2 fusion_builder_column_3_4 3_4 fusion-flex-column\" style=\"--awb-bg-size:cover;--awb-width-large:75%;--awb-margin-top-large:0px;--awb-spacing-right-large:2.56%;--awb-margin-bottom-large:0px;--awb-spacing-left-large:2.56%;--awb-width-medium:75%;--awb-order-medium:0;--awb-spacing-right-medium:2.56%;--awb-spacing-left-medium:2.56%;--awb-width-small:100%;--awb-order-small:0;--awb-spacing-right-small:1.92%;--awb-spacing-left-small:1.92%;\"><div class=\"fusion-column-wrapper fusion-column-has-shadow fusion-flex-justify-content-flex-start fusion-content-layout-column\"><div class=\"fusion-text fusion-text-2\"><h3>Dani\u00e8le ALEXANDRE, <em>Vicepresidenta<\/em><\/h3>\n<ul>\n<li>Profesor Em\u00e9rito de Derecho Privado en la Universidad de Estrasburgo<\/li>\n<li>Caballero de la Legi\u00f3n de Honor y Comendador de la Orden de las Palmas Acad\u00e9micas<\/li>\n<\/ul>\n<\/div><\/div><\/div><div class=\"fusion-layout-column fusion_builder_column fusion-builder-column-3 fusion_builder_column_3_4 3_4 fusion-flex-column\" style=\"--awb-bg-size:cover;--awb-width-large:75%;--awb-margin-top-large:0px;--awb-spacing-right-large:2.56%;--awb-margin-bottom-large:0px;--awb-spacing-left-large:2.56%;--awb-width-medium:75%;--awb-order-medium:0;--awb-spacing-right-medium:2.56%;--awb-spacing-left-medium:2.56%;--awb-width-small:100%;--awb-order-small:0;--awb-spacing-right-small:1.92%;--awb-spacing-left-small:1.92%;\"><div class=\"fusion-column-wrapper fusion-column-has-shadow fusion-flex-justify-content-flex-start fusion-content-layout-column\"><div class=\"fusion-text fusion-text-3\"><h3>Luis JIMENA QUESADA, <em>Secretario General<\/em><\/h3>\n<ul>\n<li>Catedr\u00e1tico de Derecho Constitucional de la Universidad de Valencia<\/li>\n<li>Magistrado suplente del Tribunal Supremo de la Comunidad Valenciana<\/li>\n<\/ul>\n<\/div><\/div><\/div><div class=\"fusion-layout-column fusion_builder_column fusion-builder-column-4 fusion_builder_column_3_4 3_4 fusion-flex-column\" style=\"--awb-bg-size:cover;--awb-width-large:75%;--awb-margin-top-large:0px;--awb-spacing-right-large:2.56%;--awb-margin-bottom-large:0px;--awb-spacing-left-large:2.56%;--awb-width-medium:75%;--awb-order-medium:0;--awb-spacing-right-medium:2.56%;--awb-spacing-left-medium:2.56%;--awb-width-small:100%;--awb-order-small:0;--awb-spacing-right-small:1.92%;--awb-spacing-left-small:1.92%;\"><div class=\"fusion-column-wrapper fusion-column-has-shadow fusion-flex-justify-content-flex-start fusion-content-layout-column\"><div class=\"fusion-text fusion-text-4\"><h3>Jacqueline FLAUSS, <em>Tesorera<\/em><\/h3>\n<ul>\n<li>Profesor Em\u00e9rito de Derecho Privado en la Universidad de Picard\u00eda Julio Verne<\/li>\n<li>Caballero de la Legi\u00f3n de Honor y de la Orden de las Palmas Acad\u00e9micas<\/li>\n<li>Presidente de la Asociaci\u00f3n de Amigos de la Fundaci\u00f3n Ren\u00e9 Cassin<\/li>\n<\/ul>\n<\/div><\/div><\/div><\/div><\/div><div class=\"fusion-fullwidth fullwidth-box fusion-builder-row-2 fusion-flex-container has-pattern-background has-mask-background nonhundred-percent-fullwidth non-hundred-percent-height-scrolling\" style=\"--awb-border-radius-top-left:0px;--awb-border-radius-top-right:0px;--awb-border-radius-bottom-right:0px;--awb-border-radius-bottom-left:0px;--awb-margin-top:45px;--awb-flex-wrap:wrap;\" ><div class=\"fusion-builder-row fusion-row fusion-flex-align-items-flex-start fusion-flex-content-wrap\" style=\"max-width:1248px;margin-left: calc(-4% \/ 2 );margin-right: calc(-4% \/ 2 );\"><div class=\"fusion-layout-column fusion_builder_column fusion-builder-column-5 fusion_builder_column_1_1 1_1 fusion-flex-column\" style=\"--awb-bg-size:cover;--awb-width-large:100%;--awb-margin-top-large:0px;--awb-spacing-right-large:1.92%;--awb-margin-bottom-large:0px;--awb-spacing-left-large:1.92%;--awb-width-medium:100%;--awb-order-medium:0;--awb-spacing-right-medium:1.92%;--awb-spacing-left-medium:1.92%;--awb-width-small:100%;--awb-order-small:0;--awb-spacing-right-small:1.92%;--awb-spacing-left-small:1.92%;\"><div class=\"fusion-column-wrapper fusion-column-has-shadow fusion-flex-justify-content-flex-start fusion-content-layout-column\"><div class=\"fusion-title title fusion-title-2 fusion-sep-none fusion-title-text fusion-title-size-two\" style=\"--awb-text-color:var(--awb-color5);--awb-margin-top-small:10px;--awb-margin-right-small:0px;--awb-margin-bottom-small:10px;--awb-margin-left-small:0px;\"><h2 class=\"fusion-title-heading title-heading-left fusion-responsive-typography-calculated\" style=\"margin:0;--fontSize:42;line-height:var(--awb-typography1-line-height);\">Consejo de Administraci\u00f3n: 15 miembros en representaci\u00f3n de 5 facultades<\/h2><\/div><\/div><\/div><div class=\"fusion-layout-column fusion_builder_column fusion-builder-column-6 fusion_builder_column_3_4 3_4 fusion-flex-column\" style=\"--awb-bg-size:cover;--awb-width-large:75%;--awb-margin-top-large:0px;--awb-spacing-right-large:2.56%;--awb-margin-bottom-large:0px;--awb-spacing-left-large:2.56%;--awb-width-medium:75%;--awb-order-medium:0;--awb-spacing-right-medium:2.56%;--awb-spacing-left-medium:2.56%;--awb-width-small:100%;--awb-order-small:0;--awb-spacing-right-small:1.92%;--awb-spacing-left-small:1.92%;\"><div class=\"fusion-column-wrapper fusion-column-has-shadow fusion-flex-justify-content-flex-start fusion-content-layout-column\"><div class=\"fusion-text fusion-text-5\" style=\"--awb-content-alignment:justify;\"><h3>Un colegio de dos miembros fundadores:<\/h3>\n<ul>\n<li>Instituto Internacional de Derechos Humanos<\/li>\n<li>La ciudad de Estrasburgo<\/li>\n<\/ul>\n<h3>Un colegio de cinco miembros natos:<\/h3>\n<ul>\n<li>El Ministro del Interior<\/li>\n<li>El Ministro de Europa y Asuntos Exteriores<\/li>\n<li>El Ministro de Justicia<\/li>\n<li>El Ministro de Ense\u00f1anza Superior e Investigaci\u00f3n<\/li>\n<li>Regi\u00f3n del Gran Este<\/li>\n<\/ul>\n<h3>Un colegio de cinco personalidades cualificadas:<\/h3>\n<ul>\n<li>Emmanuel DECAUX<\/li>\n<li>Luis JIMENA QUESADA<\/li>\n<li>Laurence BURGORGUE-LARSEN<\/li>\n<li>Christophe DARBOIS<\/li>\n<li>Michel DE SALVIA<\/li>\n<\/ul>\n<h3>Un colegio de empleados :<\/h3>\n<ul>\n<li>Kathy BINGLER<\/li>\n<\/ul>\n<h3>Un colegio de dos miembros de la Asociaci\u00f3n de Amigos de la Fundaci\u00f3n Ren\u00e9 Cassin:<\/h3>\n<ul>\n<li>Jacqueline FLAUSS<\/li>\n<li>Mustapha AFROUKH<\/li>\n<\/ul>\n<\/div><\/div><\/div><\/div><\/div><div class=\"fusion-fullwidth fullwidth-box fusion-builder-row-3 fusion-flex-container has-pattern-background has-mask-background nonhundred-percent-fullwidth non-hundred-percent-height-scrolling\" style=\"--awb-border-radius-top-left:0px;--awb-border-radius-top-right:0px;--awb-border-radius-bottom-right:0px;--awb-border-radius-bottom-left:0px;--awb-margin-top:45px;--awb-flex-wrap:wrap;\" ><div class=\"fusion-builder-row fusion-row fusion-flex-align-items-flex-start fusion-flex-content-wrap\" style=\"max-width:1248px;margin-left: calc(-4% \/ 2 );margin-right: calc(-4% \/ 2 );\"><div class=\"fusion-layout-column fusion_builder_column fusion-builder-column-7 fusion_builder_column_1_1 1_1 fusion-flex-column\" style=\"--awb-bg-size:cover;--awb-width-large:100%;--awb-margin-top-large:0px;--awb-spacing-right-large:1.92%;--awb-margin-bottom-large:0px;--awb-spacing-left-large:1.92%;--awb-width-medium:100%;--awb-order-medium:0;--awb-spacing-right-medium:1.92%;--awb-spacing-left-medium:1.92%;--awb-width-small:100%;--awb-order-small:0;--awb-spacing-right-small:1.92%;--awb-spacing-left-small:1.92%;\"><div class=\"fusion-column-wrapper fusion-column-has-shadow fusion-flex-justify-content-flex-start fusion-content-layout-column\"><div class=\"fusion-title title fusion-title-3 fusion-sep-none fusion-title-text fusion-title-size-two\" style=\"--awb-text-color:var(--awb-color5);--awb-margin-top-small:10px;--awb-margin-right-small:0px;--awb-margin-bottom-small:10px;--awb-margin-left-small:0px;\"><h2 class=\"fusion-title-heading title-heading-left fusion-responsive-typography-calculated\" style=\"margin:0;--fontSize:42;line-height:var(--awb-typography1-line-height);\">Comit\u00e9 Cient\u00edfico<\/h2><\/div><\/div><\/div><div class=\"fusion-layout-column fusion_builder_column fusion-builder-column-8 fusion_builder_column_3_4 3_4 fusion-flex-column\" style=\"--awb-bg-size:cover;--awb-width-large:75%;--awb-margin-top-large:0px;--awb-spacing-right-large:2.56%;--awb-margin-bottom-large:0px;--awb-spacing-left-large:2.56%;--awb-width-medium:75%;--awb-order-medium:0;--awb-spacing-right-medium:2.56%;--awb-spacing-left-medium:2.56%;--awb-width-small:100%;--awb-order-small:0;--awb-spacing-right-small:1.92%;--awb-spacing-left-small:1.92%;\"><div class=\"fusion-column-wrapper fusion-column-has-shadow fusion-flex-justify-content-flex-start fusion-content-layout-column\"><div class=\"fusion-text fusion-text-6\"><p>Este comit\u00e9 internacional emite dict\u00e1menes y recomendaciones sobre los proyectos de la Fundaci\u00f3n. Su funci\u00f3n es validar la pertinencia cient\u00edfica de las sesiones de formaci\u00f3n y los actos acad\u00e9micos y sugerir orientaciones de investigaci\u00f3n. <\/p>\n<p>&nbsp;<\/p>\n<h3><img decoding=\"async\" class=\"drapeau size-medium wp-image-8669 alignleft entered lazyloaded\" src=\"https:\/\/www.iidh.org\/wp-content\/uploads\/2022\/10\/argentina-300x300.png\" sizes=\"(max-width: 300px) 100vw, 300px\" srcset=\"https:\/\/www.iidh.org\/wp-content\/webp-express\/webp-images\/uploads\/2022\/10\/argentina-300x300.png.webp 300w, https:\/\/www.iidh.org\/wp-content\/webp-express\/webp-images\/uploads\/2022\/10\/argentina-150x150.png.webp 150w, https:\/\/www.iidh.org\/wp-content\/webp-express\/webp-images\/uploads\/2022\/10\/argentina-100x100.png.webp 100w, https:\/\/www.iidh.org\/wp-content\/webp-express\/webp-images\/uploads\/2022\/10\/argentina.png.webp 512w\" alt=\"\" width=\"30\" height=\"30\" data-lazy-srcset=\"https:\/\/www.iidh.org\/wp-content\/webp-express\/webp-images\/uploads\/2022\/10\/argentina-300x300.png.webp 300w, https:\/\/www.iidh.org\/wp-content\/webp-express\/webp-images\/uploads\/2022\/10\/argentina-150x150.png.webp 150w, https:\/\/www.iidh.org\/wp-content\/webp-express\/webp-images\/uploads\/2022\/10\/argentina-100x100.png.webp 100w, https:\/\/www.iidh.org\/wp-content\/webp-express\/webp-images\/uploads\/2022\/10\/argentina.png.webp 512w\" data-lazy-sizes=\"(max-width: 300px) 100vw, 300px\" data-lazy-src=\"\/wp-content\/uploads\/2022\/10\/argentina-300x300.png\" data-ll-status=\"loaded\"><strong>Emiliano J. BUIS<em>(Argentina)<\/em><\/strong><\/h3>\n<ul>\n<li>Profesor de Derecho Internacional P\u00fablico, Derecho Internacional Humanitario y Derecho del Desarme, de la No Proliferaci\u00f3n y del Control de Armamentos en la Facultad de Derecho de la Universidad de Buenos Aires (UBA).<\/li>\n<li>Subdirector de la Maestr\u00eda en Relaciones Internacionales de la Universidad de Buenos Aires (UBA)<\/li>\n<\/ul>\n<h3><img decoding=\"async\" class=\"drapeau alignnone size-medium wp-image-8681 entered lazyloaded\" src=\"https:\/\/www.iidh.org\/wp-content\/uploads\/2022\/10\/tunisia-300x300.png\" sizes=\"(max-width: 300px) 100vw, 300px\" srcset=\"https:\/\/www.iidh.org\/wp-content\/webp-express\/webp-images\/uploads\/2022\/10\/tunisia-300x300.png.webp 300w, https:\/\/www.iidh.org\/wp-content\/webp-express\/webp-images\/uploads\/2022\/10\/tunisia-150x150.png.webp 150w, https:\/\/www.iidh.org\/wp-content\/webp-express\/webp-images\/uploads\/2022\/10\/tunisia-100x100.png.webp 100w, https:\/\/www.iidh.org\/wp-content\/webp-express\/webp-images\/uploads\/2022\/10\/tunisia.png.webp 512w\" alt=\"\" width=\"30\" height=\"30\" data-lazy-srcset=\"https:\/\/www.iidh.org\/wp-content\/webp-express\/webp-images\/uploads\/2022\/10\/tunisia-300x300.png.webp 300w, https:\/\/www.iidh.org\/wp-content\/webp-express\/webp-images\/uploads\/2022\/10\/tunisia-150x150.png.webp 150w, https:\/\/www.iidh.org\/wp-content\/webp-express\/webp-images\/uploads\/2022\/10\/tunisia-100x100.png.webp 100w, https:\/\/www.iidh.org\/wp-content\/webp-express\/webp-images\/uploads\/2022\/10\/tunisia.png.webp 512w\" data-lazy-sizes=\"(max-width: 300px) 100vw, 300px\" data-lazy-src=\"\/wp-content\/uploads\/2022\/10\/tunisia-300x300.png\" data-ll-status=\"loaded\"> <strong> &nbsp; Hajer GUELDICH<\/strong> <strong><em>(T\u00fanez<\/em>)<\/strong><\/h3>\n<ul>\n<li>Profesor Asociado de Derecho Internacional P\u00fablico en la Universidad de Cartago,<\/li>\n<li>Presidente de la Comisi\u00f3n de Derecho Internacional de la Uni\u00f3n Africana (CUADI)<\/li>\n<\/ul>\n<h3><img decoding=\"async\" class=\"drapeau alignnone size-medium wp-image-8684 entered lazyloaded\" src=\"https:\/\/www.iidh.org\/wp-content\/uploads\/2022\/10\/burkina-faso-300x300.png\" sizes=\"(max-width: 300px) 100vw, 300px\" srcset=\"https:\/\/www.iidh.org\/wp-content\/webp-express\/webp-images\/uploads\/2022\/10\/burkina-faso-300x300.png.webp 300w, https:\/\/www.iidh.org\/wp-content\/webp-express\/webp-images\/uploads\/2022\/10\/burkina-faso-150x150.png.webp 150w, https:\/\/www.iidh.org\/wp-content\/webp-express\/webp-images\/uploads\/2022\/10\/burkina-faso-100x100.png.webp 100w, https:\/\/www.iidh.org\/wp-content\/webp-express\/webp-images\/uploads\/2022\/10\/burkina-faso.png.webp 512w\" alt=\"\" width=\"30\" height=\"30\" data-lazy-srcset=\"https:\/\/www.iidh.org\/wp-content\/webp-express\/webp-images\/uploads\/2022\/10\/burkina-faso-300x300.png.webp 300w, https:\/\/www.iidh.org\/wp-content\/webp-express\/webp-images\/uploads\/2022\/10\/burkina-faso-150x150.png.webp 150w, https:\/\/www.iidh.org\/wp-content\/webp-express\/webp-images\/uploads\/2022\/10\/burkina-faso-100x100.png.webp 100w, https:\/\/www.iidh.org\/wp-content\/webp-express\/webp-images\/uploads\/2022\/10\/burkina-faso.png.webp 512w\" data-lazy-sizes=\"(max-width: 300px) 100vw, 300px\" data-lazy-src=\"\/wp-content\/uploads\/2022\/10\/burkina-faso-300x300.png\" data-ll-status=\"loaded\"> <strong> &nbsp; Awalou OUEDRAOGO<\/strong> <em><strong>(Burkina Faso)<\/strong><\/em><\/h3>\n<ul>\n<li>Profesora Asociada y Presidenta del Departamento de Derechos Humanos y Estudios de Equidad, Universidad de York, Canad\u00e1<\/li>\n<\/ul>\n<h3><img decoding=\"async\" class=\"drapeau alignnone size-medium wp-image-8687 entered lazyloaded\" src=\"https:\/\/www.iidh.org\/wp-content\/uploads\/2022\/10\/thailand-300x300.png\" sizes=\"(max-width: 300px) 100vw, 300px\" srcset=\"https:\/\/www.iidh.org\/wp-content\/webp-express\/webp-images\/uploads\/2022\/10\/thailand-300x300.png.webp 300w, https:\/\/www.iidh.org\/wp-content\/webp-express\/webp-images\/uploads\/2022\/10\/thailand-150x150.png.webp 150w, https:\/\/www.iidh.org\/wp-content\/webp-express\/webp-images\/uploads\/2022\/10\/thailand-100x100.png.webp 100w, https:\/\/www.iidh.org\/wp-content\/webp-express\/webp-images\/uploads\/2022\/10\/thailand.png.webp 512w\" alt=\"\" width=\"30\" height=\"30\" data-lazy-srcset=\"https:\/\/www.iidh.org\/wp-content\/webp-express\/webp-images\/uploads\/2022\/10\/thailand-300x300.png.webp 300w, https:\/\/www.iidh.org\/wp-content\/webp-express\/webp-images\/uploads\/2022\/10\/thailand-150x150.png.webp 150w, https:\/\/www.iidh.org\/wp-content\/webp-express\/webp-images\/uploads\/2022\/10\/thailand-100x100.png.webp 100w, https:\/\/www.iidh.org\/wp-content\/webp-express\/webp-images\/uploads\/2022\/10\/thailand.png.webp 512w\" data-lazy-sizes=\"(max-width: 300px) 100vw, 300px\" data-lazy-src=\"\/wp-content\/uploads\/2022\/10\/thailand-300x300.png\" data-ll-status=\"loaded\"><strong> &nbsp;  Emilie PRADICHIT<em> (Tailandia)<\/em><\/strong><\/h3>\n<ul>\n<li>Abogada internacional de derechos humanos<\/li>\n<li>Experto en mecanismos internacionales de derechos humanos<\/li>\n<\/ul>\n<h3><img decoding=\"async\" class=\"drapeau alignnone size-medium wp-image-8690 entered lazyloaded\" src=\"https:\/\/www.iidh.org\/wp-content\/uploads\/2022\/10\/france-300x300.png\" sizes=\"(max-width: 300px) 100vw, 300px\" srcset=\"https:\/\/www.iidh.org\/wp-content\/webp-express\/webp-images\/uploads\/2022\/10\/france-300x300.png.webp 300w, https:\/\/www.iidh.org\/wp-content\/webp-express\/webp-images\/uploads\/2022\/10\/france-150x150.png.webp 150w, https:\/\/www.iidh.org\/wp-content\/webp-express\/webp-images\/uploads\/2022\/10\/france-100x100.png.webp 100w, https:\/\/www.iidh.org\/wp-content\/webp-express\/webp-images\/uploads\/2022\/10\/france.png.webp 512w\" alt=\"\" width=\"30\" height=\"30\" data-lazy-srcset=\"https:\/\/www.iidh.org\/wp-content\/webp-express\/webp-images\/uploads\/2022\/10\/france-300x300.png.webp 300w, https:\/\/www.iidh.org\/wp-content\/webp-express\/webp-images\/uploads\/2022\/10\/france-150x150.png.webp 150w, https:\/\/www.iidh.org\/wp-content\/webp-express\/webp-images\/uploads\/2022\/10\/france-100x100.png.webp 100w, https:\/\/www.iidh.org\/wp-content\/webp-express\/webp-images\/uploads\/2022\/10\/france.png.webp 512w\" data-lazy-sizes=\"(max-width: 300px) 100vw, 300px\" data-lazy-src=\"\/wp-content\/uploads\/2022\/10\/france-300x300.png\" data-ll-status=\"loaded\"> <strong> &nbsp; Aur\u00e9lia SCHAHMANECHE<\/strong> <em><strong>(Francia)<\/strong><\/em><\/h3>\n<ul>\n<li>Profesora de Derecho P\u00fablico en la Facultad de Derecho Julie-Victoire Daubi\u00e9, Universidad Lumi\u00e8re Lyon 2<\/li>\n<\/ul>\n<\/div><\/div><\/div><\/div><\/div><div class=\"fusion-fullwidth fullwidth-box fusion-builder-row-4 fusion-flex-container has-pattern-background has-mask-background nonhundred-percent-fullwidth non-hundred-percent-height-scrolling\" style=\"--awb-border-radius-top-left:0px;--awb-border-radius-top-right:0px;--awb-border-radius-bottom-right:0px;--awb-border-radius-bottom-left:0px;--awb-margin-top:45px;--awb-flex-wrap:wrap;\" ><div class=\"fusion-builder-row fusion-row fusion-flex-align-items-flex-start fusion-flex-content-wrap\" style=\"max-width:1248px;margin-left: calc(-4% \/ 2 );margin-right: calc(-4% \/ 2 );\"><div class=\"fusion-layout-column fusion_builder_column fusion-builder-column-9 fusion_builder_column_1_1 1_1 fusion-flex-column\" style=\"--awb-bg-size:cover;--awb-width-large:100%;--awb-margin-top-large:0px;--awb-spacing-right-large:1.92%;--awb-margin-bottom-large:0px;--awb-spacing-left-large:1.92%;--awb-width-medium:100%;--awb-order-medium:0;--awb-spacing-right-medium:1.92%;--awb-spacing-left-medium:1.92%;--awb-width-small:100%;--awb-order-small:0;--awb-spacing-right-small:1.92%;--awb-spacing-left-small:1.92%;\"><div class=\"fusion-column-wrapper fusion-column-has-shadow fusion-flex-justify-content-flex-start fusion-content-layout-column\"><div class=\"fusion-title title fusion-title-4 fusion-sep-none fusion-title-text fusion-title-size-two\" style=\"--awb-text-color:var(--awb-color5);--awb-margin-top-small:10px;--awb-margin-right-small:0px;--awb-margin-bottom-small:10px;--awb-margin-left-small:0px;\"><h2 class=\"fusion-title-heading title-heading-left fusion-responsive-typography-calculated\" style=\"margin:0;--fontSize:42;line-height:var(--awb-typography1-line-height);\">El Comit\u00e9 de \u00c9tica<\/h2><\/div><\/div><\/div><div class=\"fusion-layout-column fusion_builder_column fusion-builder-column-10 fusion_builder_column_3_4 3_4 fusion-flex-column\" style=\"--awb-bg-size:cover;--awb-width-large:75%;--awb-margin-top-large:0px;--awb-spacing-right-large:2.56%;--awb-margin-bottom-large:0px;--awb-spacing-left-large:2.56%;--awb-width-medium:75%;--awb-order-medium:0;--awb-spacing-right-medium:2.56%;--awb-spacing-left-medium:2.56%;--awb-width-small:100%;--awb-order-small:0;--awb-spacing-right-small:1.92%;--awb-spacing-left-small:1.92%;\"><div class=\"fusion-column-wrapper fusion-column-has-shadow fusion-flex-justify-content-flex-start fusion-content-layout-column\"><div class=\"fusion-text fusion-text-7\" style=\"--awb-content-alignment:justify;\"><p>&nbsp;Este comit\u00e9 es un \u00f3rgano colegiado encargado espec\u00edficamente de llevar a cabo su propia reflexi\u00f3n y un proceso de revisi\u00f3n cr\u00edtica para emitir dict\u00e1menes y recomendaciones sobre la elecci\u00f3n de socios y patrocinadores, teniendo en cuenta los contextos sociopol\u00edticos y culturales de los pa\u00edses en los que la Fundaci\u00f3n puede intervenir.&nbsp;<\/p>\n<h3>Sr. Adama DIENG<\/h3>\n<ul>\n<li>Asesor Especial de las Naciones Unidas para la Prevenci\u00f3n del Genocidio<\/li>\n<li>Ex Secretario del Tribunal Penal Internacional para Ruanda<\/li>\n<\/ul>\n<h3>Sra. Isil GACHET<\/h3>\n<ul>\n<li>Ex Director de la Oficina del Comisario de Derechos Humanos<\/li>\n<li>Ex Secretario Ejecutivo de la Comisi\u00f3n Europea contra el Racismo y la Intolerancia del Consejo de Europa<\/li>\n<\/ul>\n<h3>Sra. Elisabeth LAURIN<\/h3>\n<ul>\n<li>Ex embajador, ex representante de Francia ante las organizaciones internacionales en Ginebra<\/li>\n<\/ul>\n<h3>Sr. Jean-Baptiste MATTEI<\/h3>\n<ul>\n<li>Consejero de Estado en servicio extraordinario<\/li>\n<li>Ex representante de Francia ante las organizaciones internacionales en Ginebra<\/li>\n<li>Ex Representante Permanente ante el Consejo de Europa<\/li>\n<\/ul>\n<h3>Sr. Christophe PETTITI<\/h3>\n<ul>\n<li>Miembro del Colegio de Abogados de Par\u00eds<\/li>\n<li>Secretario General del Instituto de Derechos Humanos del Colegio de Abogados de Par\u00eds<\/li>\n<li>Vicepresidente del Instituto Europeo de Juristas de Derechos Humanos<\/li>\n<\/ul>\n<h3>Sra. Nicole QUESTIAUX<\/h3>\n<ul>\n<li>Presidente Honorario de Secci\u00f3n del Consejo de Estado<\/li>\n<li>Ex Ministro de Solidaridad Nacional<\/li>\n<li>Ex Presidente de la Comisi\u00f3n Consultiva Nacional de Derechos Humanos<\/li>\n<\/ul>\n<\/div><\/div><\/div><\/div><\/div><div class=\"fusion-fullwidth fullwidth-box fusion-builder-row-5 fusion-flex-container has-pattern-background has-mask-background nonhundred-percent-fullwidth non-hundred-percent-height-scrolling\" style=\"--awb-border-radius-top-left:0px;--awb-border-radius-top-right:0px;--awb-border-radius-bottom-right:0px;--awb-border-radius-bottom-left:0px;--awb-margin-top:45px;--awb-flex-wrap:wrap;\" ><div class=\"fusion-builder-row fusion-row fusion-flex-align-items-flex-start fusion-flex-content-wrap\" style=\"max-width:1248px;margin-left: calc(-4% \/ 2 );margin-right: calc(-4% \/ 2 );\"><div class=\"fusion-layout-column fusion_builder_column fusion-builder-column-11 fusion_builder_column_1_1 1_1 fusion-flex-column\" style=\"--awb-bg-size:cover;--awb-width-large:100%;--awb-margin-top-large:0px;--awb-spacing-right-large:1.92%;--awb-margin-bottom-large:0px;--awb-spacing-left-large:1.92%;--awb-width-medium:100%;--awb-order-medium:0;--awb-spacing-right-medium:1.92%;--awb-spacing-left-medium:1.92%;--awb-width-small:100%;--awb-order-small:0;--awb-spacing-right-small:1.92%;--awb-spacing-left-small:1.92%;\"><div class=\"fusion-column-wrapper fusion-column-has-shadow fusion-flex-justify-content-flex-start fusion-content-layout-column\"><div class=\"fusion-title title fusion-title-5 fusion-sep-none fusion-title-text fusion-title-size-two\" style=\"--awb-text-color:var(--awb-color5);--awb-margin-top-small:10px;--awb-margin-right-small:0px;--awb-margin-bottom-small:10px;--awb-margin-left-small:0px;\"><h2 class=\"fusion-title-heading title-heading-left fusion-responsive-typography-calculated\" style=\"margin:0;--fontSize:42;line-height:var(--awb-typography1-line-height);\">El Comit\u00e9 de Honor<\/h2><\/div><\/div><\/div><div class=\"fusion-layout-column fusion_builder_column fusion-builder-column-12 fusion_builder_column_3_4 3_4 fusion-flex-column\" style=\"--awb-bg-size:cover;--awb-width-large:75%;--awb-margin-top-large:0px;--awb-spacing-right-large:2.56%;--awb-margin-bottom-large:0px;--awb-spacing-left-large:2.56%;--awb-width-medium:75%;--awb-order-medium:0;--awb-spacing-right-medium:2.56%;--awb-spacing-left-medium:2.56%;--awb-width-small:100%;--awb-order-small:0;--awb-spacing-right-small:1.92%;--awb-spacing-left-small:1.92%;\"><div class=\"fusion-column-wrapper fusion-column-has-shadow fusion-flex-justify-content-flex-start fusion-content-layout-column\"><div class=\"fusion-text fusion-text-8\" style=\"--awb-content-alignment:justify;\"><p>El Comit\u00e9 de Honor est\u00e1 compuesto por personalidades eminentes que han contribuido a la influencia de la obra de Ren\u00e9 Cassin. Aut\u00e9ntica autoridad moral, este Comit\u00e9 garantiza la independencia de la Fundaci\u00f3n, en consonancia con los Estatutos y en fidelidad al ideal de justicia y paz que inspir\u00f3 la vida ejemplar de Ren\u00e9 Cassin al servicio de los derechos humanos y la dignidad humana.   <\/p>\n<h3 style=\"--fontSize: 30; line-height: 1.4;\" data-fontsize=\"30\" data-lineheight=\"42px\" class=\"fusion-responsive-typography-calculated\">Sr. Ronny ABRAHAM<\/h3>\n<ul>\n<li>Juez y ex Presidente del Tribunal Internacional de Justicia<\/li>\n<\/ul>\n<h3 style=\"--fontSize: 30; line-height: 1.4;\" data-fontsize=\"30\" data-lineheight=\"42px\" class=\"fusion-responsive-typography-calculated\">Sra. Dani\u00e8le ALEXANDRE<\/h3>\n<ul>\n<li>Profesor em\u00e9rito de la Universidad Robert Schuman de Estrasburgo<\/li>\n<li>Caballero de la Legi\u00f3n de Honor y Comendador de la Orden de las Palmas Acad\u00e9micas<\/li>\n<\/ul>\n<h3 style=\"--fontSize: 30; line-height: 1.4;\" data-fontsize=\"30\" data-lineheight=\"42px\" class=\"fusion-responsive-typography-calculated\">Sra. Audrey AZOULAY<\/h3>\n<ul>\n<li>Director General de la UNESCO<\/li>\n<\/ul>\n<h3 style=\"--fontSize: 30; line-height: 1.4;\" data-fontsize=\"30\" data-lineheight=\"42px\" class=\"fusion-responsive-typography-calculated\">Robert BADINTER (d)<br \/><\/h3>\n<ul>\n<li>Ex Ministro de Justicia<\/li>\n<li>Ex Presidente del Consejo Constitucional<\/li>\n<li>Profesor Em\u00e9rito de la Universidad Panth\u00e9on-Sorbonne Par\u00eds I<\/li>\n<\/ul>\n<h3 style=\"--fontSize: 30; line-height: 1.4;\" data-fontsize=\"30\" data-lineheight=\"42px\" class=\"fusion-responsive-typography-calculated\">Yahd BEN ACHOUR<\/h3>\n<ul>\n<li>Miembro del Comit\u00e9 de Derechos Humanos de las Naciones Unidas<\/li>\n<li>Ex Decano de la Facultad de Ciencias Jur\u00eddicas de T\u00fanez<\/li>\n<\/ul>\n<h3 style=\"--fontSize: 30; line-height: 1.4;\" data-fontsize=\"30\" data-lineheight=\"42px\" class=\"fusion-responsive-typography-calculated\">Alain BERTHOZ<\/h3>\n<ul>\n<li>Profesor Honorario del Coll\u00e8ge de France<\/li>\n<li>Miembro de la Academia Francesa de Ciencias<\/li>\n<\/ul>\n<h3 style=\"--fontSize: 30; line-height: 1.4;\" data-fontsize=\"30\" data-lineheight=\"42px\" class=\"fusion-responsive-typography-calculated\">Marc BOSSUYT<\/h3>\n<ul>\n<li>Profesor Em\u00e9rito de la Universidad de Amberes<\/li>\n<li>Presidente Em\u00e9rito del Tribunal Constitucional belga<\/li>\n<li>Miembro del CERD<\/li>\n<li>Ex Presidente de la Comisi\u00f3n de Derechos Humanos de las Naciones Unidas<\/li>\n<\/ul>\n<h3 style=\"--fontSize: 30; line-height: 1.4;\" data-fontsize=\"30\" data-lineheight=\"42px\" class=\"fusion-responsive-typography-calculated\">Nicolas BRATZA<\/h3>\n<ul>\n<li>Ex Presidente del Tribunal Europeo de Derechos Humanos<\/li>\n<\/ul>\n<h3 style=\"--fontSize: 30; line-height: 1.4;\" data-fontsize=\"30\" data-lineheight=\"42px\" class=\"fusion-responsive-typography-calculated\">Antonio CANCADO TRINDADE (d)<\/h3>\n<ul>\n<li>Juez del Tribunal Internacional de Justicia<\/li>\n<\/ul>\n<h3 style=\"--fontSize: 30; line-height: 1.4;\" data-fontsize=\"30\" data-lineheight=\"42px\" class=\"fusion-responsive-typography-calculated\">Christine CHANET<\/h3>\n<ul>\n<li>Miembro honorario del Tribunal de Casaci\u00f3n<\/li>\n<li>Ex Presidenta de la Comisi\u00f3n de Derechos Humanos<\/li>\n<\/ul>\n<h3 style=\"--fontSize: 30; line-height: 1.4;\" data-fontsize=\"30\" data-lineheight=\"42px\" class=\"fusion-responsive-typography-calculated\">Jean-Paul COSTA (d)<\/h3>\n<ul>\n<li>Ex Presidente de la Fundaci\u00f3n Ren\u00e9 Cassin &#8211; Instituto Internacional de Derechos Humanos<\/li>\n<li>Ex Presidente del Tribunal Europeo de Derechos Humanos<\/li>\n<li>Consejero de Estado Honorario<\/li>\n<li>Comendador de la Legi\u00f3n de Honor y Gran Oficial de la Orden Nacional del M\u00e9rito<\/li>\n<\/ul>\n<h3 style=\"--fontSize: 30; line-height: 1.4;\" data-fontsize=\"30\" data-lineheight=\"42px\" class=\"fusion-responsive-typography-calculated\">Bruno COTTE<\/h3>\n<ul>\n<li>Presidente Honorario de la Sala de lo Penal del Tribunal de Casaci\u00f3n<\/li>\n<li>Ex miembro del Tribunal Penal Internacional<\/li>\n<li>Miembro de la Academia de Ciencias Morales y Pol\u00edticas<\/li>\n<\/ul>\n<h3 style=\"--fontSize: 30; line-height: 1.4;\" data-fontsize=\"30\" data-lineheight=\"42px\" class=\"fusion-responsive-typography-calculated\">Mireille DELMAS-MARTY (d)<\/h3>\n<ul>\n<li>Profesor Honorario del Coll\u00e8ge de France<\/li>\n<li>Miembro de la Academia de Ciencias Morales y Pol\u00edticas<\/li>\n<\/ul>\n<h3 style=\"--fontSize: 30; line-height: 1.4;\" data-fontsize=\"30\" data-lineheight=\"42px\" class=\"fusion-responsive-typography-calculated\">Abdou DIOUF<\/h3>\n<ul>\n<li>Ex Presidente de la Rep\u00fablica de Senegal<\/li>\n<li>Ex Secretario General de la Francofon\u00eda<\/li>\n<\/ul>\n<h3 style=\"--fontSize: 30; line-height: 1.4;\" data-fontsize=\"30\" data-lineheight=\"42px\" class=\"fusion-responsive-typography-calculated\">Robert DOSSOU<\/h3>\n<ul>\n<li>Ex Presidente del Tribunal Constitucional<\/li>\n<li>Ex Ministro de Asuntos Exteriores<\/li>\n<li>Decano Honorario de la Facultad de Derecho de la Universidad Nacional de Ben\u00edn<\/li>\n<\/ul>\n<h3 style=\"--fontSize: 30; line-height: 1.4;\" data-fontsize=\"30\" data-lineheight=\"42px\" class=\"fusion-responsive-typography-calculated\">Yves GAUDEMET<\/h3>\n<ul>\n<li>Profesor Em\u00e9rito de la Universidad Panth\u00e9on-Assas Par\u00eds II<\/li>\n<li>Miembro de la Academia de Ciencias Morales y Pol\u00edticas<\/li>\n<\/ul>\n<h3 style=\"--fontSize: 30; line-height: 1.4;\" data-fontsize=\"30\" data-lineheight=\"42px\" class=\"fusion-responsive-typography-calculated\">R\u00e9gis de GOUTTES (d)<br \/><\/h3>\n<ul>\n<li>Primer Abogado General Honorario del Tribunal de Casaci\u00f3n<\/li>\n<li>Ex Presidente del CERD<\/li>\n<li>Miembro de la ECRI<\/li>\n<\/ul>\n<h3 style=\"--fontSize: 30; line-height: 1.4;\" data-fontsize=\"30\" data-lineheight=\"42px\" class=\"fusion-responsive-typography-calculated\">Yuji IWASAWA<\/h3>\n<ul>\n<li>Juez del Tribunal Internacional de Justicia<\/li>\n<li>Ex Presidente de la Comisi\u00f3n de Derechos Humanos<\/li>\n<li>Ex Profesor de la Universidad de Tokio<\/li>\n<\/ul>\n<h3 style=\"--fontSize: 30; line-height: 1.4;\" data-fontsize=\"30\" data-lineheight=\"42px\" class=\"fusion-responsive-typography-calculated\">Catherine KESSEDJIAN<\/h3>\n<ul>\n<li>Profesor em\u00e9rito de la Universidad de Par\u00eds II<\/li>\n<li>Presidente de Honor de la secci\u00f3n francesa de la Asociaci\u00f3n de Derecho Internacional<\/li>\n<\/ul>\n<h3 style=\"--fontSize: 30; line-height: 1.4;\" data-fontsize=\"30\" data-lineheight=\"42px\" class=\"fusion-responsive-typography-calculated\">Christine LAZERGES<\/h3>\n<ul>\n<li>Profesor Em\u00e9rito de la Universidad Panth\u00e9on-Sorbonne Par\u00eds I<\/li>\n<li>Ex Presidente de la Comisi\u00f3n Nacional Consultiva Francesa de Derechos Humanos<\/li>\n<\/ul>\n<h3 style=\"--fontSize: 30; line-height: 1.4;\" data-fontsize=\"30\" data-lineheight=\"42px\" class=\"fusion-responsive-typography-calculated\">Peter LEUPRECHT<\/h3>\n<ul>\n<li>Ex Secretario General Adjunto del Consejo de Europa<\/li>\n<li>Ex Decano de la Facultad de Derecho de la Universidad McGill<\/li>\n<li>Profesor Asociado en la UQAM<\/li>\n<\/ul>\n<h3 style=\"--fontSize: 30; line-height: 1.4;\" data-fontsize=\"30\" data-lineheight=\"42px\" class=\"fusion-responsive-typography-calculated\">Vitit MUNTARBHORN<\/h3>\n<ul>\n<li>Profesor de la Universidad de Chulalongkom, Bangkok<\/li>\n<li>Relator Especial del Consejo de Derechos Humanos<\/li>\n<\/ul>\n<h3 style=\"--fontSize: 30; line-height: 1.4;\" data-fontsize=\"30\" data-lineheight=\"42px\" class=\"fusion-responsive-typography-calculated\">Monica PINTO<\/h3>\n<ul>\n<li>Ex Decano de la Facultad de Derecho de Buenos Aires<\/li>\n<li>Ex Relator Especial de la Comisi\u00f3n de Derechos Humanos<\/li>\n<\/ul>\n<h3 style=\"--fontSize: 30; line-height: 1.4;\" data-fontsize=\"30\" data-lineheight=\"42px\" class=\"fusion-responsive-typography-calculated\">Nicole QUESTIAUX<\/h3>\n<ul>\n<li>Ex Ministro de Solidaridad Nacional<\/li>\n<li>Presidente Honorario de Secci\u00f3n del Consejo de Estado<\/li>\n<li>Ex miembro de la Subcomisi\u00f3n de Derechos Humanos<\/li>\n<\/ul>\n<h3 style=\"--fontSize: 30; line-height: 1.4;\" data-fontsize=\"30\" data-lineheight=\"42px\" class=\"fusion-responsive-typography-calculated\">Guido RAIMONDI<\/h3>\n<ul>\n<li>Ex Presidente del Tribunal Europeo de Derechos Humanos<\/li>\n<li>Presidente de la Sala de lo Social del Tribunal de Casaci\u00f3n italiano<\/li>\n<\/ul>\n<h3 style=\"--fontSize: 30; line-height: 1.4;\" data-fontsize=\"30\" data-lineheight=\"42px\" class=\"fusion-responsive-typography-calculated\">Jacques RIBS (d)<\/h3>\n<ul>\n<li>Consejero de Estado Honorario<\/li>\n<\/ul>\n<h3 style=\"--fontSize: 30; line-height: 1.4;\" data-fontsize=\"30\" data-lineheight=\"42px\" class=\"fusion-responsive-typography-calculated\">Jean-Marc SAUVE<\/h3>\n<ul>\n<li>Ex Vicepresidente del Consejo de Estado<\/li>\n<\/ul>\n<h3 style=\"--fontSize: 30; line-height: 1.4;\" data-fontsize=\"30\" data-lineheight=\"42px\" class=\"fusion-responsive-typography-calculated\">Linos-Alexandre SICILIANOS<\/h3>\n<ul>\n<li>Ex Presidente del Tribunal Europeo de Derechos Humanos<\/li>\n<li>Profesor de la Universidad de Atenas<\/li>\n<\/ul>\n<h3 style=\"--fontSize: 30; line-height: 1.4;\" data-fontsize=\"30\" data-lineheight=\"42px\" class=\"fusion-responsive-typography-calculated\">Dean SPIELMANN<\/h3>\n<ul>\n<li>Ex Presidente del Tribunal Europeo de Derechos Humanos<\/li>\n<\/ul>\n<h3 style=\"--fontSize: 30; line-height: 1.4;\" data-fontsize=\"30\" data-lineheight=\"42px\" class=\"fusion-responsive-typography-calculated\">Bernard STIRN<\/h3>\n<ul>\n<li>Ex Presidente de la Divisi\u00f3n de la Jurisdicci\u00f3n Administrativa del Consejo de Estado<\/li>\n<li>Miembro de la Academia de Ciencias Morales y Pol\u00edticas<\/li>\n<\/ul>\n<h3 style=\"--fontSize: 30; line-height: 1.4;\" data-fontsize=\"30\" data-lineheight=\"42px\" class=\"fusion-responsive-typography-calculated\">Francisco TEITGEN<\/h3>\n<ul>\n<li>Ex Presidente del Colegio de Abogados de Par\u00eds<\/li>\n<\/ul>\n<h3 style=\"--fontSize: 30; line-height: 1.4;\" data-fontsize=\"30\" data-lineheight=\"42px\" class=\"fusion-responsive-typography-calculated\">Christian TOMUSCHAT<\/h3>\n<ul>\n<li>Profesor em\u00e9rito de la Universidad Humboldt de Berl\u00edn<\/li>\n<li>Ex miembro del Comit\u00e9 de Derechos Humanos<\/li>\n<li>Ex Presidente de la Comisi\u00f3n de Derecho Internacional<\/li>\n<li>Ex Presidente del Tribunal de Conciliaci\u00f3n y Arbitraje de la OSCE<\/li>\n<\/ul>\n<h3 style=\"--fontSize: 30; line-height: 1.4;\" data-fontsize=\"30\" data-lineheight=\"42px\" class=\"fusion-responsive-typography-calculated\">Jean WALINE (d)<\/h3>\n<ul>\n<li>Ex Presidente de la Universidad Robert Schuman de Estrasburgo<\/li>\n<li>Presidente Honorario del Instituto Internacional de Derechos Humanos<\/li>\n<\/ul>\n<h3 style=\"--fontSize: 30; line-height: 1.4;\" data-fontsize=\"30\" data-lineheight=\"42px\" class=\"fusion-responsive-typography-calculated\">Leila ZERROUGUI<\/h3>\n<ul>\n<li>Ex Representante Especial del Secretario General de la ONU para los Ni\u00f1os y los Conflictos Armados<\/li>\n<li>Ex Presidente-Relator del Grupo de Trabajo sobre la Detenci\u00f3n Arbitraria, ex miembro de la Subcomisi\u00f3n de Derechos Humanos<\/li>\n<\/ul>\n<\/div><\/div><\/div><\/div><\/div><\/p>\n","protected":false},"excerpt":{"rendered":"","protected":false},"author":1,"featured_media":0,"parent":5179,"menu_order":0,"comment_status":"closed","ping_status":"closed","template":"100-width.php","meta":{"footnotes":""},"class_list":["post-5140","page","type-page","status-publish","hentry"],"yoast_head":"<!-- This site is optimized with the Yoast SEO plugin v27.5 - https:\/\/yoast.com\/product\/yoast-seo-wordpress\/ -->\n<title>Gobernanza - Fondation Ren\u00e9 CASSIN<\/title>\n<meta name=\"robots\" content=\"index, follow, max-snippet:-1, max-image-preview:large, max-video-preview:-1\" \/>\n<link rel=\"canonical\" href=\"https:\/\/www.iidh.org\/es\/fundacion\/gobernanza\/\" \/>\n<meta property=\"og:locale\" content=\"es_ES\" \/>\n<meta property=\"og:type\" content=\"article\" \/>\n<meta property=\"og:title\" content=\"Gobernanza - Fondation Ren\u00e9 CASSIN\" \/>\n<meta property=\"og:url\" content=\"https:\/\/www.iidh.org\/es\/fundacion\/gobernanza\/\" \/>\n<meta property=\"og:site_name\" content=\"Fondation Ren\u00e9 CASSIN\" \/>\n<meta property=\"article:publisher\" content=\"https:\/\/www.facebook.com\/FondationReneCassin\/\" \/>\n<meta property=\"article:modified_time\" content=\"2024-10-10T14:33:01+00:00\" \/>\n<meta property=\"og:image\" content=\"https:\/\/www.iidh.org\/wp-content\/uploads\/2024\/10\/vignette-iidh.jpg\" \/>\n\t<meta property=\"og:image:width\" content=\"1200\" \/>\n\t<meta property=\"og:image:height\" content=\"675\" \/>\n\t<meta property=\"og:image:type\" content=\"image\/jpeg\" \/>\n<meta name=\"twitter:card\" content=\"summary_large_image\" \/>\n<meta name=\"twitter:site\" content=\"@IIDHStrasbourg\" \/>\n<meta name=\"twitter:label1\" content=\"Tiempo de lectura\" \/>\n\t<meta name=\"twitter:data1\" content=\"34 minutos\" \/>\n<script type=\"application\/ld+json\" class=\"yoast-schema-graph\">{\"@context\":\"https:\\\/\\\/schema.org\",\"@graph\":[{\"@type\":\"WebPage\",\"@id\":\"https:\\\/\\\/www.iidh.org\\\/es\\\/fundacion\\\/gobernanza\\\/\",\"url\":\"https:\\\/\\\/www.iidh.org\\\/es\\\/fundacion\\\/gobernanza\\\/\",\"name\":\"Gobernanza - Fondation Ren\u00e9 CASSIN\",\"isPartOf\":{\"@id\":\"https:\\\/\\\/www.iidh.org\\\/es\\\/#website\"},\"primaryImageOfPage\":{\"@id\":\"https:\\\/\\\/www.iidh.org\\\/es\\\/fundacion\\\/gobernanza\\\/#primaryimage\"},\"image\":{\"@id\":\"https:\\\/\\\/www.iidh.org\\\/es\\\/fundacion\\\/gobernanza\\\/#primaryimage\"},\"thumbnailUrl\":\"https:\\\/\\\/www.iidh.org\\\/wp-content\\\/uploads\\\/2022\\\/10\\\/argentina-300x300.png\",\"datePublished\":\"2024-10-01T08:53:59+00:00\",\"dateModified\":\"2024-10-10T14:33:01+00:00\",\"breadcrumb\":{\"@id\":\"https:\\\/\\\/www.iidh.org\\\/es\\\/fundacion\\\/gobernanza\\\/#breadcrumb\"},\"inLanguage\":\"es\",\"potentialAction\":[{\"@type\":\"ReadAction\",\"target\":[\"https:\\\/\\\/www.iidh.org\\\/es\\\/fundacion\\\/gobernanza\\\/\"]}]},{\"@type\":\"ImageObject\",\"inLanguage\":\"es\",\"@id\":\"https:\\\/\\\/www.iidh.org\\\/es\\\/fundacion\\\/gobernanza\\\/#primaryimage\",\"url\":\"https:\\\/\\\/www.iidh.org\\\/wp-content\\\/uploads\\\/2022\\\/10\\\/argentina-300x300.png\",\"contentUrl\":\"https:\\\/\\\/www.iidh.org\\\/wp-content\\\/uploads\\\/2022\\\/10\\\/argentina-300x300.png\"},{\"@type\":\"BreadcrumbList\",\"@id\":\"https:\\\/\\\/www.iidh.org\\\/es\\\/fundacion\\\/gobernanza\\\/#breadcrumb\",\"itemListElement\":[{\"@type\":\"ListItem\",\"position\":1,\"name\":\"Accueil\",\"item\":\"https:\\\/\\\/www.iidh.org\\\/es\\\/\"},{\"@type\":\"ListItem\",\"position\":2,\"name\":\"Fundaci\u00f3n\",\"item\":\"https:\\\/\\\/www.iidh.org\\\/es\\\/fundacion\\\/\"},{\"@type\":\"ListItem\",\"position\":3,\"name\":\"Gobernanza\"}]},{\"@type\":\"WebSite\",\"@id\":\"https:\\\/\\\/www.iidh.org\\\/es\\\/#website\",\"url\":\"https:\\\/\\\/www.iidh.org\\\/es\\\/\",\"name\":\"Fondation Ren\u00e9 CASSIN\",\"description\":\"\",\"publisher\":{\"@id\":\"https:\\\/\\\/www.iidh.org\\\/es\\\/#organization\"},\"potentialAction\":[{\"@type\":\"SearchAction\",\"target\":{\"@type\":\"EntryPoint\",\"urlTemplate\":\"https:\\\/\\\/www.iidh.org\\\/es\\\/?s={search_term_string}\"},\"query-input\":{\"@type\":\"PropertyValueSpecification\",\"valueRequired\":true,\"valueName\":\"search_term_string\"}}],\"inLanguage\":\"es\"},{\"@type\":\"Organization\",\"@id\":\"https:\\\/\\\/www.iidh.org\\\/es\\\/#organization\",\"name\":\"Fondation Ren\u00e9 CASSIN\",\"url\":\"https:\\\/\\\/www.iidh.org\\\/es\\\/\",\"logo\":{\"@type\":\"ImageObject\",\"inLanguage\":\"es\",\"@id\":\"https:\\\/\\\/www.iidh.org\\\/es\\\/#\\\/schema\\\/logo\\\/image\\\/\",\"url\":\"https:\\\/\\\/www.iidh.org\\\/wp-content\\\/uploads\\\/2024\\\/09\\\/LOGO_FRC-rouge.svg\",\"contentUrl\":\"https:\\\/\\\/www.iidh.org\\\/wp-content\\\/uploads\\\/2024\\\/09\\\/LOGO_FRC-rouge.svg\",\"width\":699,\"height\":221,\"caption\":\"Fondation Ren\u00e9 CASSIN\"},\"image\":{\"@id\":\"https:\\\/\\\/www.iidh.org\\\/es\\\/#\\\/schema\\\/logo\\\/image\\\/\"},\"sameAs\":[\"https:\\\/\\\/www.facebook.com\\\/FondationReneCassin\\\/\",\"https:\\\/\\\/x.com\\\/IIDHStrasbourg\",\"https:\\\/\\\/www.instagram.com\\\/fondationrenecassin\\\/\"]}]}<\/script>\n<!-- \/ Yoast SEO plugin. -->","yoast_head_json":{"title":"Gobernanza - Fondation Ren\u00e9 CASSIN","robots":{"index":"index","follow":"follow","max-snippet":"max-snippet:-1","max-image-preview":"max-image-preview:large","max-video-preview":"max-video-preview:-1"},"canonical":"https:\/\/www.iidh.org\/es\/fundacion\/gobernanza\/","og_locale":"es_ES","og_type":"article","og_title":"Gobernanza - Fondation Ren\u00e9 CASSIN","og_url":"https:\/\/www.iidh.org\/es\/fundacion\/gobernanza\/","og_site_name":"Fondation Ren\u00e9 CASSIN","article_publisher":"https:\/\/www.facebook.com\/FondationReneCassin\/","article_modified_time":"2024-10-10T14:33:01+00:00","og_image":[{"width":1200,"height":675,"url":"https:\/\/www.iidh.org\/wp-content\/uploads\/2024\/10\/vignette-iidh.jpg","type":"image\/jpeg"}],"twitter_card":"summary_large_image","twitter_site":"@IIDHStrasbourg","twitter_misc":{"Tiempo de lectura":"34 minutos"},"schema":{"@context":"https:\/\/schema.org","@graph":[{"@type":"WebPage","@id":"https:\/\/www.iidh.org\/es\/fundacion\/gobernanza\/","url":"https:\/\/www.iidh.org\/es\/fundacion\/gobernanza\/","name":"Gobernanza - Fondation Ren\u00e9 CASSIN","isPartOf":{"@id":"https:\/\/www.iidh.org\/es\/#website"},"primaryImageOfPage":{"@id":"https:\/\/www.iidh.org\/es\/fundacion\/gobernanza\/#primaryimage"},"image":{"@id":"https:\/\/www.iidh.org\/es\/fundacion\/gobernanza\/#primaryimage"},"thumbnailUrl":"https:\/\/www.iidh.org\/wp-content\/uploads\/2022\/10\/argentina-300x300.png","datePublished":"2024-10-01T08:53:59+00:00","dateModified":"2024-10-10T14:33:01+00:00","breadcrumb":{"@id":"https:\/\/www.iidh.org\/es\/fundacion\/gobernanza\/#breadcrumb"},"inLanguage":"es","potentialAction":[{"@type":"ReadAction","target":["https:\/\/www.iidh.org\/es\/fundacion\/gobernanza\/"]}]},{"@type":"ImageObject","inLanguage":"es","@id":"https:\/\/www.iidh.org\/es\/fundacion\/gobernanza\/#primaryimage","url":"https:\/\/www.iidh.org\/wp-content\/uploads\/2022\/10\/argentina-300x300.png","contentUrl":"https:\/\/www.iidh.org\/wp-content\/uploads\/2022\/10\/argentina-300x300.png"},{"@type":"BreadcrumbList","@id":"https:\/\/www.iidh.org\/es\/fundacion\/gobernanza\/#breadcrumb","itemListElement":[{"@type":"ListItem","position":1,"name":"Accueil","item":"https:\/\/www.iidh.org\/es\/"},{"@type":"ListItem","position":2,"name":"Fundaci\u00f3n","item":"https:\/\/www.iidh.org\/es\/fundacion\/"},{"@type":"ListItem","position":3,"name":"Gobernanza"}]},{"@type":"WebSite","@id":"https:\/\/www.iidh.org\/es\/#website","url":"https:\/\/www.iidh.org\/es\/","name":"Fondation Ren\u00e9 CASSIN","description":"","publisher":{"@id":"https:\/\/www.iidh.org\/es\/#organization"},"potentialAction":[{"@type":"SearchAction","target":{"@type":"EntryPoint","urlTemplate":"https:\/\/www.iidh.org\/es\/?s={search_term_string}"},"query-input":{"@type":"PropertyValueSpecification","valueRequired":true,"valueName":"search_term_string"}}],"inLanguage":"es"},{"@type":"Organization","@id":"https:\/\/www.iidh.org\/es\/#organization","name":"Fondation Ren\u00e9 CASSIN","url":"https:\/\/www.iidh.org\/es\/","logo":{"@type":"ImageObject","inLanguage":"es","@id":"https:\/\/www.iidh.org\/es\/#\/schema\/logo\/image\/","url":"https:\/\/www.iidh.org\/wp-content\/uploads\/2024\/09\/LOGO_FRC-rouge.svg","contentUrl":"https:\/\/www.iidh.org\/wp-content\/uploads\/2024\/09\/LOGO_FRC-rouge.svg","width":699,"height":221,"caption":"Fondation Ren\u00e9 CASSIN"},"image":{"@id":"https:\/\/www.iidh.org\/es\/#\/schema\/logo\/image\/"},"sameAs":["https:\/\/www.facebook.com\/FondationReneCassin\/","https:\/\/x.com\/IIDHStrasbourg","https:\/\/www.instagram.com\/fondationrenecassin\/"]}]}},"_links":{"self":[{"href":"https:\/\/www.iidh.org\/es\/wp-json\/wp\/v2\/pages\/5140","targetHints":{"allow":["GET"]}}],"collection":[{"href":"https:\/\/www.iidh.org\/es\/wp-json\/wp\/v2\/pages"}],"about":[{"href":"https:\/\/www.iidh.org\/es\/wp-json\/wp\/v2\/types\/page"}],"author":[{"embeddable":true,"href":"https:\/\/www.iidh.org\/es\/wp-json\/wp\/v2\/users\/1"}],"replies":[{"embeddable":true,"href":"https:\/\/www.iidh.org\/es\/wp-json\/wp\/v2\/comments?post=5140"}],"version-history":[{"count":1,"href":"https:\/\/www.iidh.org\/es\/wp-json\/wp\/v2\/pages\/5140\/revisions"}],"predecessor-version":[{"id":5144,"href":"https:\/\/www.iidh.org\/es\/wp-json\/wp\/v2\/pages\/5140\/revisions\/5144"}],"up":[{"embeddable":true,"href":"https:\/\/www.iidh.org\/es\/wp-json\/wp\/v2\/pages\/5179"}],"wp:attachment":[{"href":"https:\/\/www.iidh.org\/es\/wp-json\/wp\/v2\/media?parent=5140"}],"curies":[{"name":"wp","href":"https:\/\/api.w.org\/{rel}","templated":true}]}}