{"id":5152,"date":"2024-10-01T15:49:21","date_gmt":"2024-10-01T13:49:21","guid":{"rendered":"https:\/\/www.iidh.org\/socios-de-la-fundacion\/"},"modified":"2024-10-10T16:33:01","modified_gmt":"2024-10-10T14:33:01","slug":"socios-de-la-fundacion","status":"publish","type":"page","link":"https:\/\/www.iidh.org\/es\/fundacion\/socios-de-la-fundacion\/","title":{"rendered":"Socios de la Fundaci\u00f3n"},"content":{"rendered":"<div class=\"fusion-fullwidth fullwidth-box fusion-builder-row-1 fusion-flex-container has-pattern-background has-mask-background nonhundred-percent-fullwidth non-hundred-percent-height-scrolling\" style=\"--awb-border-radius-top-left:0px;--awb-border-radius-top-right:0px;--awb-border-radius-bottom-right:0px;--awb-border-radius-bottom-left:0px;--awb-flex-wrap:wrap;\" ><div class=\"fusion-builder-row fusion-row fusion-flex-align-items-flex-start fusion-flex-content-wrap\" style=\"max-width:1248px;margin-left: calc(-4% \/ 2 );margin-right: calc(-4% \/ 2 );\"><div class=\"fusion-layout-column fusion_builder_column fusion-builder-column-0 fusion_builder_column_1_1 1_1 fusion-flex-column\" style=\"--awb-bg-size:cover;--awb-width-large:100%;--awb-margin-top-large:0px;--awb-spacing-right-large:1.92%;--awb-margin-bottom-large:0px;--awb-spacing-left-large:1.92%;--awb-width-medium:100%;--awb-order-medium:0;--awb-spacing-right-medium:1.92%;--awb-spacing-left-medium:1.92%;--awb-width-small:100%;--awb-order-small:0;--awb-spacing-right-small:1.92%;--awb-spacing-left-small:1.92%;\"><div class=\"fusion-column-wrapper fusion-column-has-shadow fusion-flex-justify-content-flex-start fusion-content-layout-column\"><div class=\"fusion-text fusion-text-1 fusion-text-no-margin\" style=\"--awb-margin-bottom:50px;\"><p>La Fundaci\u00f3n desea expresar su profundo agradecimiento a sus socios, cuyo apoyo es esencial para el \u00e9xito de nuestros proyectos. Gracias a su compromiso, seguimos promoviendo los derechos humanos y desarrollando iniciativas al servicio de la justicia y la dignidad humana. <\/p>\n<\/div><div class=\"awb-gallery-wrapper awb-gallery-wrapper-1 button-span-no\" style=\"--more-btn-alignment:center;\"><div style=\"margin:-40px;--awb-bordersize:0px;\" class=\"fusion-gallery fusion-gallery-container fusion-grid-3 fusion-columns-total-44 fusion-gallery-layout-grid fusion-gallery-1\"><div style=\"padding:40px;\" class=\"fusion-grid-column fusion-gallery-column fusion-gallery-column-3 hover-type-none\"><div class=\"fusion-gallery-image\"><a href=\"https:\/\/www.iidh.org\/wp-content\/uploads\/2024\/10\/ambassade-de-france-au-cameroun.png\" rel=\"noreferrer\" data-rel=\"iLightbox[gallery_image_1]\" class=\"fusion-lightbox\" target=\"_self\"><img decoding=\"async\" src=\"https:\/\/www.iidh.org\/wp-content\/uploads\/2024\/10\/ambassade-de-france-au-cameroun.png\" data-orig-src=\"https:\/\/www.iidh.org\/wp-content\/uploads\/2024\/10\/ambassade-de-france-au-cameroun.png\" width=\"367\" height=\"318\" alt=\"\" title=\"ambassade de france au cameroun\" aria-label=\"ambassade de france au cameroun\" class=\"lazyload img-responsive wp-image-4009\" srcset=\"data:image\/svg+xml,%3Csvg%20xmlns%3D%27http%3A%2F%2Fwww.w3.org%2F2000%2Fsvg%27%20width%3D%27367%27%20height%3D%27318%27%20viewBox%3D%270%200%20367%20318%27%3E%3Crect%20width%3D%27367%27%20height%3D%27318%27%20fill-opacity%3D%220%22%2F%3E%3C%2Fsvg%3E\" data-srcset=\"https:\/\/www.iidh.org\/wp-content\/uploads\/2024\/10\/ambassade-de-france-au-cameroun-200x173.png 200w, https:\/\/www.iidh.org\/wp-content\/uploads\/2024\/10\/ambassade-de-france-au-cameroun.png 367w\" data-sizes=\"auto\" data-orig-sizes=\"(min-width: 2200px) 100vw, (min-width: 824px) 373px, (min-width: 732px) 560px, (min-width: 640px) 732px, \" \/><\/a><\/div><\/div><div style=\"padding:40px;\" class=\"fusion-grid-column fusion-gallery-column fusion-gallery-column-3 hover-type-none\"><div class=\"fusion-gallery-image\"><a href=\"https:\/\/www.iidh.org\/wp-content\/uploads\/2024\/10\/ambassade-de-france-au-mozambique.png\" rel=\"noreferrer\" data-rel=\"iLightbox[gallery_image_1]\" class=\"fusion-lightbox\" target=\"_self\"><img decoding=\"async\" src=\"https:\/\/www.iidh.org\/wp-content\/uploads\/2024\/10\/ambassade-de-france-au-mozambique.png\" data-orig-src=\"https:\/\/www.iidh.org\/wp-content\/uploads\/2024\/10\/ambassade-de-france-au-mozambique.png\" width=\"420\" height=\"364\" alt=\"\" title=\"ambassade de france au mozambique\" aria-label=\"ambassade de france au mozambique\" class=\"lazyload img-responsive wp-image-4010\" srcset=\"data:image\/svg+xml,%3Csvg%20xmlns%3D%27http%3A%2F%2Fwww.w3.org%2F2000%2Fsvg%27%20width%3D%27420%27%20height%3D%27364%27%20viewBox%3D%270%200%20420%20364%27%3E%3Crect%20width%3D%27420%27%20height%3D%27364%27%20fill-opacity%3D%220%22%2F%3E%3C%2Fsvg%3E\" data-srcset=\"https:\/\/www.iidh.org\/wp-content\/uploads\/2024\/10\/ambassade-de-france-au-mozambique-200x173.png 200w, https:\/\/www.iidh.org\/wp-content\/uploads\/2024\/10\/ambassade-de-france-au-mozambique-400x347.png 400w, https:\/\/www.iidh.org\/wp-content\/uploads\/2024\/10\/ambassade-de-france-au-mozambique.png 420w\" data-sizes=\"auto\" data-orig-sizes=\"(min-width: 2200px) 100vw, (min-width: 824px) 373px, (min-width: 732px) 560px, (min-width: 640px) 732px, \" \/><\/a><\/div><\/div><div style=\"padding:40px;\" class=\"fusion-grid-column fusion-gallery-column fusion-gallery-column-3 hover-type-none\"><div class=\"fusion-gallery-image\"><a href=\"https:\/\/www.iidh.org\/wp-content\/uploads\/2024\/10\/ambassade-de-france-au-senegal.png\" rel=\"noreferrer\" data-rel=\"iLightbox[gallery_image_1]\" class=\"fusion-lightbox\" target=\"_self\"><img decoding=\"async\" src=\"https:\/\/www.iidh.org\/wp-content\/uploads\/2024\/10\/ambassade-de-france-au-senegal.png\" data-orig-src=\"https:\/\/www.iidh.org\/wp-content\/uploads\/2024\/10\/ambassade-de-france-au-senegal.png\" width=\"800\" height=\"820\" alt=\"\" title=\"ambassade de france au s\u00e9n\u00e9gal\" aria-label=\"ambassade de france au s\u00e9n\u00e9gal\" class=\"lazyload img-responsive wp-image-4011\" srcset=\"data:image\/svg+xml,%3Csvg%20xmlns%3D%27http%3A%2F%2Fwww.w3.org%2F2000%2Fsvg%27%20width%3D%27800%27%20height%3D%27820%27%20viewBox%3D%270%200%20800%20820%27%3E%3Crect%20width%3D%27800%27%20height%3D%27820%27%20fill-opacity%3D%220%22%2F%3E%3C%2Fsvg%3E\" data-srcset=\"https:\/\/www.iidh.org\/wp-content\/uploads\/2024\/10\/ambassade-de-france-au-senegal-200x205.png 200w, https:\/\/www.iidh.org\/wp-content\/uploads\/2024\/10\/ambassade-de-france-au-senegal-400x410.png 400w, https:\/\/www.iidh.org\/wp-content\/uploads\/2024\/10\/ambassade-de-france-au-senegal-600x615.png 600w, https:\/\/www.iidh.org\/wp-content\/uploads\/2024\/10\/ambassade-de-france-au-senegal.png 800w\" data-sizes=\"auto\" data-orig-sizes=\"(min-width: 2200px) 100vw, (min-width: 824px) 373px, (min-width: 732px) 560px, (min-width: 640px) 732px, \" \/><\/a><\/div><\/div><div class=\"clearfix\"><\/div><div style=\"padding:40px;\" class=\"fusion-grid-column fusion-gallery-column fusion-gallery-column-3 hover-type-none\"><div class=\"fusion-gallery-image\"><a href=\"https:\/\/www.iidh.org\/wp-content\/uploads\/2024\/10\/Ambassade-de-France-en-Argentine.png\" rel=\"noreferrer\" data-rel=\"iLightbox[gallery_image_1]\" class=\"fusion-lightbox\" target=\"_self\"><img decoding=\"async\" src=\"https:\/\/www.iidh.org\/wp-content\/uploads\/2024\/10\/Ambassade-de-France-en-Argentine.png\" data-orig-src=\"https:\/\/www.iidh.org\/wp-content\/uploads\/2024\/10\/Ambassade-de-France-en-Argentine.png\" width=\"2356\" height=\"2049\" alt=\"\" title=\"Ambassade de France en Argentine\" aria-label=\"Ambassade de France en Argentine\" class=\"lazyload img-responsive wp-image-4012\" srcset=\"data:image\/svg+xml,%3Csvg%20xmlns%3D%27http%3A%2F%2Fwww.w3.org%2F2000%2Fsvg%27%20width%3D%272356%27%20height%3D%272049%27%20viewBox%3D%270%200%202356%202049%27%3E%3Crect%20width%3D%272356%27%20height%3D%272049%27%20fill-opacity%3D%220%22%2F%3E%3C%2Fsvg%3E\" data-srcset=\"https:\/\/www.iidh.org\/wp-content\/uploads\/2024\/10\/Ambassade-de-France-en-Argentine-200x174.png 200w, https:\/\/www.iidh.org\/wp-content\/uploads\/2024\/10\/Ambassade-de-France-en-Argentine-400x348.png 400w, https:\/\/www.iidh.org\/wp-content\/uploads\/2024\/10\/Ambassade-de-France-en-Argentine-600x522.png 600w, https:\/\/www.iidh.org\/wp-content\/uploads\/2024\/10\/Ambassade-de-France-en-Argentine-800x696.png 800w, https:\/\/www.iidh.org\/wp-content\/uploads\/2024\/10\/Ambassade-de-France-en-Argentine-1200x1044.png 1200w, https:\/\/www.iidh.org\/wp-content\/uploads\/2024\/10\/Ambassade-de-France-en-Argentine.png 2356w\" data-sizes=\"auto\" data-orig-sizes=\"(min-width: 2200px) 100vw, (min-width: 824px) 373px, (min-width: 732px) 560px, (min-width: 640px) 732px, \" \/><\/a><\/div><\/div><div style=\"padding:40px;\" class=\"fusion-grid-column fusion-gallery-column fusion-gallery-column-3 hover-type-none\"><div class=\"fusion-gallery-image\"><a href=\"https:\/\/www.iidh.org\/wp-content\/uploads\/2024\/10\/ambassade-de-france-en-cote-divoire.png\" rel=\"noreferrer\" data-rel=\"iLightbox[gallery_image_1]\" class=\"fusion-lightbox\" target=\"_self\"><img decoding=\"async\" src=\"https:\/\/www.iidh.org\/wp-content\/uploads\/2024\/10\/ambassade-de-france-en-cote-divoire.png\" data-orig-src=\"https:\/\/www.iidh.org\/wp-content\/uploads\/2024\/10\/ambassade-de-france-en-cote-divoire.png\" width=\"1024\" height=\"770\" alt=\"\" title=\"ambassade de france en cote d&#8217;ivoire\" aria-label=\"ambassade de france en cote d&#8217;ivoire\" class=\"lazyload img-responsive wp-image-4013\" srcset=\"data:image\/svg+xml,%3Csvg%20xmlns%3D%27http%3A%2F%2Fwww.w3.org%2F2000%2Fsvg%27%20width%3D%271024%27%20height%3D%27770%27%20viewBox%3D%270%200%201024%20770%27%3E%3Crect%20width%3D%271024%27%20height%3D%27770%27%20fill-opacity%3D%220%22%2F%3E%3C%2Fsvg%3E\" data-srcset=\"https:\/\/www.iidh.org\/wp-content\/uploads\/2024\/10\/ambassade-de-france-en-cote-divoire-200x150.png 200w, https:\/\/www.iidh.org\/wp-content\/uploads\/2024\/10\/ambassade-de-france-en-cote-divoire-400x301.png 400w, https:\/\/www.iidh.org\/wp-content\/uploads\/2024\/10\/ambassade-de-france-en-cote-divoire-600x451.png 600w, https:\/\/www.iidh.org\/wp-content\/uploads\/2024\/10\/ambassade-de-france-en-cote-divoire-800x602.png 800w, https:\/\/www.iidh.org\/wp-content\/uploads\/2024\/10\/ambassade-de-france-en-cote-divoire.png 1024w\" data-sizes=\"auto\" data-orig-sizes=\"(min-width: 2200px) 100vw, (min-width: 824px) 373px, (min-width: 732px) 560px, (min-width: 640px) 732px, \" \/><\/a><\/div><\/div><div style=\"padding:40px;\" class=\"fusion-grid-column fusion-gallery-column fusion-gallery-column-3 hover-type-none\"><div class=\"fusion-gallery-image\"><a href=\"https:\/\/www.iidh.org\/wp-content\/uploads\/2024\/10\/Association-Regards-denfants.jpeg\" rel=\"noreferrer\" data-rel=\"iLightbox[gallery_image_1]\" class=\"fusion-lightbox\" target=\"_self\"><img decoding=\"async\" src=\"https:\/\/www.iidh.org\/wp-content\/uploads\/2024\/10\/Association-Regards-denfants.jpeg\" data-orig-src=\"https:\/\/www.iidh.org\/wp-content\/uploads\/2024\/10\/Association-Regards-denfants.jpeg\" width=\"224\" height=\"225\" alt=\"\" title=\"Association Regards d&#8217;enfants\" aria-label=\"Association Regards d&#8217;enfants\" class=\"lazyload img-responsive wp-image-4014\" srcset=\"data:image\/svg+xml,%3Csvg%20xmlns%3D%27http%3A%2F%2Fwww.w3.org%2F2000%2Fsvg%27%20width%3D%27224%27%20height%3D%27225%27%20viewBox%3D%270%200%20224%20225%27%3E%3Crect%20width%3D%27224%27%20height%3D%27225%27%20fill-opacity%3D%220%22%2F%3E%3C%2Fsvg%3E\" data-srcset=\"https:\/\/www.iidh.org\/wp-content\/uploads\/2024\/10\/Association-Regards-denfants-200x200.jpeg 200w, https:\/\/www.iidh.org\/wp-content\/uploads\/2024\/10\/Association-Regards-denfants.jpeg 224w\" data-sizes=\"auto\" data-orig-sizes=\"(min-width: 2200px) 100vw, (min-width: 824px) 373px, (min-width: 732px) 560px, (min-width: 640px) 732px, \" \/><\/a><\/div><\/div><div class=\"clearfix\"><\/div><div style=\"padding:40px;\" class=\"fusion-grid-column fusion-gallery-column fusion-gallery-column-3 hover-type-none\"><div class=\"fusion-gallery-image\"><a href=\"https:\/\/www.iidh.org\/wp-content\/uploads\/2024\/10\/CEDH-Cour-europeenne-des-droits-de-lhomme.jpg\" rel=\"noreferrer\" data-rel=\"iLightbox[gallery_image_1]\" class=\"fusion-lightbox\" target=\"_self\"><img decoding=\"async\" src=\"https:\/\/www.iidh.org\/wp-content\/uploads\/2024\/10\/CEDH-Cour-europeenne-des-droits-de-lhomme.jpg\" data-orig-src=\"https:\/\/www.iidh.org\/wp-content\/uploads\/2024\/10\/CEDH-Cour-europeenne-des-droits-de-lhomme.jpg\" width=\"768\" height=\"343\" alt=\"\" title=\"CEDH Cour europ\u00e9enne des droits de l&#8217;homme\" aria-label=\"CEDH Cour europ\u00e9enne des droits de l&#8217;homme\" class=\"lazyload img-responsive wp-image-4015\" srcset=\"data:image\/svg+xml,%3Csvg%20xmlns%3D%27http%3A%2F%2Fwww.w3.org%2F2000%2Fsvg%27%20width%3D%27768%27%20height%3D%27343%27%20viewBox%3D%270%200%20768%20343%27%3E%3Crect%20width%3D%27768%27%20height%3D%27343%27%20fill-opacity%3D%220%22%2F%3E%3C%2Fsvg%3E\" data-srcset=\"https:\/\/www.iidh.org\/wp-content\/uploads\/2024\/10\/CEDH-Cour-europeenne-des-droits-de-lhomme-200x89.jpg 200w, https:\/\/www.iidh.org\/wp-content\/uploads\/2024\/10\/CEDH-Cour-europeenne-des-droits-de-lhomme-400x179.jpg 400w, https:\/\/www.iidh.org\/wp-content\/uploads\/2024\/10\/CEDH-Cour-europeenne-des-droits-de-lhomme-600x268.jpg 600w, https:\/\/www.iidh.org\/wp-content\/uploads\/2024\/10\/CEDH-Cour-europeenne-des-droits-de-lhomme.jpg 768w\" data-sizes=\"auto\" data-orig-sizes=\"(min-width: 2200px) 100vw, (min-width: 824px) 373px, (min-width: 732px) 560px, (min-width: 640px) 732px, \" \/><\/a><\/div><\/div><div style=\"padding:40px;\" class=\"fusion-grid-column fusion-gallery-column fusion-gallery-column-3 hover-type-none\"><div class=\"fusion-gallery-image\"><a href=\"https:\/\/www.iidh.org\/wp-content\/uploads\/2024\/10\/cicr.svg\" rel=\"noreferrer\" data-rel=\"iLightbox[gallery_image_1]\" class=\"fusion-lightbox\" target=\"_self\"><img decoding=\"async\" src=\"data:image\/svg+xml,%3Csvg%20xmlns%3D%27http%3A%2F%2Fwww.w3.org%2F2000%2Fsvg%27%20width%3D%27470%27%20height%3D%27540%27%20viewBox%3D%270%200%20470%20540%27%3E%3Crect%20width%3D%27470%27%20height%3D%27540%27%20fill-opacity%3D%220%22%2F%3E%3C%2Fsvg%3E\" data-orig-src=\"https:\/\/www.iidh.org\/wp-content\/uploads\/2024\/10\/cicr.svg\" width=\"470\" height=\"540\" alt=\"\" title=\"cicr\" aria-label=\"cicr\" class=\"lazyload img-responsive wp-image-4016\"  \/><\/a><\/div><\/div><div style=\"padding:40px;\" class=\"fusion-grid-column fusion-gallery-column fusion-gallery-column-3 hover-type-none\"><div class=\"fusion-gallery-image\"><a href=\"https:\/\/www.iidh.org\/wp-content\/uploads\/2024\/10\/CNDH.png\" rel=\"noreferrer\" data-rel=\"iLightbox[gallery_image_1]\" class=\"fusion-lightbox\" target=\"_self\"><img decoding=\"async\" src=\"https:\/\/www.iidh.org\/wp-content\/uploads\/2024\/10\/CNDH.png\" data-orig-src=\"https:\/\/www.iidh.org\/wp-content\/uploads\/2024\/10\/CNDH.png\" width=\"1476\" height=\"1476\" alt=\"\" title=\"CNDH\" aria-label=\"CNDH\" class=\"lazyload img-responsive wp-image-4017\" srcset=\"data:image\/svg+xml,%3Csvg%20xmlns%3D%27http%3A%2F%2Fwww.w3.org%2F2000%2Fsvg%27%20width%3D%271476%27%20height%3D%271476%27%20viewBox%3D%270%200%201476%201476%27%3E%3Crect%20width%3D%271476%27%20height%3D%271476%27%20fill-opacity%3D%220%22%2F%3E%3C%2Fsvg%3E\" data-srcset=\"https:\/\/www.iidh.org\/wp-content\/uploads\/2024\/10\/CNDH-200x200.png 200w, https:\/\/www.iidh.org\/wp-content\/uploads\/2024\/10\/CNDH-400x400.png 400w, https:\/\/www.iidh.org\/wp-content\/uploads\/2024\/10\/CNDH-600x600.png 600w, https:\/\/www.iidh.org\/wp-content\/uploads\/2024\/10\/CNDH-800x800.png 800w, https:\/\/www.iidh.org\/wp-content\/uploads\/2024\/10\/CNDH-1200x1200.png 1200w, https:\/\/www.iidh.org\/wp-content\/uploads\/2024\/10\/CNDH.png 1476w\" data-sizes=\"auto\" data-orig-sizes=\"(min-width: 2200px) 100vw, (min-width: 824px) 373px, (min-width: 732px) 560px, (min-width: 640px) 732px, \" \/><\/a><\/div><\/div><div class=\"clearfix\"><\/div><div style=\"padding:40px;\" class=\"fusion-grid-column fusion-gallery-column fusion-gallery-column-3 hover-type-none\"><div class=\"fusion-gallery-image\"><a href=\"https:\/\/www.iidh.org\/wp-content\/uploads\/2024\/10\/collectivite-europeenne-alsace-cealogocouleurhorizontalsurfondblanc.png\" rel=\"noreferrer\" data-rel=\"iLightbox[gallery_image_1]\" class=\"fusion-lightbox\" target=\"_self\"><img decoding=\"async\" src=\"https:\/\/www.iidh.org\/wp-content\/uploads\/2024\/10\/collectivite-europeenne-alsace-cealogocouleurhorizontalsurfondblanc.png\" data-orig-src=\"https:\/\/www.iidh.org\/wp-content\/uploads\/2024\/10\/collectivite-europeenne-alsace-cealogocouleurhorizontalsurfondblanc.png\" width=\"1494\" height=\"484\" alt=\"\" title=\"collectivite-europeenne-alsace-cealogocouleurhorizontalsurfondblanc\" aria-label=\"collectivite-europeenne-alsace-cealogocouleurhorizontalsurfondblanc\" class=\"lazyload img-responsive wp-image-4018\" srcset=\"data:image\/svg+xml,%3Csvg%20xmlns%3D%27http%3A%2F%2Fwww.w3.org%2F2000%2Fsvg%27%20width%3D%271494%27%20height%3D%27484%27%20viewBox%3D%270%200%201494%20484%27%3E%3Crect%20width%3D%271494%27%20height%3D%27484%27%20fill-opacity%3D%220%22%2F%3E%3C%2Fsvg%3E\" data-srcset=\"https:\/\/www.iidh.org\/wp-content\/uploads\/2024\/10\/collectivite-europeenne-alsace-cealogocouleurhorizontalsurfondblanc-200x65.png 200w, https:\/\/www.iidh.org\/wp-content\/uploads\/2024\/10\/collectivite-europeenne-alsace-cealogocouleurhorizontalsurfondblanc-400x130.png 400w, https:\/\/www.iidh.org\/wp-content\/uploads\/2024\/10\/collectivite-europeenne-alsace-cealogocouleurhorizontalsurfondblanc-600x194.png 600w, https:\/\/www.iidh.org\/wp-content\/uploads\/2024\/10\/collectivite-europeenne-alsace-cealogocouleurhorizontalsurfondblanc-800x259.png 800w, https:\/\/www.iidh.org\/wp-content\/uploads\/2024\/10\/collectivite-europeenne-alsace-cealogocouleurhorizontalsurfondblanc-1200x389.png 1200w, https:\/\/www.iidh.org\/wp-content\/uploads\/2024\/10\/collectivite-europeenne-alsace-cealogocouleurhorizontalsurfondblanc.png 1494w\" data-sizes=\"auto\" data-orig-sizes=\"(min-width: 2200px) 100vw, (min-width: 824px) 373px, (min-width: 732px) 560px, (min-width: 640px) 732px, \" \/><\/a><\/div><\/div><div style=\"padding:40px;\" class=\"fusion-grid-column fusion-gallery-column fusion-gallery-column-3 hover-type-none\"><div class=\"fusion-gallery-image\"><a href=\"https:\/\/www.iidh.org\/wp-content\/uploads\/2024\/10\/conseil-de-leurope.png\" rel=\"noreferrer\" data-rel=\"iLightbox[gallery_image_1]\" class=\"fusion-lightbox\" target=\"_self\"><img decoding=\"async\" src=\"https:\/\/www.iidh.org\/wp-content\/uploads\/2024\/10\/conseil-de-leurope.png\" data-orig-src=\"https:\/\/www.iidh.org\/wp-content\/uploads\/2024\/10\/conseil-de-leurope.png\" width=\"354\" height=\"283\" alt=\"\" title=\"conseil de leurope\" aria-label=\"conseil de leurope\" class=\"lazyload img-responsive wp-image-4019\" srcset=\"data:image\/svg+xml,%3Csvg%20xmlns%3D%27http%3A%2F%2Fwww.w3.org%2F2000%2Fsvg%27%20width%3D%27354%27%20height%3D%27283%27%20viewBox%3D%270%200%20354%20283%27%3E%3Crect%20width%3D%27354%27%20height%3D%27283%27%20fill-opacity%3D%220%22%2F%3E%3C%2Fsvg%3E\" data-srcset=\"https:\/\/www.iidh.org\/wp-content\/uploads\/2024\/10\/conseil-de-leurope-200x160.png 200w, https:\/\/www.iidh.org\/wp-content\/uploads\/2024\/10\/conseil-de-leurope.png 354w\" data-sizes=\"auto\" data-orig-sizes=\"(min-width: 2200px) 100vw, (min-width: 824px) 373px, (min-width: 732px) 560px, (min-width: 640px) 732px, \" \/><\/a><\/div><\/div><div style=\"padding:40px;\" class=\"fusion-grid-column fusion-gallery-column fusion-gallery-column-3 hover-type-none\"><div class=\"fusion-gallery-image\"><a href=\"https:\/\/www.iidh.org\/wp-content\/uploads\/2024\/10\/Consulat-general-des-Etats-Unis-a-Strasbourg.jpeg\" rel=\"noreferrer\" data-rel=\"iLightbox[gallery_image_1]\" class=\"fusion-lightbox\" target=\"_self\"><img decoding=\"async\" src=\"data:image\/svg+xml,%3Csvg%20xmlns%3D%27http%3A%2F%2Fwww.w3.org%2F2000%2Fsvg%27%20width%3D%27200%27%20height%3D%27200%27%20viewBox%3D%270%200%20200%20200%27%3E%3Crect%20width%3D%27200%27%20height%3D%27200%27%20fill-opacity%3D%220%22%2F%3E%3C%2Fsvg%3E\" data-orig-src=\"https:\/\/www.iidh.org\/wp-content\/uploads\/2024\/10\/Consulat-general-des-Etats-Unis-a-Strasbourg.jpeg\" width=\"200\" height=\"200\" alt=\"\" title=\"Consulat g\u00e9n\u00e9ral des Etats-Unis \u00e0 Strasbourg\" aria-label=\"Consulat g\u00e9n\u00e9ral des Etats-Unis \u00e0 Strasbourg\" class=\"lazyload img-responsive wp-image-4020\"  \/><\/a><\/div><\/div><div class=\"clearfix\"><\/div><div style=\"padding:40px;\" class=\"fusion-grid-column fusion-gallery-column fusion-gallery-column-3 hover-type-none\"><div class=\"fusion-gallery-image\"><a href=\"https:\/\/www.iidh.org\/wp-content\/uploads\/2024\/10\/CSDH-senagal.png\" rel=\"noreferrer\" data-rel=\"iLightbox[gallery_image_1]\" class=\"fusion-lightbox\" target=\"_self\"><img decoding=\"async\" src=\"data:image\/svg+xml,%3Csvg%20xmlns%3D%27http%3A%2F%2Fwww.w3.org%2F2000%2Fsvg%27%20width%3D%27194%27%20height%3D%27223%27%20viewBox%3D%270%200%20194%20223%27%3E%3Crect%20width%3D%27194%27%20height%3D%27223%27%20fill-opacity%3D%220%22%2F%3E%3C%2Fsvg%3E\" data-orig-src=\"https:\/\/www.iidh.org\/wp-content\/uploads\/2024\/10\/CSDH-senagal.png\" width=\"194\" height=\"223\" alt=\"\" title=\"CSDH s\u00e9nagal\" aria-label=\"CSDH s\u00e9nagal\" class=\"lazyload img-responsive wp-image-4021\"  \/><\/a><\/div><\/div><div style=\"padding:40px;\" class=\"fusion-grid-column fusion-gallery-column fusion-gallery-column-3 hover-type-none\"><div class=\"fusion-gallery-image\"><a href=\"https:\/\/www.iidh.org\/wp-content\/uploads\/2024\/10\/drapeau-union-europeenne-avec-logo-ue-scaled.jpg\" rel=\"noreferrer\" data-rel=\"iLightbox[gallery_image_1]\" class=\"fusion-lightbox\" target=\"_self\"><img decoding=\"async\" src=\"https:\/\/www.iidh.org\/wp-content\/uploads\/2024\/10\/drapeau-union-europeenne-avec-logo-ue-scaled.jpg\" data-orig-src=\"https:\/\/www.iidh.org\/wp-content\/uploads\/2024\/10\/drapeau-union-europeenne-avec-logo-ue-scaled.jpg\" width=\"2560\" height=\"1995\" alt=\"\" title=\"Planche_Autocollant_Unique\" aria-label=\"Planche_Autocollant_Unique\" class=\"lazyload img-responsive wp-image-4022\" srcset=\"data:image\/svg+xml,%3Csvg%20xmlns%3D%27http%3A%2F%2Fwww.w3.org%2F2000%2Fsvg%27%20width%3D%272560%27%20height%3D%271995%27%20viewBox%3D%270%200%202560%201995%27%3E%3Crect%20width%3D%272560%27%20height%3D%271995%27%20fill-opacity%3D%220%22%2F%3E%3C%2Fsvg%3E\" data-srcset=\"https:\/\/www.iidh.org\/wp-content\/uploads\/2024\/10\/drapeau-union-europeenne-avec-logo-ue-200x156.jpg 200w, https:\/\/www.iidh.org\/wp-content\/uploads\/2024\/10\/drapeau-union-europeenne-avec-logo-ue-400x312.jpg 400w, https:\/\/www.iidh.org\/wp-content\/uploads\/2024\/10\/drapeau-union-europeenne-avec-logo-ue-600x468.jpg 600w, https:\/\/www.iidh.org\/wp-content\/uploads\/2024\/10\/drapeau-union-europeenne-avec-logo-ue-800x623.jpg 800w, https:\/\/www.iidh.org\/wp-content\/uploads\/2024\/10\/drapeau-union-europeenne-avec-logo-ue-1200x935.jpg 1200w, https:\/\/www.iidh.org\/wp-content\/uploads\/2024\/10\/drapeau-union-europeenne-avec-logo-ue-scaled.jpg 2560w\" data-sizes=\"auto\" data-orig-sizes=\"(min-width: 2200px) 100vw, (min-width: 824px) 373px, (min-width: 732px) 560px, (min-width: 640px) 732px, \" \/><\/a><\/div><\/div><div style=\"padding:40px;\" class=\"fusion-grid-column fusion-gallery-column fusion-gallery-column-3 hover-type-none\"><div class=\"fusion-gallery-image\"><a href=\"https:\/\/www.iidh.org\/wp-content\/uploads\/2024\/10\/ECPY.png\" rel=\"noreferrer\" data-rel=\"iLightbox[gallery_image_1]\" class=\"fusion-lightbox\" target=\"_self\"><img decoding=\"async\" src=\"https:\/\/www.iidh.org\/wp-content\/uploads\/2024\/10\/ECPY.png\" data-orig-src=\"https:\/\/www.iidh.org\/wp-content\/uploads\/2024\/10\/ECPY.png\" width=\"300\" height=\"120\" alt=\"\" title=\"ECPY\" aria-label=\"ECPY\" class=\"lazyload img-responsive wp-image-4023\" srcset=\"data:image\/svg+xml,%3Csvg%20xmlns%3D%27http%3A%2F%2Fwww.w3.org%2F2000%2Fsvg%27%20width%3D%27300%27%20height%3D%27120%27%20viewBox%3D%270%200%20300%20120%27%3E%3Crect%20width%3D%27300%27%20height%3D%27120%27%20fill-opacity%3D%220%22%2F%3E%3C%2Fsvg%3E\" data-srcset=\"https:\/\/www.iidh.org\/wp-content\/uploads\/2024\/10\/ECPY-200x80.png 200w, https:\/\/www.iidh.org\/wp-content\/uploads\/2024\/10\/ECPY.png 300w\" data-sizes=\"auto\" data-orig-sizes=\"(min-width: 2200px) 100vw, (min-width: 824px) 373px, (min-width: 732px) 560px, (min-width: 640px) 732px, \" \/><\/a><\/div><\/div><div class=\"clearfix\"><\/div><div style=\"padding:40px;\" class=\"fusion-grid-column fusion-gallery-column fusion-gallery-column-3 hover-type-none\"><div class=\"fusion-gallery-image\"><a href=\"https:\/\/www.iidh.org\/wp-content\/uploads\/2024\/10\/ERAGE.png\" rel=\"noreferrer\" data-rel=\"iLightbox[gallery_image_1]\" class=\"fusion-lightbox\" target=\"_self\"><img decoding=\"async\" src=\"https:\/\/www.iidh.org\/wp-content\/uploads\/2024\/10\/ERAGE.png\" data-orig-src=\"https:\/\/www.iidh.org\/wp-content\/uploads\/2024\/10\/ERAGE.png\" width=\"300\" height=\"138\" alt=\"\" title=\"ERAGE\" aria-label=\"ERAGE\" class=\"lazyload img-responsive wp-image-4024\" srcset=\"data:image\/svg+xml,%3Csvg%20xmlns%3D%27http%3A%2F%2Fwww.w3.org%2F2000%2Fsvg%27%20width%3D%27300%27%20height%3D%27138%27%20viewBox%3D%270%200%20300%20138%27%3E%3Crect%20width%3D%27300%27%20height%3D%27138%27%20fill-opacity%3D%220%22%2F%3E%3C%2Fsvg%3E\" data-srcset=\"https:\/\/www.iidh.org\/wp-content\/uploads\/2024\/10\/ERAGE-200x92.png 200w, https:\/\/www.iidh.org\/wp-content\/uploads\/2024\/10\/ERAGE.png 300w\" data-sizes=\"auto\" data-orig-sizes=\"(min-width: 2200px) 100vw, (min-width: 824px) 373px, (min-width: 732px) 560px, (min-width: 640px) 732px, \" \/><\/a><\/div><\/div><div style=\"padding:40px;\" class=\"fusion-grid-column fusion-gallery-column fusion-gallery-column-3 hover-type-none\"><div class=\"fusion-gallery-image\"><a href=\"https:\/\/www.iidh.org\/wp-content\/uploads\/2024\/10\/Eurometropole_Strasbourg.svg.png\" rel=\"noreferrer\" data-rel=\"iLightbox[gallery_image_1]\" class=\"fusion-lightbox\" target=\"_self\"><img decoding=\"async\" src=\"https:\/\/www.iidh.org\/wp-content\/uploads\/2024\/10\/Eurometropole_Strasbourg.svg.png\" data-orig-src=\"https:\/\/www.iidh.org\/wp-content\/uploads\/2024\/10\/Eurometropole_Strasbourg.svg.png\" width=\"1920\" height=\"512\" alt=\"\" title=\"Eurom\u00e9tropole_Strasbourg.svg\" aria-label=\"Eurom\u00e9tropole_Strasbourg.svg\" class=\"lazyload img-responsive wp-image-4025\" srcset=\"data:image\/svg+xml,%3Csvg%20xmlns%3D%27http%3A%2F%2Fwww.w3.org%2F2000%2Fsvg%27%20width%3D%271920%27%20height%3D%27512%27%20viewBox%3D%270%200%201920%20512%27%3E%3Crect%20width%3D%271920%27%20height%3D%27512%27%20fill-opacity%3D%220%22%2F%3E%3C%2Fsvg%3E\" data-srcset=\"https:\/\/www.iidh.org\/wp-content\/uploads\/2024\/10\/Eurometropole_Strasbourg.svg-200x53.png 200w, https:\/\/www.iidh.org\/wp-content\/uploads\/2024\/10\/Eurometropole_Strasbourg.svg-400x107.png 400w, https:\/\/www.iidh.org\/wp-content\/uploads\/2024\/10\/Eurometropole_Strasbourg.svg-600x160.png 600w, https:\/\/www.iidh.org\/wp-content\/uploads\/2024\/10\/Eurometropole_Strasbourg.svg-800x213.png 800w, https:\/\/www.iidh.org\/wp-content\/uploads\/2024\/10\/Eurometropole_Strasbourg.svg-1200x320.png 1200w, https:\/\/www.iidh.org\/wp-content\/uploads\/2024\/10\/Eurometropole_Strasbourg.svg.png 1920w\" data-sizes=\"auto\" data-orig-sizes=\"(min-width: 2200px) 100vw, (min-width: 824px) 373px, (min-width: 732px) 560px, (min-width: 640px) 732px, \" \/><\/a><\/div><\/div><div style=\"padding:40px;\" class=\"fusion-grid-column fusion-gallery-column fusion-gallery-column-3 hover-type-none\"><div class=\"fusion-gallery-image\"><a href=\"https:\/\/www.iidh.org\/wp-content\/uploads\/2024\/10\/Fondation-Charles-de-Gaulle.png\" rel=\"noreferrer\" data-rel=\"iLightbox[gallery_image_1]\" class=\"fusion-lightbox\" target=\"_self\"><img decoding=\"async\" src=\"https:\/\/www.iidh.org\/wp-content\/uploads\/2024\/10\/Fondation-Charles-de-Gaulle.png\" data-orig-src=\"https:\/\/www.iidh.org\/wp-content\/uploads\/2024\/10\/Fondation-Charles-de-Gaulle.png\" width=\"768\" height=\"579\" alt=\"\" title=\"Fondation Charles de Gaulle\" aria-label=\"Fondation Charles de Gaulle\" class=\"lazyload img-responsive wp-image-4026\" srcset=\"data:image\/svg+xml,%3Csvg%20xmlns%3D%27http%3A%2F%2Fwww.w3.org%2F2000%2Fsvg%27%20width%3D%27768%27%20height%3D%27579%27%20viewBox%3D%270%200%20768%20579%27%3E%3Crect%20width%3D%27768%27%20height%3D%27579%27%20fill-opacity%3D%220%22%2F%3E%3C%2Fsvg%3E\" data-srcset=\"https:\/\/www.iidh.org\/wp-content\/uploads\/2024\/10\/Fondation-Charles-de-Gaulle-200x151.png 200w, https:\/\/www.iidh.org\/wp-content\/uploads\/2024\/10\/Fondation-Charles-de-Gaulle-400x302.png 400w, https:\/\/www.iidh.org\/wp-content\/uploads\/2024\/10\/Fondation-Charles-de-Gaulle-600x452.png 600w, https:\/\/www.iidh.org\/wp-content\/uploads\/2024\/10\/Fondation-Charles-de-Gaulle.png 768w\" data-sizes=\"auto\" data-orig-sizes=\"(min-width: 2200px) 100vw, (min-width: 824px) 373px, (min-width: 732px) 560px, (min-width: 640px) 732px, \" \/><\/a><\/div><\/div><div class=\"clearfix\"><\/div><div style=\"padding:40px;\" class=\"fusion-grid-column fusion-gallery-column fusion-gallery-column-3 hover-type-none\"><div class=\"fusion-gallery-image\"><a href=\"https:\/\/www.iidh.org\/wp-content\/uploads\/2024\/10\/Fondation-Robert-Schuman_sans_fond_HD.png\" rel=\"noreferrer\" data-rel=\"iLightbox[gallery_image_1]\" class=\"fusion-lightbox\" target=\"_self\"><img decoding=\"async\" src=\"https:\/\/www.iidh.org\/wp-content\/uploads\/2024\/10\/Fondation-Robert-Schuman_sans_fond_HD.png\" data-orig-src=\"https:\/\/www.iidh.org\/wp-content\/uploads\/2024\/10\/Fondation-Robert-Schuman_sans_fond_HD.png\" width=\"396\" height=\"89\" alt=\"\" title=\"Fondation Robert Schuman_sans_fond_HD\" aria-label=\"Fondation Robert Schuman_sans_fond_HD\" class=\"lazyload img-responsive wp-image-4027\" srcset=\"data:image\/svg+xml,%3Csvg%20xmlns%3D%27http%3A%2F%2Fwww.w3.org%2F2000%2Fsvg%27%20width%3D%27396%27%20height%3D%2789%27%20viewBox%3D%270%200%20396%2089%27%3E%3Crect%20width%3D%27396%27%20height%3D%2789%27%20fill-opacity%3D%220%22%2F%3E%3C%2Fsvg%3E\" data-srcset=\"https:\/\/www.iidh.org\/wp-content\/uploads\/2024\/10\/Fondation-Robert-Schuman_sans_fond_HD-200x45.png 200w, https:\/\/www.iidh.org\/wp-content\/uploads\/2024\/10\/Fondation-Robert-Schuman_sans_fond_HD.png 396w\" data-sizes=\"auto\" data-orig-sizes=\"(min-width: 2200px) 100vw, (min-width: 824px) 373px, (min-width: 732px) 560px, (min-width: 640px) 732px, \" \/><\/a><\/div><\/div><div style=\"padding:40px;\" class=\"fusion-grid-column fusion-gallery-column fusion-gallery-column-3 hover-type-none\"><div class=\"fusion-gallery-image\"><a href=\"https:\/\/www.iidh.org\/wp-content\/uploads\/2024\/10\/friedrich-naumann-foundation.png\" rel=\"noreferrer\" data-rel=\"iLightbox[gallery_image_1]\" class=\"fusion-lightbox\" target=\"_self\"><img decoding=\"async\" src=\"https:\/\/www.iidh.org\/wp-content\/uploads\/2024\/10\/friedrich-naumann-foundation.png\" data-orig-src=\"https:\/\/www.iidh.org\/wp-content\/uploads\/2024\/10\/friedrich-naumann-foundation.png\" width=\"1200\" height=\"627\" alt=\"\" title=\"friedrich naumann foundation\" aria-label=\"friedrich naumann foundation\" class=\"lazyload img-responsive wp-image-4028\" srcset=\"data:image\/svg+xml,%3Csvg%20xmlns%3D%27http%3A%2F%2Fwww.w3.org%2F2000%2Fsvg%27%20width%3D%271200%27%20height%3D%27627%27%20viewBox%3D%270%200%201200%20627%27%3E%3Crect%20width%3D%271200%27%20height%3D%27627%27%20fill-opacity%3D%220%22%2F%3E%3C%2Fsvg%3E\" data-srcset=\"https:\/\/www.iidh.org\/wp-content\/uploads\/2024\/10\/friedrich-naumann-foundation-200x105.png 200w, https:\/\/www.iidh.org\/wp-content\/uploads\/2024\/10\/friedrich-naumann-foundation-400x209.png 400w, https:\/\/www.iidh.org\/wp-content\/uploads\/2024\/10\/friedrich-naumann-foundation-600x314.png 600w, https:\/\/www.iidh.org\/wp-content\/uploads\/2024\/10\/friedrich-naumann-foundation-800x418.png 800w, https:\/\/www.iidh.org\/wp-content\/uploads\/2024\/10\/friedrich-naumann-foundation.png 1200w\" data-sizes=\"auto\" data-orig-sizes=\"(min-width: 2200px) 100vw, (min-width: 824px) 373px, (min-width: 732px) 560px, (min-width: 640px) 732px, \" \/><\/a><\/div><\/div><div style=\"padding:40px;\" class=\"fusion-grid-column fusion-gallery-column fusion-gallery-column-3 hover-type-none\"><div class=\"fusion-gallery-image\"><a href=\"https:\/\/www.iidh.org\/wp-content\/uploads\/2024\/10\/HORIZON-AMITIE-RVB.jpg\" rel=\"noreferrer\" data-rel=\"iLightbox[gallery_image_1]\" class=\"fusion-lightbox\" target=\"_self\"><img decoding=\"async\" src=\"https:\/\/www.iidh.org\/wp-content\/uploads\/2024\/10\/HORIZON-AMITIE-RVB.jpg\" data-orig-src=\"https:\/\/www.iidh.org\/wp-content\/uploads\/2024\/10\/HORIZON-AMITIE-RVB.jpg\" width=\"1248\" height=\"1135\" alt=\"\" title=\"HORIZON AMITIE RVB\" aria-label=\"HORIZON AMITIE RVB\" class=\"lazyload img-responsive wp-image-4029\" srcset=\"data:image\/svg+xml,%3Csvg%20xmlns%3D%27http%3A%2F%2Fwww.w3.org%2F2000%2Fsvg%27%20width%3D%271248%27%20height%3D%271135%27%20viewBox%3D%270%200%201248%201135%27%3E%3Crect%20width%3D%271248%27%20height%3D%271135%27%20fill-opacity%3D%220%22%2F%3E%3C%2Fsvg%3E\" data-srcset=\"https:\/\/www.iidh.org\/wp-content\/uploads\/2024\/10\/HORIZON-AMITIE-RVB-200x182.jpg 200w, https:\/\/www.iidh.org\/wp-content\/uploads\/2024\/10\/HORIZON-AMITIE-RVB-400x364.jpg 400w, https:\/\/www.iidh.org\/wp-content\/uploads\/2024\/10\/HORIZON-AMITIE-RVB-600x546.jpg 600w, https:\/\/www.iidh.org\/wp-content\/uploads\/2024\/10\/HORIZON-AMITIE-RVB-800x728.jpg 800w, https:\/\/www.iidh.org\/wp-content\/uploads\/2024\/10\/HORIZON-AMITIE-RVB-1200x1091.jpg 1200w, https:\/\/www.iidh.org\/wp-content\/uploads\/2024\/10\/HORIZON-AMITIE-RVB.jpg 1248w\" data-sizes=\"auto\" data-orig-sizes=\"(min-width: 2200px) 100vw, (min-width: 824px) 373px, (min-width: 732px) 560px, (min-width: 640px) 732px, \" \/><\/a><\/div><\/div><div class=\"clearfix\"><\/div><div style=\"padding:40px;\" class=\"fusion-grid-column fusion-gallery-column fusion-gallery-column-3 hover-type-none\"><div class=\"fusion-gallery-image\"><a href=\"https:\/\/www.iidh.org\/wp-content\/uploads\/2024\/10\/IDHBP-Institut-des-droits-de-lhomme-du-Barreau-de-Paris.jpg\" rel=\"noreferrer\" data-rel=\"iLightbox[gallery_image_1]\" class=\"fusion-lightbox\" target=\"_self\"><img decoding=\"async\" src=\"https:\/\/www.iidh.org\/wp-content\/uploads\/2024\/10\/IDHBP-Institut-des-droits-de-lhomme-du-Barreau-de-Paris.jpg\" data-orig-src=\"https:\/\/www.iidh.org\/wp-content\/uploads\/2024\/10\/IDHBP-Institut-des-droits-de-lhomme-du-Barreau-de-Paris.jpg\" width=\"242\" height=\"250\" alt=\"\" title=\"IDHBP-Institut des droits de l\u2019homme du Barreau de Paris\" aria-label=\"IDHBP-Institut des droits de l\u2019homme du Barreau de Paris\" class=\"lazyload img-responsive wp-image-4030\" srcset=\"data:image\/svg+xml,%3Csvg%20xmlns%3D%27http%3A%2F%2Fwww.w3.org%2F2000%2Fsvg%27%20width%3D%27242%27%20height%3D%27250%27%20viewBox%3D%270%200%20242%20250%27%3E%3Crect%20width%3D%27242%27%20height%3D%27250%27%20fill-opacity%3D%220%22%2F%3E%3C%2Fsvg%3E\" data-srcset=\"https:\/\/www.iidh.org\/wp-content\/uploads\/2024\/10\/IDHBP-Institut-des-droits-de-lhomme-du-Barreau-de-Paris-200x207.jpg 200w, https:\/\/www.iidh.org\/wp-content\/uploads\/2024\/10\/IDHBP-Institut-des-droits-de-lhomme-du-Barreau-de-Paris.jpg 242w\" data-sizes=\"auto\" data-orig-sizes=\"(min-width: 2200px) 100vw, (min-width: 824px) 373px, (min-width: 732px) 560px, (min-width: 640px) 732px, \" \/><\/a><\/div><\/div><div style=\"padding:40px;\" class=\"fusion-grid-column fusion-gallery-column fusion-gallery-column-3 hover-type-none\"><div class=\"fusion-gallery-image\"><a href=\"https:\/\/www.iidh.org\/wp-content\/uploads\/2024\/10\/IRIC_Yaounde_Logo.png\" rel=\"noreferrer\" data-rel=\"iLightbox[gallery_image_1]\" class=\"fusion-lightbox\" target=\"_self\"><img decoding=\"async\" src=\"https:\/\/www.iidh.org\/wp-content\/uploads\/2024\/10\/IRIC_Yaounde_Logo.png\" data-orig-src=\"https:\/\/www.iidh.org\/wp-content\/uploads\/2024\/10\/IRIC_Yaounde_Logo.png\" width=\"2785\" height=\"1839\" alt=\"\" title=\"IRIC_Yaound\u00e9_Logo\" aria-label=\"IRIC_Yaound\u00e9_Logo\" class=\"lazyload img-responsive wp-image-4031\" srcset=\"data:image\/svg+xml,%3Csvg%20xmlns%3D%27http%3A%2F%2Fwww.w3.org%2F2000%2Fsvg%27%20width%3D%272785%27%20height%3D%271839%27%20viewBox%3D%270%200%202785%201839%27%3E%3Crect%20width%3D%272785%27%20height%3D%271839%27%20fill-opacity%3D%220%22%2F%3E%3C%2Fsvg%3E\" data-srcset=\"https:\/\/www.iidh.org\/wp-content\/uploads\/2024\/10\/IRIC_Yaounde_Logo-200x132.png 200w, https:\/\/www.iidh.org\/wp-content\/uploads\/2024\/10\/IRIC_Yaounde_Logo-400x264.png 400w, https:\/\/www.iidh.org\/wp-content\/uploads\/2024\/10\/IRIC_Yaounde_Logo-600x396.png 600w, https:\/\/www.iidh.org\/wp-content\/uploads\/2024\/10\/IRIC_Yaounde_Logo-800x528.png 800w, https:\/\/www.iidh.org\/wp-content\/uploads\/2024\/10\/IRIC_Yaounde_Logo-1200x792.png 1200w, https:\/\/www.iidh.org\/wp-content\/uploads\/2024\/10\/IRIC_Yaounde_Logo.png 2785w\" data-sizes=\"auto\" data-orig-sizes=\"(min-width: 2200px) 100vw, (min-width: 824px) 373px, (min-width: 732px) 560px, (min-width: 640px) 732px, \" \/><\/a><\/div><\/div><div style=\"padding:40px;\" class=\"fusion-grid-column fusion-gallery-column fusion-gallery-column-3 hover-type-none\"><div class=\"fusion-gallery-image\"><a href=\"https:\/\/www.iidh.org\/wp-content\/uploads\/2024\/10\/logo_cour-supreme-Senegal.jpg\" rel=\"noreferrer\" data-rel=\"iLightbox[gallery_image_1]\" class=\"fusion-lightbox\" target=\"_self\"><img decoding=\"async\" src=\"https:\/\/www.iidh.org\/wp-content\/uploads\/2024\/10\/logo_cour-supreme-Senegal.jpg\" data-orig-src=\"https:\/\/www.iidh.org\/wp-content\/uploads\/2024\/10\/logo_cour-supreme-Senegal.jpg\" width=\"341\" height=\"181\" alt=\"\" title=\"logo_cour-supreme S\u00e9n\u00e9gal\" aria-label=\"logo_cour-supreme S\u00e9n\u00e9gal\" class=\"lazyload img-responsive wp-image-4032\" srcset=\"data:image\/svg+xml,%3Csvg%20xmlns%3D%27http%3A%2F%2Fwww.w3.org%2F2000%2Fsvg%27%20width%3D%27341%27%20height%3D%27181%27%20viewBox%3D%270%200%20341%20181%27%3E%3Crect%20width%3D%27341%27%20height%3D%27181%27%20fill-opacity%3D%220%22%2F%3E%3C%2Fsvg%3E\" data-srcset=\"https:\/\/www.iidh.org\/wp-content\/uploads\/2024\/10\/logo_cour-supreme-Senegal-200x106.jpg 200w, https:\/\/www.iidh.org\/wp-content\/uploads\/2024\/10\/logo_cour-supreme-Senegal.jpg 341w\" data-sizes=\"auto\" data-orig-sizes=\"(min-width: 2200px) 100vw, (min-width: 824px) 373px, (min-width: 732px) 560px, (min-width: 640px) 732px, \" \/><\/a><\/div><\/div><div class=\"clearfix\"><\/div><div style=\"padding:40px;\" class=\"fusion-grid-column fusion-gallery-column fusion-gallery-column-3 hover-type-none\"><div class=\"fusion-gallery-image\"><a href=\"https:\/\/www.iidh.org\/wp-content\/uploads\/2024\/10\/logo_idehpucp.png\" rel=\"noreferrer\" data-rel=\"iLightbox[gallery_image_1]\" class=\"fusion-lightbox\" target=\"_self\"><img decoding=\"async\" src=\"https:\/\/www.iidh.org\/wp-content\/uploads\/2024\/10\/logo_idehpucp.png\" data-orig-src=\"https:\/\/www.iidh.org\/wp-content\/uploads\/2024\/10\/logo_idehpucp.png\" width=\"748\" height=\"250\" alt=\"\" title=\"logo_idehpucp\" aria-label=\"logo_idehpucp\" class=\"lazyload img-responsive wp-image-4033\" srcset=\"data:image\/svg+xml,%3Csvg%20xmlns%3D%27http%3A%2F%2Fwww.w3.org%2F2000%2Fsvg%27%20width%3D%27748%27%20height%3D%27250%27%20viewBox%3D%270%200%20748%20250%27%3E%3Crect%20width%3D%27748%27%20height%3D%27250%27%20fill-opacity%3D%220%22%2F%3E%3C%2Fsvg%3E\" data-srcset=\"https:\/\/www.iidh.org\/wp-content\/uploads\/2024\/10\/logo_idehpucp-200x67.png 200w, https:\/\/www.iidh.org\/wp-content\/uploads\/2024\/10\/logo_idehpucp-400x134.png 400w, https:\/\/www.iidh.org\/wp-content\/uploads\/2024\/10\/logo_idehpucp-600x201.png 600w, https:\/\/www.iidh.org\/wp-content\/uploads\/2024\/10\/logo_idehpucp.png 748w\" data-sizes=\"auto\" data-orig-sizes=\"(min-width: 2200px) 100vw, (min-width: 824px) 373px, (min-width: 732px) 560px, (min-width: 640px) 732px, \" \/><\/a><\/div><\/div><div style=\"padding:40px;\" class=\"fusion-grid-column fusion-gallery-column fusion-gallery-column-3 hover-type-none\"><div class=\"fusion-gallery-image\"><a href=\"https:\/\/www.iidh.org\/wp-content\/uploads\/2024\/10\/Logo-ECPM.png\" rel=\"noreferrer\" data-rel=\"iLightbox[gallery_image_1]\" class=\"fusion-lightbox\" target=\"_self\"><img decoding=\"async\" src=\"https:\/\/www.iidh.org\/wp-content\/uploads\/2024\/10\/Logo-ECPM.png\" data-orig-src=\"https:\/\/www.iidh.org\/wp-content\/uploads\/2024\/10\/Logo-ECPM.png\" width=\"346\" height=\"210\" alt=\"\" title=\"Logo-ECPM\" aria-label=\"Logo-ECPM\" class=\"lazyload img-responsive wp-image-4034\" srcset=\"data:image\/svg+xml,%3Csvg%20xmlns%3D%27http%3A%2F%2Fwww.w3.org%2F2000%2Fsvg%27%20width%3D%27346%27%20height%3D%27210%27%20viewBox%3D%270%200%20346%20210%27%3E%3Crect%20width%3D%27346%27%20height%3D%27210%27%20fill-opacity%3D%220%22%2F%3E%3C%2Fsvg%3E\" data-srcset=\"https:\/\/www.iidh.org\/wp-content\/uploads\/2024\/10\/Logo-ECPM-200x121.png 200w, https:\/\/www.iidh.org\/wp-content\/uploads\/2024\/10\/Logo-ECPM.png 346w\" data-sizes=\"auto\" data-orig-sizes=\"(min-width: 2200px) 100vw, (min-width: 824px) 373px, (min-width: 732px) 560px, (min-width: 640px) 732px, \" \/><\/a><\/div><\/div><div style=\"padding:40px;\" class=\"fusion-grid-column fusion-gallery-column fusion-gallery-column-3 hover-type-none\"><div class=\"fusion-gallery-image\"><a href=\"https:\/\/www.iidh.org\/wp-content\/uploads\/2024\/10\/ministere-de-la-justie.jpg\" rel=\"noreferrer\" data-rel=\"iLightbox[gallery_image_1]\" class=\"fusion-lightbox\" target=\"_self\"><img decoding=\"async\" src=\"https:\/\/www.iidh.org\/wp-content\/uploads\/2024\/10\/ministere-de-la-justie.jpg\" data-orig-src=\"https:\/\/www.iidh.org\/wp-content\/uploads\/2024\/10\/ministere-de-la-justie.jpg\" width=\"500\" height=\"406\" alt=\"\" title=\"Premier Ministre &#8211; Pantone\" aria-label=\"Premier Ministre &#8211; Pantone\" class=\"lazyload img-responsive wp-image-4035\" srcset=\"data:image\/svg+xml,%3Csvg%20xmlns%3D%27http%3A%2F%2Fwww.w3.org%2F2000%2Fsvg%27%20width%3D%27500%27%20height%3D%27406%27%20viewBox%3D%270%200%20500%20406%27%3E%3Crect%20width%3D%27500%27%20height%3D%27406%27%20fill-opacity%3D%220%22%2F%3E%3C%2Fsvg%3E\" data-srcset=\"https:\/\/www.iidh.org\/wp-content\/uploads\/2024\/10\/ministere-de-la-justie-200x162.jpg 200w, https:\/\/www.iidh.org\/wp-content\/uploads\/2024\/10\/ministere-de-la-justie-400x325.jpg 400w, https:\/\/www.iidh.org\/wp-content\/uploads\/2024\/10\/ministere-de-la-justie.jpg 500w\" data-sizes=\"auto\" data-orig-sizes=\"(min-width: 2200px) 100vw, (min-width: 824px) 373px, (min-width: 732px) 560px, (min-width: 640px) 732px, \" \/><\/a><\/div><\/div><div class=\"clearfix\"><\/div><div style=\"padding:40px;\" class=\"fusion-grid-column fusion-gallery-column fusion-gallery-column-3 hover-type-none\"><div class=\"fusion-gallery-image\"><a href=\"https:\/\/www.iidh.org\/wp-content\/uploads\/2024\/10\/Ministere-de-linterieur.png\" rel=\"noreferrer\" data-rel=\"iLightbox[gallery_image_1]\" class=\"fusion-lightbox\" target=\"_self\"><img decoding=\"async\" src=\"https:\/\/www.iidh.org\/wp-content\/uploads\/2024\/10\/Ministere-de-linterieur.png\" data-orig-src=\"https:\/\/www.iidh.org\/wp-content\/uploads\/2024\/10\/Ministere-de-linterieur.png\" width=\"1280\" height=\"977\" alt=\"\" title=\"Minist\u00e8re de l&#8217;int\u00e9rieur\" aria-label=\"Minist\u00e8re de l&#8217;int\u00e9rieur\" class=\"lazyload img-responsive wp-image-4036\" srcset=\"data:image\/svg+xml,%3Csvg%20xmlns%3D%27http%3A%2F%2Fwww.w3.org%2F2000%2Fsvg%27%20width%3D%271280%27%20height%3D%27977%27%20viewBox%3D%270%200%201280%20977%27%3E%3Crect%20width%3D%271280%27%20height%3D%27977%27%20fill-opacity%3D%220%22%2F%3E%3C%2Fsvg%3E\" data-srcset=\"https:\/\/www.iidh.org\/wp-content\/uploads\/2024\/10\/Ministere-de-linterieur-200x153.png 200w, https:\/\/www.iidh.org\/wp-content\/uploads\/2024\/10\/Ministere-de-linterieur-400x305.png 400w, https:\/\/www.iidh.org\/wp-content\/uploads\/2024\/10\/Ministere-de-linterieur-600x458.png 600w, https:\/\/www.iidh.org\/wp-content\/uploads\/2024\/10\/Ministere-de-linterieur-800x611.png 800w, https:\/\/www.iidh.org\/wp-content\/uploads\/2024\/10\/Ministere-de-linterieur-1200x916.png 1200w, https:\/\/www.iidh.org\/wp-content\/uploads\/2024\/10\/Ministere-de-linterieur.png 1280w\" data-sizes=\"auto\" data-orig-sizes=\"(min-width: 2200px) 100vw, (min-width: 824px) 373px, (min-width: 732px) 560px, (min-width: 640px) 732px, \" \/><\/a><\/div><\/div><div style=\"padding:40px;\" class=\"fusion-grid-column fusion-gallery-column fusion-gallery-column-3 hover-type-none\"><div class=\"fusion-gallery-image\"><a href=\"https:\/\/www.iidh.org\/wp-content\/uploads\/2024\/10\/Ministere_de_lEnseignement_Superieur_et_de_la_Recherche.png\" rel=\"noreferrer\" data-rel=\"iLightbox[gallery_image_1]\" class=\"fusion-lightbox\" target=\"_self\"><img decoding=\"async\" src=\"https:\/\/www.iidh.org\/wp-content\/uploads\/2024\/10\/Ministere_de_lEnseignement_Superieur_et_de_la_Recherche.png\" data-orig-src=\"https:\/\/www.iidh.org\/wp-content\/uploads\/2024\/10\/Ministere_de_lEnseignement_Superieur_et_de_la_Recherche.png\" width=\"1200\" height=\"881\" alt=\"\" title=\"Minist\u00e8re_de_l&#8217;Enseignement_Sup\u00e9rieur_et_de_la_Recherche\" aria-label=\"Minist\u00e8re_de_l&#8217;Enseignement_Sup\u00e9rieur_et_de_la_Recherche\" class=\"lazyload img-responsive wp-image-4037\" srcset=\"data:image\/svg+xml,%3Csvg%20xmlns%3D%27http%3A%2F%2Fwww.w3.org%2F2000%2Fsvg%27%20width%3D%271200%27%20height%3D%27881%27%20viewBox%3D%270%200%201200%20881%27%3E%3Crect%20width%3D%271200%27%20height%3D%27881%27%20fill-opacity%3D%220%22%2F%3E%3C%2Fsvg%3E\" data-srcset=\"https:\/\/www.iidh.org\/wp-content\/uploads\/2024\/10\/Ministere_de_lEnseignement_Superieur_et_de_la_Recherche-200x147.png 200w, https:\/\/www.iidh.org\/wp-content\/uploads\/2024\/10\/Ministere_de_lEnseignement_Superieur_et_de_la_Recherche-400x294.png 400w, https:\/\/www.iidh.org\/wp-content\/uploads\/2024\/10\/Ministere_de_lEnseignement_Superieur_et_de_la_Recherche-600x441.png 600w, https:\/\/www.iidh.org\/wp-content\/uploads\/2024\/10\/Ministere_de_lEnseignement_Superieur_et_de_la_Recherche-800x587.png 800w, https:\/\/www.iidh.org\/wp-content\/uploads\/2024\/10\/Ministere_de_lEnseignement_Superieur_et_de_la_Recherche.png 1200w\" data-sizes=\"auto\" data-orig-sizes=\"(min-width: 2200px) 100vw, (min-width: 824px) 373px, (min-width: 732px) 560px, (min-width: 640px) 732px, \" \/><\/a><\/div><\/div><div style=\"padding:40px;\" class=\"fusion-grid-column fusion-gallery-column fusion-gallery-column-3 hover-type-none\"><div class=\"fusion-gallery-image\"><a href=\"https:\/\/www.iidh.org\/wp-content\/uploads\/2024\/10\/Ministere_de_lEurope_et_des_Affaires_etrangeres.svg.png\" rel=\"noreferrer\" data-rel=\"iLightbox[gallery_image_1]\" class=\"fusion-lightbox\" target=\"_self\"><img decoding=\"async\" src=\"https:\/\/www.iidh.org\/wp-content\/uploads\/2024\/10\/Ministere_de_lEurope_et_des_Affaires_etrangeres.svg.png\" data-orig-src=\"https:\/\/www.iidh.org\/wp-content\/uploads\/2024\/10\/Ministere_de_lEurope_et_des_Affaires_etrangeres.svg.png\" width=\"800\" height=\"744\" alt=\"\" title=\"Minist\u00e8re_de_l&#8217;Europe_et_des_Affaires_\u00e9trang\u00e8res.svg\" aria-label=\"Minist\u00e8re_de_l&#8217;Europe_et_des_Affaires_\u00e9trang\u00e8res.svg\" class=\"lazyload img-responsive wp-image-4038\" srcset=\"data:image\/svg+xml,%3Csvg%20xmlns%3D%27http%3A%2F%2Fwww.w3.org%2F2000%2Fsvg%27%20width%3D%27800%27%20height%3D%27744%27%20viewBox%3D%270%200%20800%20744%27%3E%3Crect%20width%3D%27800%27%20height%3D%27744%27%20fill-opacity%3D%220%22%2F%3E%3C%2Fsvg%3E\" data-srcset=\"https:\/\/www.iidh.org\/wp-content\/uploads\/2024\/10\/Ministere_de_lEurope_et_des_Affaires_etrangeres.svg-200x186.png 200w, https:\/\/www.iidh.org\/wp-content\/uploads\/2024\/10\/Ministere_de_lEurope_et_des_Affaires_etrangeres.svg-400x372.png 400w, https:\/\/www.iidh.org\/wp-content\/uploads\/2024\/10\/Ministere_de_lEurope_et_des_Affaires_etrangeres.svg-600x558.png 600w, https:\/\/www.iidh.org\/wp-content\/uploads\/2024\/10\/Ministere_de_lEurope_et_des_Affaires_etrangeres.svg.png 800w\" data-sizes=\"auto\" data-orig-sizes=\"(min-width: 2200px) 100vw, (min-width: 824px) 373px, (min-width: 732px) 560px, (min-width: 640px) 732px, \" \/><\/a><\/div><\/div><div class=\"clearfix\"><\/div><div style=\"padding:40px;\" class=\"fusion-grid-column fusion-gallery-column fusion-gallery-column-3 hover-type-none\"><div class=\"fusion-gallery-image\"><a href=\"https:\/\/www.iidh.org\/wp-content\/uploads\/2024\/10\/nations-unies.jpg\" rel=\"noreferrer\" data-rel=\"iLightbox[gallery_image_1]\" class=\"fusion-lightbox\" target=\"_self\"><img decoding=\"async\" src=\"https:\/\/www.iidh.org\/wp-content\/uploads\/2024\/10\/nations-unies.jpg\" data-orig-src=\"https:\/\/www.iidh.org\/wp-content\/uploads\/2024\/10\/nations-unies.jpg\" width=\"513\" height=\"154\" alt=\"\" title=\"nations unies\" aria-label=\"nations unies\" class=\"lazyload img-responsive wp-image-4039\" srcset=\"data:image\/svg+xml,%3Csvg%20xmlns%3D%27http%3A%2F%2Fwww.w3.org%2F2000%2Fsvg%27%20width%3D%27513%27%20height%3D%27154%27%20viewBox%3D%270%200%20513%20154%27%3E%3Crect%20width%3D%27513%27%20height%3D%27154%27%20fill-opacity%3D%220%22%2F%3E%3C%2Fsvg%3E\" data-srcset=\"https:\/\/www.iidh.org\/wp-content\/uploads\/2024\/10\/nations-unies-200x60.jpg 200w, https:\/\/www.iidh.org\/wp-content\/uploads\/2024\/10\/nations-unies-400x120.jpg 400w, https:\/\/www.iidh.org\/wp-content\/uploads\/2024\/10\/nations-unies.jpg 513w\" data-sizes=\"auto\" data-orig-sizes=\"(min-width: 2200px) 100vw, (min-width: 824px) 373px, (min-width: 732px) 560px, (min-width: 640px) 732px, \" \/><\/a><\/div><\/div><div style=\"padding:40px;\" class=\"fusion-grid-column fusion-gallery-column fusion-gallery-column-3 hover-type-none\"><div class=\"fusion-gallery-image\"><a href=\"https:\/\/www.iidh.org\/wp-content\/uploads\/2024\/10\/OIF.png\" rel=\"noreferrer\" data-rel=\"iLightbox[gallery_image_1]\" class=\"fusion-lightbox\" target=\"_self\"><img decoding=\"async\" src=\"https:\/\/www.iidh.org\/wp-content\/uploads\/2024\/10\/OIF.png\" data-orig-src=\"https:\/\/www.iidh.org\/wp-content\/uploads\/2024\/10\/OIF.png\" width=\"1024\" height=\"439\" alt=\"\" title=\"OIF\" aria-label=\"OIF\" class=\"lazyload img-responsive wp-image-4040\" srcset=\"data:image\/svg+xml,%3Csvg%20xmlns%3D%27http%3A%2F%2Fwww.w3.org%2F2000%2Fsvg%27%20width%3D%271024%27%20height%3D%27439%27%20viewBox%3D%270%200%201024%20439%27%3E%3Crect%20width%3D%271024%27%20height%3D%27439%27%20fill-opacity%3D%220%22%2F%3E%3C%2Fsvg%3E\" data-srcset=\"https:\/\/www.iidh.org\/wp-content\/uploads\/2024\/10\/OIF-200x86.png 200w, https:\/\/www.iidh.org\/wp-content\/uploads\/2024\/10\/OIF-400x171.png 400w, https:\/\/www.iidh.org\/wp-content\/uploads\/2024\/10\/OIF-600x257.png 600w, https:\/\/www.iidh.org\/wp-content\/uploads\/2024\/10\/OIF-800x343.png 800w, https:\/\/www.iidh.org\/wp-content\/uploads\/2024\/10\/OIF.png 1024w\" data-sizes=\"auto\" data-orig-sizes=\"(min-width: 2200px) 100vw, (min-width: 824px) 373px, (min-width: 732px) 560px, (min-width: 640px) 732px, \" \/><\/a><\/div><\/div><div style=\"padding:40px;\" class=\"fusion-grid-column fusion-gallery-column fusion-gallery-column-3 hover-type-none\"><div class=\"fusion-gallery-image\"><a href=\"https:\/\/www.iidh.org\/wp-content\/uploads\/2024\/10\/Paris-Pantheon-Assas-Universite.png\" rel=\"noreferrer\" data-rel=\"iLightbox[gallery_image_1]\" class=\"fusion-lightbox\" target=\"_self\"><img decoding=\"async\" src=\"https:\/\/www.iidh.org\/wp-content\/uploads\/2024\/10\/Paris-Pantheon-Assas-Universite.png\" data-orig-src=\"https:\/\/www.iidh.org\/wp-content\/uploads\/2024\/10\/Paris-Pantheon-Assas-Universite.png\" width=\"1035\" height=\"669\" alt=\"\" title=\"Paris Panth\u00e9on-Assas Universit\u00e9\" aria-label=\"Paris Panth\u00e9on-Assas Universit\u00e9\" class=\"lazyload img-responsive wp-image-4041\" srcset=\"data:image\/svg+xml,%3Csvg%20xmlns%3D%27http%3A%2F%2Fwww.w3.org%2F2000%2Fsvg%27%20width%3D%271035%27%20height%3D%27669%27%20viewBox%3D%270%200%201035%20669%27%3E%3Crect%20width%3D%271035%27%20height%3D%27669%27%20fill-opacity%3D%220%22%2F%3E%3C%2Fsvg%3E\" data-srcset=\"https:\/\/www.iidh.org\/wp-content\/uploads\/2024\/10\/Paris-Pantheon-Assas-Universite-200x129.png 200w, https:\/\/www.iidh.org\/wp-content\/uploads\/2024\/10\/Paris-Pantheon-Assas-Universite-400x259.png 400w, https:\/\/www.iidh.org\/wp-content\/uploads\/2024\/10\/Paris-Pantheon-Assas-Universite-600x388.png 600w, https:\/\/www.iidh.org\/wp-content\/uploads\/2024\/10\/Paris-Pantheon-Assas-Universite-800x517.png 800w, https:\/\/www.iidh.org\/wp-content\/uploads\/2024\/10\/Paris-Pantheon-Assas-Universite.png 1035w\" data-sizes=\"auto\" data-orig-sizes=\"(min-width: 2200px) 100vw, (min-width: 824px) 373px, (min-width: 732px) 560px, (min-width: 640px) 732px, \" \/><\/a><\/div><\/div><div class=\"clearfix\"><\/div><div style=\"padding:40px;\" class=\"fusion-grid-column fusion-gallery-column fusion-gallery-column-3 hover-type-none\"><div class=\"fusion-gallery-image\"><a href=\"https:\/\/www.iidh.org\/wp-content\/uploads\/2024\/10\/Parlement-europeen.jpg\" rel=\"noreferrer\" data-rel=\"iLightbox[gallery_image_1]\" class=\"fusion-lightbox\" target=\"_self\"><img decoding=\"async\" src=\"https:\/\/www.iidh.org\/wp-content\/uploads\/2024\/10\/Parlement-europeen.jpg\" data-orig-src=\"https:\/\/www.iidh.org\/wp-content\/uploads\/2024\/10\/Parlement-europeen.jpg\" width=\"346\" height=\"346\" alt=\"\" title=\"Parlement europ\u00e9en\" aria-label=\"Parlement europ\u00e9en\" class=\"lazyload img-responsive wp-image-4042\" srcset=\"data:image\/svg+xml,%3Csvg%20xmlns%3D%27http%3A%2F%2Fwww.w3.org%2F2000%2Fsvg%27%20width%3D%27346%27%20height%3D%27346%27%20viewBox%3D%270%200%20346%20346%27%3E%3Crect%20width%3D%27346%27%20height%3D%27346%27%20fill-opacity%3D%220%22%2F%3E%3C%2Fsvg%3E\" data-srcset=\"https:\/\/www.iidh.org\/wp-content\/uploads\/2024\/10\/Parlement-europeen-200x200.jpg 200w, https:\/\/www.iidh.org\/wp-content\/uploads\/2024\/10\/Parlement-europeen.jpg 346w\" data-sizes=\"auto\" data-orig-sizes=\"(min-width: 2200px) 100vw, (min-width: 824px) 373px, (min-width: 732px) 560px, (min-width: 640px) 732px, \" \/><\/a><\/div><\/div><div style=\"padding:40px;\" class=\"fusion-grid-column fusion-gallery-column fusion-gallery-column-3 hover-type-none\"><div class=\"fusion-gallery-image\"><a href=\"https:\/\/www.iidh.org\/wp-content\/uploads\/2024\/10\/PNUD-logo.png\" rel=\"noreferrer\" data-rel=\"iLightbox[gallery_image_1]\" class=\"fusion-lightbox\" target=\"_self\"><img decoding=\"async\" src=\"https:\/\/www.iidh.org\/wp-content\/uploads\/2024\/10\/PNUD-logo.png\" data-orig-src=\"https:\/\/www.iidh.org\/wp-content\/uploads\/2024\/10\/PNUD-logo.png\" width=\"800\" height=\"1620\" alt=\"\" title=\"PNUD logo\" aria-label=\"PNUD logo\" class=\"lazyload img-responsive wp-image-4043\" srcset=\"data:image\/svg+xml,%3Csvg%20xmlns%3D%27http%3A%2F%2Fwww.w3.org%2F2000%2Fsvg%27%20width%3D%27800%27%20height%3D%271620%27%20viewBox%3D%270%200%20800%201620%27%3E%3Crect%20width%3D%27800%27%20height%3D%271620%27%20fill-opacity%3D%220%22%2F%3E%3C%2Fsvg%3E\" data-srcset=\"https:\/\/www.iidh.org\/wp-content\/uploads\/2024\/10\/PNUD-logo-200x405.png 200w, https:\/\/www.iidh.org\/wp-content\/uploads\/2024\/10\/PNUD-logo-400x810.png 400w, https:\/\/www.iidh.org\/wp-content\/uploads\/2024\/10\/PNUD-logo-600x1215.png 600w, https:\/\/www.iidh.org\/wp-content\/uploads\/2024\/10\/PNUD-logo.png 800w\" data-sizes=\"auto\" data-orig-sizes=\"(min-width: 2200px) 100vw, (min-width: 824px) 373px, (min-width: 732px) 560px, (min-width: 640px) 732px, \" \/><\/a><\/div><\/div><div style=\"padding:40px;\" class=\"fusion-grid-column fusion-gallery-column fusion-gallery-column-3 hover-type-none\"><div class=\"fusion-gallery-image\"><a href=\"https:\/\/www.iidh.org\/wp-content\/uploads\/2024\/10\/rdlf.jpg\" rel=\"noreferrer\" data-rel=\"iLightbox[gallery_image_1]\" class=\"fusion-lightbox\" target=\"_self\"><img decoding=\"async\" src=\"https:\/\/www.iidh.org\/wp-content\/uploads\/2024\/10\/rdlf.jpg\" data-orig-src=\"https:\/\/www.iidh.org\/wp-content\/uploads\/2024\/10\/rdlf.jpg\" width=\"225\" height=\"225\" alt=\"\" title=\"rdlf\" aria-label=\"rdlf\" class=\"lazyload img-responsive wp-image-4044\" srcset=\"data:image\/svg+xml,%3Csvg%20xmlns%3D%27http%3A%2F%2Fwww.w3.org%2F2000%2Fsvg%27%20width%3D%27225%27%20height%3D%27225%27%20viewBox%3D%270%200%20225%20225%27%3E%3Crect%20width%3D%27225%27%20height%3D%27225%27%20fill-opacity%3D%220%22%2F%3E%3C%2Fsvg%3E\" data-srcset=\"https:\/\/www.iidh.org\/wp-content\/uploads\/2024\/10\/rdlf-200x200.jpg 200w, https:\/\/www.iidh.org\/wp-content\/uploads\/2024\/10\/rdlf.jpg 225w\" data-sizes=\"auto\" data-orig-sizes=\"(min-width: 2200px) 100vw, (min-width: 824px) 373px, (min-width: 732px) 560px, (min-width: 640px) 732px, \" \/><\/a><\/div><\/div><div class=\"clearfix\"><\/div><div style=\"padding:40px;\" class=\"fusion-grid-column fusion-gallery-column fusion-gallery-column-3 hover-type-none\"><div class=\"fusion-gallery-image\"><a href=\"https:\/\/www.iidh.org\/wp-content\/uploads\/2024\/10\/Region-Grand-est-scaled.jpg\" rel=\"noreferrer\" data-rel=\"iLightbox[gallery_image_1]\" class=\"fusion-lightbox\" target=\"_self\"><img decoding=\"async\" src=\"https:\/\/www.iidh.org\/wp-content\/uploads\/2024\/10\/Region-Grand-est-scaled.jpg\" data-orig-src=\"https:\/\/www.iidh.org\/wp-content\/uploads\/2024\/10\/Region-Grand-est-scaled.jpg\" width=\"2560\" height=\"857\" alt=\"\" title=\"R\u00e9gion Grand est\" aria-label=\"R\u00e9gion Grand est\" class=\"lazyload img-responsive wp-image-4045\" srcset=\"data:image\/svg+xml,%3Csvg%20xmlns%3D%27http%3A%2F%2Fwww.w3.org%2F2000%2Fsvg%27%20width%3D%272560%27%20height%3D%27857%27%20viewBox%3D%270%200%202560%20857%27%3E%3Crect%20width%3D%272560%27%20height%3D%27857%27%20fill-opacity%3D%220%22%2F%3E%3C%2Fsvg%3E\" data-srcset=\"https:\/\/www.iidh.org\/wp-content\/uploads\/2024\/10\/Region-Grand-est-200x67.jpg 200w, https:\/\/www.iidh.org\/wp-content\/uploads\/2024\/10\/Region-Grand-est-400x134.jpg 400w, https:\/\/www.iidh.org\/wp-content\/uploads\/2024\/10\/Region-Grand-est-600x201.jpg 600w, https:\/\/www.iidh.org\/wp-content\/uploads\/2024\/10\/Region-Grand-est-800x268.jpg 800w, https:\/\/www.iidh.org\/wp-content\/uploads\/2024\/10\/Region-Grand-est-1200x402.jpg 1200w, https:\/\/www.iidh.org\/wp-content\/uploads\/2024\/10\/Region-Grand-est-scaled.jpg 2560w\" data-sizes=\"auto\" data-orig-sizes=\"(min-width: 2200px) 100vw, (min-width: 824px) 373px, (min-width: 732px) 560px, (min-width: 640px) 732px, \" \/><\/a><\/div><\/div><div style=\"padding:40px;\" class=\"fusion-grid-column fusion-gallery-column fusion-gallery-column-3 hover-type-none\"><div class=\"fusion-gallery-image\"><a href=\"https:\/\/www.iidh.org\/wp-content\/uploads\/2024\/10\/RP-Danemark.png\" rel=\"noreferrer\" data-rel=\"iLightbox[gallery_image_1]\" class=\"fusion-lightbox\" target=\"_self\"><img decoding=\"async\" src=\"https:\/\/www.iidh.org\/wp-content\/uploads\/2024\/10\/RP-Danemark.png\" data-orig-src=\"https:\/\/www.iidh.org\/wp-content\/uploads\/2024\/10\/RP-Danemark.png\" width=\"482\" height=\"104\" alt=\"\" title=\"RP Danemark\" aria-label=\"RP Danemark\" class=\"lazyload img-responsive wp-image-4046\" srcset=\"data:image\/svg+xml,%3Csvg%20xmlns%3D%27http%3A%2F%2Fwww.w3.org%2F2000%2Fsvg%27%20width%3D%27482%27%20height%3D%27104%27%20viewBox%3D%270%200%20482%20104%27%3E%3Crect%20width%3D%27482%27%20height%3D%27104%27%20fill-opacity%3D%220%22%2F%3E%3C%2Fsvg%3E\" data-srcset=\"https:\/\/www.iidh.org\/wp-content\/uploads\/2024\/10\/RP-Danemark-200x43.png 200w, https:\/\/www.iidh.org\/wp-content\/uploads\/2024\/10\/RP-Danemark-400x86.png 400w, https:\/\/www.iidh.org\/wp-content\/uploads\/2024\/10\/RP-Danemark.png 482w\" data-sizes=\"auto\" data-orig-sizes=\"(min-width: 2200px) 100vw, (min-width: 824px) 373px, (min-width: 732px) 560px, (min-width: 640px) 732px, \" \/><\/a><\/div><\/div><div style=\"padding:40px;\" class=\"fusion-grid-column fusion-gallery-column fusion-gallery-column-3 hover-type-none\"><div class=\"fusion-gallery-image\"><a href=\"https:\/\/www.iidh.org\/wp-content\/uploads\/2024\/10\/RP-France.png\" rel=\"noreferrer\" data-rel=\"iLightbox[gallery_image_1]\" class=\"fusion-lightbox\" target=\"_self\"><img decoding=\"async\" src=\"https:\/\/www.iidh.org\/wp-content\/uploads\/2024\/10\/RP-France.png\" data-orig-src=\"https:\/\/www.iidh.org\/wp-content\/uploads\/2024\/10\/RP-France.png\" width=\"1920\" height=\"901\" alt=\"\" title=\"RP France\" aria-label=\"RP France\" class=\"lazyload img-responsive wp-image-4047\" srcset=\"data:image\/svg+xml,%3Csvg%20xmlns%3D%27http%3A%2F%2Fwww.w3.org%2F2000%2Fsvg%27%20width%3D%271920%27%20height%3D%27901%27%20viewBox%3D%270%200%201920%20901%27%3E%3Crect%20width%3D%271920%27%20height%3D%27901%27%20fill-opacity%3D%220%22%2F%3E%3C%2Fsvg%3E\" data-srcset=\"https:\/\/www.iidh.org\/wp-content\/uploads\/2024\/10\/RP-France-200x94.png 200w, https:\/\/www.iidh.org\/wp-content\/uploads\/2024\/10\/RP-France-400x188.png 400w, https:\/\/www.iidh.org\/wp-content\/uploads\/2024\/10\/RP-France-600x282.png 600w, https:\/\/www.iidh.org\/wp-content\/uploads\/2024\/10\/RP-France-800x375.png 800w, https:\/\/www.iidh.org\/wp-content\/uploads\/2024\/10\/RP-France-1200x563.png 1200w, https:\/\/www.iidh.org\/wp-content\/uploads\/2024\/10\/RP-France.png 1920w\" data-sizes=\"auto\" data-orig-sizes=\"(min-width: 2200px) 100vw, (min-width: 824px) 373px, (min-width: 732px) 560px, (min-width: 640px) 732px, \" \/><\/a><\/div><\/div><div class=\"clearfix\"><\/div><div style=\"padding:40px;\" class=\"fusion-grid-column fusion-gallery-column fusion-gallery-column-3 hover-type-none\"><div class=\"fusion-gallery-image\"><a href=\"https:\/\/www.iidh.org\/wp-content\/uploads\/2024\/10\/RP-Suisse.jpg\" rel=\"noreferrer\" data-rel=\"iLightbox[gallery_image_1]\" class=\"fusion-lightbox\" target=\"_self\"><img decoding=\"async\" src=\"https:\/\/www.iidh.org\/wp-content\/uploads\/2024\/10\/RP-Suisse.jpg\" data-orig-src=\"https:\/\/www.iidh.org\/wp-content\/uploads\/2024\/10\/RP-Suisse.jpg\" width=\"620\" height=\"330\" alt=\"\" title=\"RP Suisse\" aria-label=\"RP Suisse\" class=\"lazyload img-responsive wp-image-4048\" srcset=\"data:image\/svg+xml,%3Csvg%20xmlns%3D%27http%3A%2F%2Fwww.w3.org%2F2000%2Fsvg%27%20width%3D%27620%27%20height%3D%27330%27%20viewBox%3D%270%200%20620%20330%27%3E%3Crect%20width%3D%27620%27%20height%3D%27330%27%20fill-opacity%3D%220%22%2F%3E%3C%2Fsvg%3E\" data-srcset=\"https:\/\/www.iidh.org\/wp-content\/uploads\/2024\/10\/RP-Suisse-200x106.jpg 200w, https:\/\/www.iidh.org\/wp-content\/uploads\/2024\/10\/RP-Suisse-400x213.jpg 400w, https:\/\/www.iidh.org\/wp-content\/uploads\/2024\/10\/RP-Suisse-600x319.jpg 600w, https:\/\/www.iidh.org\/wp-content\/uploads\/2024\/10\/RP-Suisse.jpg 620w\" data-sizes=\"auto\" data-orig-sizes=\"(min-width: 2200px) 100vw, (min-width: 824px) 373px, (min-width: 732px) 560px, (min-width: 640px) 732px, \" \/><\/a><\/div><\/div><div style=\"padding:40px;\" class=\"fusion-grid-column fusion-gallery-column fusion-gallery-column-3 hover-type-none\"><div class=\"fusion-gallery-image\"><a href=\"https:\/\/www.iidh.org\/wp-content\/uploads\/2024\/10\/Sciences-po.png\" rel=\"noreferrer\" data-rel=\"iLightbox[gallery_image_1]\" class=\"fusion-lightbox\" target=\"_self\"><img decoding=\"async\" src=\"https:\/\/www.iidh.org\/wp-content\/uploads\/2024\/10\/Sciences-po.png\" data-orig-src=\"https:\/\/www.iidh.org\/wp-content\/uploads\/2024\/10\/Sciences-po.png\" width=\"1024\" height=\"273\" alt=\"\" title=\"Sciences po\" aria-label=\"Sciences po\" class=\"lazyload img-responsive wp-image-4049\" srcset=\"data:image\/svg+xml,%3Csvg%20xmlns%3D%27http%3A%2F%2Fwww.w3.org%2F2000%2Fsvg%27%20width%3D%271024%27%20height%3D%27273%27%20viewBox%3D%270%200%201024%20273%27%3E%3Crect%20width%3D%271024%27%20height%3D%27273%27%20fill-opacity%3D%220%22%2F%3E%3C%2Fsvg%3E\" data-srcset=\"https:\/\/www.iidh.org\/wp-content\/uploads\/2024\/10\/Sciences-po-200x53.png 200w, https:\/\/www.iidh.org\/wp-content\/uploads\/2024\/10\/Sciences-po-400x107.png 400w, https:\/\/www.iidh.org\/wp-content\/uploads\/2024\/10\/Sciences-po-600x160.png 600w, https:\/\/www.iidh.org\/wp-content\/uploads\/2024\/10\/Sciences-po-800x213.png 800w, https:\/\/www.iidh.org\/wp-content\/uploads\/2024\/10\/Sciences-po.png 1024w\" data-sizes=\"auto\" data-orig-sizes=\"(min-width: 2200px) 100vw, (min-width: 824px) 373px, (min-width: 732px) 560px, (min-width: 640px) 732px, \" \/><\/a><\/div><\/div><div style=\"padding:40px;\" class=\"fusion-grid-column fusion-gallery-column fusion-gallery-column-3 hover-type-none\"><div class=\"fusion-gallery-image\"><a href=\"https:\/\/www.iidh.org\/wp-content\/uploads\/2024\/10\/unesco.svg\" rel=\"noreferrer\" data-rel=\"iLightbox[gallery_image_1]\" class=\"fusion-lightbox\" target=\"_self\"><img decoding=\"async\" src=\"data:image\/svg+xml,%3Csvg%20xmlns%3D%27http%3A%2F%2Fwww.w3.org%2F2000%2Fsvg%27%20width%3D%272500%27%20height%3D%272500%27%20viewBox%3D%270%200%202500%202500%27%3E%3Crect%20width%3D%272500%27%20height%3D%272500%27%20fill-opacity%3D%220%22%2F%3E%3C%2Fsvg%3E\" data-orig-src=\"https:\/\/www.iidh.org\/wp-content\/uploads\/2024\/10\/unesco.svg\" width=\"2500\" height=\"2500\" alt=\"\" title=\"unesco\" aria-label=\"unesco\" class=\"lazyload img-responsive wp-image-4050\"  \/><\/a><\/div><\/div><div class=\"clearfix\"><\/div><div style=\"padding:40px;\" class=\"fusion-grid-column fusion-gallery-column fusion-gallery-column-3 hover-type-none\"><div class=\"fusion-gallery-image\"><a href=\"https:\/\/www.iidh.org\/wp-content\/uploads\/2024\/10\/UNHCR-Horizontal-2-lines-blue.png\" rel=\"noreferrer\" data-rel=\"iLightbox[gallery_image_1]\" class=\"fusion-lightbox\" target=\"_self\"><img decoding=\"async\" src=\"https:\/\/www.iidh.org\/wp-content\/uploads\/2024\/10\/UNHCR-Horizontal-2-lines-blue.png\" data-orig-src=\"https:\/\/www.iidh.org\/wp-content\/uploads\/2024\/10\/UNHCR-Horizontal-2-lines-blue.png\" width=\"1192\" height=\"540\" alt=\"\" title=\"UNHCR Horizontal 2 lines blue\" aria-label=\"UNHCR Horizontal 2 lines blue\" class=\"lazyload img-responsive wp-image-4051\" srcset=\"data:image\/svg+xml,%3Csvg%20xmlns%3D%27http%3A%2F%2Fwww.w3.org%2F2000%2Fsvg%27%20width%3D%271192%27%20height%3D%27540%27%20viewBox%3D%270%200%201192%20540%27%3E%3Crect%20width%3D%271192%27%20height%3D%27540%27%20fill-opacity%3D%220%22%2F%3E%3C%2Fsvg%3E\" data-srcset=\"https:\/\/www.iidh.org\/wp-content\/uploads\/2024\/10\/UNHCR-Horizontal-2-lines-blue-200x91.png 200w, https:\/\/www.iidh.org\/wp-content\/uploads\/2024\/10\/UNHCR-Horizontal-2-lines-blue-400x181.png 400w, https:\/\/www.iidh.org\/wp-content\/uploads\/2024\/10\/UNHCR-Horizontal-2-lines-blue-600x272.png 600w, https:\/\/www.iidh.org\/wp-content\/uploads\/2024\/10\/UNHCR-Horizontal-2-lines-blue-800x362.png 800w, https:\/\/www.iidh.org\/wp-content\/uploads\/2024\/10\/UNHCR-Horizontal-2-lines-blue.png 1192w\" data-sizes=\"auto\" data-orig-sizes=\"(min-width: 2200px) 100vw, (min-width: 824px) 373px, (min-width: 732px) 560px, (min-width: 640px) 732px, \" \/><\/a><\/div><\/div><div style=\"padding:40px;\" class=\"fusion-grid-column fusion-gallery-column fusion-gallery-column-3 hover-type-none\"><div class=\"fusion-gallery-image\"><a href=\"https:\/\/www.iidh.org\/wp-content\/uploads\/2024\/10\/universite-de-strasbourg.png\" rel=\"noreferrer\" data-rel=\"iLightbox[gallery_image_1]\" class=\"fusion-lightbox\" target=\"_self\"><img decoding=\"async\" src=\"https:\/\/www.iidh.org\/wp-content\/uploads\/2024\/10\/universite-de-strasbourg.png\" data-orig-src=\"https:\/\/www.iidh.org\/wp-content\/uploads\/2024\/10\/universite-de-strasbourg.png\" width=\"798\" height=\"290\" alt=\"\" title=\"universit\u00e9 de strasbourg\" aria-label=\"universit\u00e9 de strasbourg\" class=\"lazyload img-responsive wp-image-4052\" srcset=\"data:image\/svg+xml,%3Csvg%20xmlns%3D%27http%3A%2F%2Fwww.w3.org%2F2000%2Fsvg%27%20width%3D%27798%27%20height%3D%27290%27%20viewBox%3D%270%200%20798%20290%27%3E%3Crect%20width%3D%27798%27%20height%3D%27290%27%20fill-opacity%3D%220%22%2F%3E%3C%2Fsvg%3E\" data-srcset=\"https:\/\/www.iidh.org\/wp-content\/uploads\/2024\/10\/universite-de-strasbourg-200x73.png 200w, https:\/\/www.iidh.org\/wp-content\/uploads\/2024\/10\/universite-de-strasbourg-400x145.png 400w, https:\/\/www.iidh.org\/wp-content\/uploads\/2024\/10\/universite-de-strasbourg-600x218.png 600w, https:\/\/www.iidh.org\/wp-content\/uploads\/2024\/10\/universite-de-strasbourg.png 798w\" data-sizes=\"auto\" data-orig-sizes=\"(min-width: 2200px) 100vw, (min-width: 824px) 373px, (min-width: 732px) 560px, (min-width: 640px) 732px, \" \/><\/a><\/div><\/div><\/div><\/div><\/div><\/div><\/div><\/div>\n","protected":false},"excerpt":{"rendered":"","protected":false},"author":1,"featured_media":0,"parent":5179,"menu_order":0,"comment_status":"closed","ping_status":"closed","template":"100-width.php","meta":{"footnotes":""},"class_list":["post-5152","page","type-page","status-publish","hentry"],"yoast_head":"<!-- This site is optimized with the Yoast SEO plugin v27.5 - https:\/\/yoast.com\/product\/yoast-seo-wordpress\/ -->\n<title>Socios de la Fundaci\u00f3n - Fondation Ren\u00e9 CASSIN<\/title>\n<meta name=\"robots\" content=\"index, follow, max-snippet:-1, max-image-preview:large, max-video-preview:-1\" \/>\n<link rel=\"canonical\" href=\"https:\/\/www.iidh.org\/es\/fundacion\/socios-de-la-fundacion\/\" \/>\n<meta property=\"og:locale\" content=\"es_ES\" \/>\n<meta property=\"og:type\" content=\"article\" \/>\n<meta property=\"og:title\" content=\"Socios de la Fundaci\u00f3n - Fondation Ren\u00e9 CASSIN\" \/>\n<meta property=\"og:url\" content=\"https:\/\/www.iidh.org\/es\/fundacion\/socios-de-la-fundacion\/\" \/>\n<meta property=\"og:site_name\" content=\"Fondation Ren\u00e9 CASSIN\" \/>\n<meta property=\"article:publisher\" content=\"https:\/\/www.facebook.com\/FondationReneCassin\/\" \/>\n<meta property=\"article:modified_time\" content=\"2024-10-10T14:33:01+00:00\" \/>\n<meta property=\"og:image\" content=\"https:\/\/www.iidh.org\/wp-content\/uploads\/2024\/10\/vignette-iidh.jpg\" \/>\n\t<meta property=\"og:image:width\" content=\"1200\" \/>\n\t<meta property=\"og:image:height\" content=\"675\" \/>\n\t<meta property=\"og:image:type\" content=\"image\/jpeg\" \/>\n<meta name=\"twitter:card\" content=\"summary_large_image\" \/>\n<meta name=\"twitter:site\" content=\"@IIDHStrasbourg\" \/>\n<meta name=\"twitter:label1\" content=\"Tiempo de lectura\" \/>\n\t<meta name=\"twitter:data1\" content=\"8 minutos\" \/>\n<script type=\"application\/ld+json\" class=\"yoast-schema-graph\">{\"@context\":\"https:\\\/\\\/schema.org\",\"@graph\":[{\"@type\":\"WebPage\",\"@id\":\"https:\\\/\\\/www.iidh.org\\\/es\\\/fundacion\\\/socios-de-la-fundacion\\\/\",\"url\":\"https:\\\/\\\/www.iidh.org\\\/es\\\/fundacion\\\/socios-de-la-fundacion\\\/\",\"name\":\"Socios de la Fundaci\u00f3n - Fondation Ren\u00e9 CASSIN\",\"isPartOf\":{\"@id\":\"https:\\\/\\\/www.iidh.org\\\/es\\\/#website\"},\"datePublished\":\"2024-10-01T13:49:21+00:00\",\"dateModified\":\"2024-10-10T14:33:01+00:00\",\"breadcrumb\":{\"@id\":\"https:\\\/\\\/www.iidh.org\\\/es\\\/fundacion\\\/socios-de-la-fundacion\\\/#breadcrumb\"},\"inLanguage\":\"es\",\"potentialAction\":[{\"@type\":\"ReadAction\",\"target\":[\"https:\\\/\\\/www.iidh.org\\\/es\\\/fundacion\\\/socios-de-la-fundacion\\\/\"]}]},{\"@type\":\"BreadcrumbList\",\"@id\":\"https:\\\/\\\/www.iidh.org\\\/es\\\/fundacion\\\/socios-de-la-fundacion\\\/#breadcrumb\",\"itemListElement\":[{\"@type\":\"ListItem\",\"position\":1,\"name\":\"Accueil\",\"item\":\"https:\\\/\\\/www.iidh.org\\\/es\\\/\"},{\"@type\":\"ListItem\",\"position\":2,\"name\":\"Fundaci\u00f3n\",\"item\":\"https:\\\/\\\/www.iidh.org\\\/es\\\/fundacion\\\/\"},{\"@type\":\"ListItem\",\"position\":3,\"name\":\"Socios de la Fundaci\u00f3n\"}]},{\"@type\":\"WebSite\",\"@id\":\"https:\\\/\\\/www.iidh.org\\\/es\\\/#website\",\"url\":\"https:\\\/\\\/www.iidh.org\\\/es\\\/\",\"name\":\"Fondation Ren\u00e9 CASSIN\",\"description\":\"\",\"publisher\":{\"@id\":\"https:\\\/\\\/www.iidh.org\\\/es\\\/#organization\"},\"potentialAction\":[{\"@type\":\"SearchAction\",\"target\":{\"@type\":\"EntryPoint\",\"urlTemplate\":\"https:\\\/\\\/www.iidh.org\\\/es\\\/?s={search_term_string}\"},\"query-input\":{\"@type\":\"PropertyValueSpecification\",\"valueRequired\":true,\"valueName\":\"search_term_string\"}}],\"inLanguage\":\"es\"},{\"@type\":\"Organization\",\"@id\":\"https:\\\/\\\/www.iidh.org\\\/es\\\/#organization\",\"name\":\"Fondation Ren\u00e9 CASSIN\",\"url\":\"https:\\\/\\\/www.iidh.org\\\/es\\\/\",\"logo\":{\"@type\":\"ImageObject\",\"inLanguage\":\"es\",\"@id\":\"https:\\\/\\\/www.iidh.org\\\/es\\\/#\\\/schema\\\/logo\\\/image\\\/\",\"url\":\"https:\\\/\\\/www.iidh.org\\\/wp-content\\\/uploads\\\/2024\\\/09\\\/LOGO_FRC-rouge.svg\",\"contentUrl\":\"https:\\\/\\\/www.iidh.org\\\/wp-content\\\/uploads\\\/2024\\\/09\\\/LOGO_FRC-rouge.svg\",\"width\":699,\"height\":221,\"caption\":\"Fondation Ren\u00e9 CASSIN\"},\"image\":{\"@id\":\"https:\\\/\\\/www.iidh.org\\\/es\\\/#\\\/schema\\\/logo\\\/image\\\/\"},\"sameAs\":[\"https:\\\/\\\/www.facebook.com\\\/FondationReneCassin\\\/\",\"https:\\\/\\\/x.com\\\/IIDHStrasbourg\",\"https:\\\/\\\/www.instagram.com\\\/fondationrenecassin\\\/\"]}]}<\/script>\n<!-- \/ Yoast SEO plugin. -->","yoast_head_json":{"title":"Socios de la Fundaci\u00f3n - Fondation Ren\u00e9 CASSIN","robots":{"index":"index","follow":"follow","max-snippet":"max-snippet:-1","max-image-preview":"max-image-preview:large","max-video-preview":"max-video-preview:-1"},"canonical":"https:\/\/www.iidh.org\/es\/fundacion\/socios-de-la-fundacion\/","og_locale":"es_ES","og_type":"article","og_title":"Socios de la Fundaci\u00f3n - Fondation Ren\u00e9 CASSIN","og_url":"https:\/\/www.iidh.org\/es\/fundacion\/socios-de-la-fundacion\/","og_site_name":"Fondation Ren\u00e9 CASSIN","article_publisher":"https:\/\/www.facebook.com\/FondationReneCassin\/","article_modified_time":"2024-10-10T14:33:01+00:00","og_image":[{"width":1200,"height":675,"url":"https:\/\/www.iidh.org\/wp-content\/uploads\/2024\/10\/vignette-iidh.jpg","type":"image\/jpeg"}],"twitter_card":"summary_large_image","twitter_site":"@IIDHStrasbourg","twitter_misc":{"Tiempo de lectura":"8 minutos"},"schema":{"@context":"https:\/\/schema.org","@graph":[{"@type":"WebPage","@id":"https:\/\/www.iidh.org\/es\/fundacion\/socios-de-la-fundacion\/","url":"https:\/\/www.iidh.org\/es\/fundacion\/socios-de-la-fundacion\/","name":"Socios de la Fundaci\u00f3n - Fondation Ren\u00e9 CASSIN","isPartOf":{"@id":"https:\/\/www.iidh.org\/es\/#website"},"datePublished":"2024-10-01T13:49:21+00:00","dateModified":"2024-10-10T14:33:01+00:00","breadcrumb":{"@id":"https:\/\/www.iidh.org\/es\/fundacion\/socios-de-la-fundacion\/#breadcrumb"},"inLanguage":"es","potentialAction":[{"@type":"ReadAction","target":["https:\/\/www.iidh.org\/es\/fundacion\/socios-de-la-fundacion\/"]}]},{"@type":"BreadcrumbList","@id":"https:\/\/www.iidh.org\/es\/fundacion\/socios-de-la-fundacion\/#breadcrumb","itemListElement":[{"@type":"ListItem","position":1,"name":"Accueil","item":"https:\/\/www.iidh.org\/es\/"},{"@type":"ListItem","position":2,"name":"Fundaci\u00f3n","item":"https:\/\/www.iidh.org\/es\/fundacion\/"},{"@type":"ListItem","position":3,"name":"Socios de la Fundaci\u00f3n"}]},{"@type":"WebSite","@id":"https:\/\/www.iidh.org\/es\/#website","url":"https:\/\/www.iidh.org\/es\/","name":"Fondation Ren\u00e9 CASSIN","description":"","publisher":{"@id":"https:\/\/www.iidh.org\/es\/#organization"},"potentialAction":[{"@type":"SearchAction","target":{"@type":"EntryPoint","urlTemplate":"https:\/\/www.iidh.org\/es\/?s={search_term_string}"},"query-input":{"@type":"PropertyValueSpecification","valueRequired":true,"valueName":"search_term_string"}}],"inLanguage":"es"},{"@type":"Organization","@id":"https:\/\/www.iidh.org\/es\/#organization","name":"Fondation Ren\u00e9 CASSIN","url":"https:\/\/www.iidh.org\/es\/","logo":{"@type":"ImageObject","inLanguage":"es","@id":"https:\/\/www.iidh.org\/es\/#\/schema\/logo\/image\/","url":"https:\/\/www.iidh.org\/wp-content\/uploads\/2024\/09\/LOGO_FRC-rouge.svg","contentUrl":"https:\/\/www.iidh.org\/wp-content\/uploads\/2024\/09\/LOGO_FRC-rouge.svg","width":699,"height":221,"caption":"Fondation Ren\u00e9 CASSIN"},"image":{"@id":"https:\/\/www.iidh.org\/es\/#\/schema\/logo\/image\/"},"sameAs":["https:\/\/www.facebook.com\/FondationReneCassin\/","https:\/\/x.com\/IIDHStrasbourg","https:\/\/www.instagram.com\/fondationrenecassin\/"]}]}},"_links":{"self":[{"href":"https:\/\/www.iidh.org\/es\/wp-json\/wp\/v2\/pages\/5152","targetHints":{"allow":["GET"]}}],"collection":[{"href":"https:\/\/www.iidh.org\/es\/wp-json\/wp\/v2\/pages"}],"about":[{"href":"https:\/\/www.iidh.org\/es\/wp-json\/wp\/v2\/types\/page"}],"author":[{"embeddable":true,"href":"https:\/\/www.iidh.org\/es\/wp-json\/wp\/v2\/users\/1"}],"replies":[{"embeddable":true,"href":"https:\/\/www.iidh.org\/es\/wp-json\/wp\/v2\/comments?post=5152"}],"version-history":[{"count":1,"href":"https:\/\/www.iidh.org\/es\/wp-json\/wp\/v2\/pages\/5152\/revisions"}],"predecessor-version":[{"id":5159,"href":"https:\/\/www.iidh.org\/es\/wp-json\/wp\/v2\/pages\/5152\/revisions\/5159"}],"up":[{"embeddable":true,"href":"https:\/\/www.iidh.org\/es\/wp-json\/wp\/v2\/pages\/5179"}],"wp:attachment":[{"href":"https:\/\/www.iidh.org\/es\/wp-json\/wp\/v2\/media?parent=5152"}],"curies":[{"name":"wp","href":"https:\/\/api.w.org\/{rel}","templated":true}]}}