{"id":6890,"date":"2025-04-03T09:41:10","date_gmt":"2025-04-03T07:41:10","guid":{"rendered":"https:\/\/www.iidh.org\/otras-acciones\/exposicion-pensando-en-ti\/"},"modified":"2025-12-22T12:30:06","modified_gmt":"2025-12-22T10:30:06","slug":"exposicion-pensando-en-ti","status":"publish","type":"page","link":"https:\/\/www.iidh.org\/es\/otras-acciones\/exposicion-pensando-en-ti\/","title":{"rendered":"Exposici\u00f3n \u00abPensando en ti"},"content":{"rendered":"<div class=\"fusion-fullwidth fullwidth-box fusion-builder-row-1 fusion-flex-container nonhundred-percent-fullwidth non-hundred-percent-height-scrolling\" style=\"--awb-border-radius-top-left:0px;--awb-border-radius-top-right:0px;--awb-border-radius-bottom-right:0px;--awb-border-radius-bottom-left:0px;--awb-flex-wrap:wrap;\" ><div class=\"fusion-builder-row fusion-row fusion-flex-align-items-flex-start fusion-flex-content-wrap\" style=\"max-width:1248px;margin-left: calc(-4% \/ 2 );margin-right: calc(-4% \/ 2 );\"><div class=\"fusion-layout-column fusion_builder_column fusion-builder-column-0 fusion_builder_column_1_1 1_1 fusion-flex-column\" style=\"--awb-bg-blend:overlay;--awb-bg-size:cover;--awb-width-large:100%;--awb-margin-top-large:0px;--awb-spacing-right-large:1.92%;--awb-margin-bottom-large:0px;--awb-spacing-left-large:1.92%;--awb-width-medium:100%;--awb-spacing-right-medium:1.92%;--awb-spacing-left-medium:1.92%;--awb-width-small:100%;--awb-spacing-right-small:1.92%;--awb-spacing-left-small:1.92%;\"><div class=\"fusion-column-wrapper fusion-flex-justify-content-flex-start fusion-content-layout-column\"><div class=\"fusion-text fusion-text-1\"><h1 class=\"\" style=\"--fontsize: 58; line-height: 1.2;\" data-start=\"56\" data-end=\"134\" data-fontsize=\"58\" data-lineheight=\"69.6px\"><strong data-start=\"58\" data-end=\"132\">Pensando en ti &#8211; Una exposici\u00f3n comprometida con el recuerdo, la dignidad humana y la justicia<\/strong><\/h1>\n<h2 class=\"\" style=\"--fontsize: 42; line-height: 1.2;\" data-start=\"136\" data-end=\"177\" data-fontsize=\"42\" data-lineheight=\"50.4px\"><strong data-start=\"139\" data-end=\"175\">Una obra para romper el silencio<\/strong><\/h2>\n<p class=\"\" data-start=\"179\" data-end=\"534\">La exposici\u00f3n <em data-start=\"192\" data-end=\"209\">Pensando en ti<\/em>, concebida por la artista kosovar <strong data-start=\"243\" data-end=\"265\">Alketa Xhafa Mripa<\/strong>, rinde homenaje a las supervivientes de la violencia sexual en tiempos de guerra. Mediante una conmovedora instalaci\u00f3n de vestidos recogidos en todo el mundo, transmite un poderoso mensaje: el sufrimiento no debe borrarse, y la justicia nunca debe silenciarse. <\/p>\n<p class=\"\" data-start=\"536\" data-end=\"703\"><strong data-start=\"536\" data-end=\"680\">\u00abEuropa se construy\u00f3 sobre una promesa: nunca m\u00e1s. Nunca m\u00e1s los cr\u00edmenes de guerra deben recibir el silencio\u00bb.<\/strong> &#8211; Alketa Xhafa Mripa<\/p>\n<div class=\"fusion-video fusion-youtube\" style=\"--awb-max-width:600px;--awb-max-height:360px;\"><div class=\"video-shortcode\"><lite-youtube videoid=\"w_VvLPBPR7c\" class=\"landscape\" params=\"wmode=transparent&autoplay=1&amp;enablejsapi=1\" title=\"YouTube video player 1\" data-button-label=\"Play Video\" width=\"600\" height=\"360\" data-thumbnail-size=\"auto\" data-no-cookie=\"on\"><\/lite-youtube><\/div><\/div>\n<h2 class=\"\" style=\"--fontsize: 42; line-height: 1.2;\" data-start=\"705\" data-end=\"746\" data-fontsize=\"42\" data-lineheight=\"50.4px\"><strong data-start=\"708\" data-end=\"744\">Un proyecto art\u00edstico potente y comprometido<\/strong><\/h2>\n<p class=\"\" data-start=\"186\" data-end=\"577\"><em data-start=\"186\" data-end=\"203\">Thinking of You<\/em> es mucho m\u00e1s que una obra de arte: es una instalaci\u00f3n que da voz a las supervivientes de la violencia sexual en tiempos de guerra. Dise\u00f1ada por la artista kosovar <strong data-start=\"369\" data-end=\"391\">Alketa Xhafa Mripa<\/strong>, se basa en un poderoso s\u00edmbolo: vestidos extendidos donados por supervivientes y simpatizantes de todo el mundo, que encarnan la solidaridad, la memoria y la resistencia. <\/p>\n<p class=\"\" data-start=\"579\" data-end=\"924\">Mediante esta instalaci\u00f3n, Alketa Xhafa Mripa arroja luz sobre un crimen que a menudo se oculta y se utiliza como <strong data-start=\"685\" data-end=\"703\">arma de guerra<\/strong>. Al exponer estas prendas en el espacio p\u00fablico, transforma los testimonios silenciosos en un grito colectivo, rompiendo el tab\u00fa y oblig\u00e1ndonos a reflexionar sobre el reconocimiento de las v\u00edctimas y la necesidad de justicia. <\/p>\n<p class=\"\" data-start=\"926\" data-end=\"983\">La exposici\u00f3n se basa en tres dimensiones esenciales:<\/p>\n<ul data-start=\"985\" data-end=\"2118\">\n<li class=\"\" data-start=\"985\" data-end=\"1304\">\n<p class=\"\" data-start=\"987\" data-end=\"1304\"><strong data-start=\"987\" data-end=\"1013\">Una memoria colectiva<\/strong>: La violencia sexual en la guerra sigue siendo ignorada, minimizada o negada con demasiada frecuencia. <em data-start=\"1130\" data-end=\"1147\">Pensando en ti<\/em> pretende situar estos cr\u00edmenes en el registro hist\u00f3rico y rendir homenaje a los supervivientes, record\u00e1ndonos que el olvido y la indiferencia no deben triunfar.<\/p>\n<\/li>\n<li class=\"\" data-start=\"1306\" data-end=\"1659\">\n<p class=\"\" data-start=\"1308\" data-end=\"1659\"><strong data-start=\"1308\" data-end=\"1352\">Un llamamiento a la solidaridad y la justicia<\/strong>: Al recibir vestidos de todo el mundo, el artista invita a todos a tomar partido. Este gesto sencillo pero profundamente simb\u00f3lico expresa un compromiso colectivo: no mirar hacia otro lado y exigir que se procese a los autores de estos cr\u00edmenes. <\/p>\n<\/li>\n<li class=\"\" data-start=\"1661\" data-end=\"2118\">\n<p class=\"\" data-start=\"1663\" data-end=\"2118\"><strong data-start=\"1663\" data-end=\"1704\">Una denuncia pol\u00edtica y social<\/strong>: Al ocupar la arena p\u00fablica e instituciones como el Consejo de Europa, <em data-start=\"1789\" data-end=\"1806\">Thinking of You<\/em> recuerda a los responsables de la toma de decisiones su responsabilidad de prevenir la violencia sexual en tiempos de guerra y de proteger a las supervivientes. La obra hace un llamamiento a los poderes p\u00fablicos y a las organizaciones internacionales para que se haga justicia y se reconozca mejor a las v\u00edctimas. <\/p>\n<\/li>\n<\/ul>\n<p class=\"\" data-start=\"748\" data-end=\"1023\">Desde su lanzamiento, <em data-start=\"770\" data-end=\"787\">Thinking of You<\/em> se ha expuesto en varias ciudades e instituciones importantes, poniendo de relieve la necesidad de <strong data-start=\"885\" data-end=\"978\">reconocer, apoyar y defender a las v\u00edctimas de la violencia sexual en tiempos de conflicto<\/strong>. Esta instalaci\u00f3n ya ha sido presentada: <\/p>\n<ul data-start=\"1025\" data-end=\"1417\">\n<li class=\"\" data-start=\"1025\" data-end=\"1143\">\n<p class=\"\" data-start=\"1027\" data-end=\"1143\">En <strong data-start=\"1030\" data-end=\"1048\">2015 en Kosovo<\/strong>, pa\u00eds natal de la artista, donde la violencia sexual de la guerra ha sido durante mucho tiempo tab\u00fa.<\/p>\n<\/li>\n<li class=\"\" data-start=\"1144\" data-end=\"1247\">\n<p class=\"\" data-start=\"1146\" data-end=\"1247\">En <strong data-start=\"1149\" data-end=\"1167\">2024 en La Haya<\/strong>, con el apoyo de la <strong data-start=\"1191\" data-end=\"1221\">Fundaci\u00f3n del<\/strong> Premio Nobel de la Paz <strong data-start=\"1191\" data-end=\"1221\">Denis Mukwege<\/strong>.<\/p>\n<\/li>\n<\/ul>\n<p>Tambi\u00e9n se expuso en colaboraci\u00f3n con la Fundaci\u00f3n Ren\u00e9 Cassin:<\/p>\n<ul data-start=\"1025\" data-end=\"1417\">\n<li class=\"\" data-start=\"1248\" data-end=\"1329\">\n<p class=\"\" data-start=\"1250\" data-end=\"1329\">En <strong>junio <\/strong><strong data-start=\"1253\" data-end=\"1274\">de 2025 en Estrasburgo<\/strong>, en el <strong data-start=\"1279\" data-end=\"1302\">Consejo de Europa<\/strong> y en el espacio p\u00fablico de la <strong data-start=\"1279\" data-end=\"1302\">Ciudad de Estrasburgo<\/strong>.<\/p>\n<\/li>\n<\/ul>\n<h2 class=\"\" style=\"--fontsize: 42; line-height: 1.2;\" data-start=\"1419\" data-end=\"1453\" data-fontsize=\"42\" data-lineheight=\"50.4px\"><strong data-start=\"1422\" data-end=\"1451\">La exposici\u00f3n en Estrasburgo<\/strong><\/h2>\n<p class=\"\" data-start=\"1455\" data-end=\"1612\">Con la colaboraci\u00f3n de <strong data-start=\"1478\" data-end=\"1550\">la Fundaci\u00f3n Ren\u00e9 Cassin &#8211; Instituto Internacional de Derechos Humanos, el Ayuntamiento de Estrasburgo y el Consejo de Europa, <\/strong> <em data-start=\"1552\" data-end=\"1569\">Thinking of You<\/em> se traslad\u00f3 a Estrasburgo en junio de 2025:<\/p>\n<ul data-start=\"1614\" data-end=\"1924\">\n<li class=\"\" data-start=\"1614\" data-end=\"1763\">\n<p class=\"\" data-start=\"1616\" data-end=\"1763\"><strong data-start=\"1616\" data-end=\"1633\">Place Broglie<\/strong> (25 de junio &#8211; 1 de julio de 2025) &#8211; Exposici\u00f3n abierta a todos, en colaboraci\u00f3n con la Ciudad y la Eurometr\u00f3poli de Estrasburgo.<\/p>\n<\/li>\n<li class=\"\" data-start=\"1764\" data-end=\"1924\">\n<p class=\"\" data-start=\"1766\" data-end=\"1924\"><strong data-start=\"1766\" data-end=\"1789\">Consejo de Europa<\/strong> (a partir del 19 de junio de 2025) &#8211; Foro institucional para sensibilizar a los responsables pol\u00edticos y reforzar los compromisos internacionales.<\/p>\n<\/li>\n<\/ul>\n<p class=\"\" data-start=\"1926\" data-end=\"2252\">La exposici\u00f3n cont\u00f3 con el apoyo del <strong data-start=\"1963\" data-end=\"1986\">Consejo de Europa<\/strong>, bajo el impulso del Embajador <strong data-start=\"2022\" data-end=\"2043\">Patrick Engelberg<\/strong>, la Embajadora de los Pa\u00edses Bajos <strong data-start=\"2076\" data-end=\"2095\">Tanja Gonggrijp<\/strong>, el C\u00f3nsul General de Kosovo <strong data-start=\"2125\" data-end=\"2142\">Lulzim Hiseni<\/strong> y <strong data-start=\"2149\" data-end=\"2176\">Despina Chatzivassiliou<\/strong>, Secretaria General de la Asamblea Parlamentaria del Consejo de Europa. La exposici\u00f3n cont\u00f3 tambi\u00e9n con el apoyo de la <strong data-start=\"2022\" data-end=\"2043\">R\u00e9gion Grand Est <\/strong>y<strong data-start=\"2022\" data-end=\"2043\"> Services Acro Alsace<\/strong>. <\/p>\n<p class=\"\" data-start=\"1926\" data-end=\"2252\"><div class=\"fusion-video fusion-youtube\" style=\"--awb-max-width:600px;--awb-max-height:360px;\"><div class=\"video-shortcode\"><lite-youtube videoid=\"-2HWJQs9x4k\" class=\"landscape\" params=\"wmode=transparent&autoplay=1&amp;enablejsapi=1\" title=\"YouTube video player 2\" data-button-label=\"Play Video\" width=\"600\" height=\"360\" data-thumbnail-size=\"auto\" data-no-cookie=\"on\"><\/lite-youtube><\/div><\/div><\/p>\n<p data-start=\"1926\" data-end=\"2252\"><em>Documental producido por <a href=\"https:\/\/www.films-europe.com\/\">Les films de l&#8217;Europe<\/a>.<\/em><\/p>\n<h2 class=\"\" style=\"--fontsize: 42; line-height: 1.2;\" data-start=\"2562\" data-end=\"2655\" data-fontsize=\"42\" data-lineheight=\"50.4px\">Para saber m\u00e1s<\/h2>\n<ul>\n<li data-start=\"2562\" data-end=\"2655\">Para saber m\u00e1s sobre el artista Alketa Xhafa Mripa, visita: <a href=\"https:\/\/www.alketaxhafamripa.com\/\">https:\/\/www.alketaxhafamripa.com\/<\/a><\/li>\n<li data-start=\"2562\" data-end=\"2655\">Para descubrir nuestros otros proyectos art\u00edsticos: <a href=\"https:\/\/www.iidh.org\/es\/otras-acciones\/exposicion-martin-luther-king-jr\/\">https:\/\/www.iidh.org\/autres-actions\/exposition-martin-luther-king-jr\/<\/a><\/li>\n<\/ul>\n<\/div><div class=\"fusion-image-carousel fusion-image-carousel-auto fusion-image-carousel-1 fusion-carousel-border\"><div class=\"awb-carousel awb-swiper awb-swiper-carousel awb-carousel--carousel awb-swiper-dots-position-bottom\" data-layout=\"carousel\" data-autoplay=\"no\" data-autoplayspeed=\"2500\" data-autoplaypause=\"no\" data-loop=\"yes\" data-columns=\"5\" data-columnsmedium=\"1\" data-columnssmall=\"1\" data-itemmargin=\"13\" data-itemwidth=\"180\" data-touchscroll=\"no\" data-freemode=\"no\" data-imagesize=\"auto\" data-scrollitems=\"0\" data-centeredslides=\"no\" data-rotationangle=\"50\" data-depth=\"100\" data-speed=\"500\" data-shadow=\"no\" data-pagination=\"bullets\" style=\"--awb-border-width:1px;--awb-border-color:#e9eaee;\"><div class=\"swiper-wrapper awb-image-carousel-wrapper fusion-flex-align-items-center\"><div class=\"swiper-slide\"><div class=\"fusion-carousel-item-wrapper\"><div class=\"fusion-image-wrapper hover-type-none\"><img decoding=\"async\" width=\"2048\" height=\"1365\" src=\"https:\/\/www.iidh.org\/wp-content\/uploads\/2025\/04\/5.jpeg\" class=\"attachment-full size-full lazyload\" alt=\"Exposici\u00f3n dedicada a las supervivientes de la violencia sexual\" srcset=\"data:image\/svg+xml,%3Csvg%20xmlns%3D%27http%3A%2F%2Fwww.w3.org%2F2000%2Fsvg%27%20width%3D%272048%27%20height%3D%271365%27%20viewBox%3D%270%200%202048%201365%27%3E%3Crect%20width%3D%272048%27%20height%3D%271365%27%20fill-opacity%3D%220%22%2F%3E%3C%2Fsvg%3E\" data-orig-src=\"https:\/\/www.iidh.org\/wp-content\/uploads\/2025\/04\/5.jpeg\" data-srcset=\"https:\/\/www.iidh.org\/wp-content\/uploads\/2025\/04\/5-200x133.jpeg 200w, https:\/\/www.iidh.org\/wp-content\/uploads\/2025\/04\/5-400x267.jpeg 400w, https:\/\/www.iidh.org\/wp-content\/uploads\/2025\/04\/5-600x400.jpeg 600w, https:\/\/www.iidh.org\/wp-content\/uploads\/2025\/04\/5-800x533.jpeg 800w, https:\/\/www.iidh.org\/wp-content\/uploads\/2025\/04\/5-1200x800.jpeg 1200w, https:\/\/www.iidh.org\/wp-content\/uploads\/2025\/04\/5.jpeg 2048w\" data-sizes=\"auto\" \/><\/div><\/div><\/div><div class=\"swiper-slide\"><div class=\"fusion-carousel-item-wrapper\"><div class=\"fusion-image-wrapper hover-type-none\"><img decoding=\"async\" width=\"2048\" height=\"1367\" src=\"https:\/\/www.iidh.org\/wp-content\/uploads\/2025\/04\/4-min.jpg\" class=\"attachment-full size-full lazyload\" alt=\"Don de robes Conseil de l&#039;Europe\" srcset=\"data:image\/svg+xml,%3Csvg%20xmlns%3D%27http%3A%2F%2Fwww.w3.org%2F2000%2Fsvg%27%20width%3D%272048%27%20height%3D%271367%27%20viewBox%3D%270%200%202048%201367%27%3E%3Crect%20width%3D%272048%27%20height%3D%271367%27%20fill-opacity%3D%220%22%2F%3E%3C%2Fsvg%3E\" data-orig-src=\"https:\/\/www.iidh.org\/wp-content\/uploads\/2025\/04\/4-min.jpg\" data-srcset=\"https:\/\/www.iidh.org\/wp-content\/uploads\/2025\/04\/4-min-200x133.jpg 200w, https:\/\/www.iidh.org\/wp-content\/uploads\/2025\/04\/4-min-400x267.jpg 400w, https:\/\/www.iidh.org\/wp-content\/uploads\/2025\/04\/4-min-600x400.jpg 600w, https:\/\/www.iidh.org\/wp-content\/uploads\/2025\/04\/4-min-800x534.jpg 800w, https:\/\/www.iidh.org\/wp-content\/uploads\/2025\/04\/4-min-1200x801.jpg 1200w, https:\/\/www.iidh.org\/wp-content\/uploads\/2025\/04\/4-min.jpg 2048w\" data-sizes=\"auto\" \/><\/div><\/div><\/div><div class=\"swiper-slide\"><div class=\"fusion-carousel-item-wrapper\"><div class=\"fusion-image-wrapper hover-type-none\"><img decoding=\"async\" width=\"1600\" height=\"900\" src=\"https:\/\/www.iidh.org\/wp-content\/uploads\/2025\/04\/3.jpg\" class=\"attachment-full size-full lazyload\" alt=\"\" srcset=\"data:image\/svg+xml,%3Csvg%20xmlns%3D%27http%3A%2F%2Fwww.w3.org%2F2000%2Fsvg%27%20width%3D%271600%27%20height%3D%27900%27%20viewBox%3D%270%200%201600%20900%27%3E%3Crect%20width%3D%271600%27%20height%3D%27900%27%20fill-opacity%3D%220%22%2F%3E%3C%2Fsvg%3E\" data-orig-src=\"https:\/\/www.iidh.org\/wp-content\/uploads\/2025\/04\/3.jpg\" data-srcset=\"https:\/\/www.iidh.org\/wp-content\/uploads\/2025\/04\/3-200x113.jpg 200w, https:\/\/www.iidh.org\/wp-content\/uploads\/2025\/04\/3-400x225.jpg 400w, https:\/\/www.iidh.org\/wp-content\/uploads\/2025\/04\/3-600x338.jpg 600w, https:\/\/www.iidh.org\/wp-content\/uploads\/2025\/04\/3-800x450.jpg 800w, https:\/\/www.iidh.org\/wp-content\/uploads\/2025\/04\/3-1200x675.jpg 1200w, https:\/\/www.iidh.org\/wp-content\/uploads\/2025\/04\/3.jpg 1600w\" data-sizes=\"auto\" \/><\/div><\/div><\/div><div class=\"swiper-slide\"><div class=\"fusion-carousel-item-wrapper\"><div class=\"fusion-image-wrapper hover-type-none\"><img decoding=\"async\" width=\"1600\" height=\"903\" src=\"https:\/\/www.iidh.org\/wp-content\/uploads\/2025\/04\/2.jpg\" class=\"attachment-full size-full lazyload\" alt=\"\" srcset=\"data:image\/svg+xml,%3Csvg%20xmlns%3D%27http%3A%2F%2Fwww.w3.org%2F2000%2Fsvg%27%20width%3D%271600%27%20height%3D%27903%27%20viewBox%3D%270%200%201600%20903%27%3E%3Crect%20width%3D%271600%27%20height%3D%27903%27%20fill-opacity%3D%220%22%2F%3E%3C%2Fsvg%3E\" data-orig-src=\"https:\/\/www.iidh.org\/wp-content\/uploads\/2025\/04\/2.jpg\" data-srcset=\"https:\/\/www.iidh.org\/wp-content\/uploads\/2025\/04\/2-200x113.jpg 200w, https:\/\/www.iidh.org\/wp-content\/uploads\/2025\/04\/2-400x226.jpg 400w, https:\/\/www.iidh.org\/wp-content\/uploads\/2025\/04\/2-600x339.jpg 600w, https:\/\/www.iidh.org\/wp-content\/uploads\/2025\/04\/2-800x452.jpg 800w, https:\/\/www.iidh.org\/wp-content\/uploads\/2025\/04\/2-1200x677.jpg 1200w, https:\/\/www.iidh.org\/wp-content\/uploads\/2025\/04\/2.jpg 1600w\" data-sizes=\"auto\" \/><\/div><\/div><\/div><\/div><div class=\"awb-swiper-button awb-swiper-button-prev\"><i class=\"awb-icon-angle-left\" aria-hidden=\"true\"><\/i><\/div><div class=\"awb-swiper-button awb-swiper-button-next\"><i class=\"awb-icon-angle-right\" aria-hidden=\"true\"><\/i><\/div><\/div><\/div><\/div><\/div><\/div><\/div>\n","protected":false},"excerpt":{"rendered":"","protected":false},"author":2,"featured_media":6313,"parent":4573,"menu_order":0,"comment_status":"closed","ping_status":"closed","template":"100-width.php","meta":{"footnotes":""},"class_list":["post-6890","page","type-page","status-publish","has-post-thumbnail","hentry"],"yoast_head":"<!-- This site is optimized with the Yoast SEO plugin v27.5 - https:\/\/yoast.com\/product\/yoast-seo-wordpress\/ -->\n<title>Exposici\u00f3n &quot;Pensando en ti - Fondation Ren\u00e9 CASSIN<\/title>\n<meta name=\"description\" content=\"Exposici\u00f3n &quot;Pensando en ti&quot; dedicada a las v\u00edctimas de la violencia sexual en situaciones de conflicto. Una obra de arte poderosa y comprometida\" \/>\n<meta name=\"robots\" content=\"index, follow, max-snippet:-1, max-image-preview:large, max-video-preview:-1\" \/>\n<link rel=\"canonical\" href=\"https:\/\/www.iidh.org\/es\/otras-acciones\/exposicion-pensando-en-ti\/\" \/>\n<meta property=\"og:locale\" content=\"es_ES\" \/>\n<meta property=\"og:type\" content=\"article\" \/>\n<meta property=\"og:title\" content=\"Exposici\u00f3n &quot;Pensando en ti - Fondation Ren\u00e9 CASSIN\" \/>\n<meta property=\"og:description\" content=\"Exposici\u00f3n &quot;Pensando en ti&quot; dedicada a las v\u00edctimas de la violencia sexual en situaciones de conflicto. Una obra de arte poderosa y comprometida\" \/>\n<meta property=\"og:url\" content=\"https:\/\/www.iidh.org\/es\/otras-acciones\/exposicion-pensando-en-ti\/\" \/>\n<meta property=\"og:site_name\" content=\"Fondation Ren\u00e9 CASSIN\" \/>\n<meta property=\"article:publisher\" content=\"https:\/\/www.facebook.com\/FondationReneCassin\/\" \/>\n<meta property=\"article:modified_time\" content=\"2025-12-22T10:30:06+00:00\" \/>\n<meta property=\"og:image\" content=\"https:\/\/www.iidh.org\/wp-content\/uploads\/2025\/04\/5.jpeg\" \/>\n\t<meta property=\"og:image:width\" content=\"2048\" \/>\n\t<meta property=\"og:image:height\" content=\"1365\" \/>\n\t<meta property=\"og:image:type\" content=\"image\/jpeg\" \/>\n<meta name=\"twitter:card\" content=\"summary_large_image\" \/>\n<meta name=\"twitter:site\" content=\"@IIDHStrasbourg\" \/>\n<meta name=\"twitter:label1\" content=\"Tiempo de lectura\" \/>\n\t<meta name=\"twitter:data1\" content=\"5 minutos\" \/>\n<script type=\"application\/ld+json\" class=\"yoast-schema-graph\">{\"@context\":\"https:\\\/\\\/schema.org\",\"@graph\":[{\"@type\":\"WebPage\",\"@id\":\"https:\\\/\\\/www.iidh.org\\\/es\\\/otras-acciones\\\/exposicion-pensando-en-ti\\\/\",\"url\":\"https:\\\/\\\/www.iidh.org\\\/es\\\/otras-acciones\\\/exposicion-pensando-en-ti\\\/\",\"name\":\"Exposici\u00f3n \\\"Pensando en ti - Fondation Ren\u00e9 CASSIN\",\"isPartOf\":{\"@id\":\"https:\\\/\\\/www.iidh.org\\\/es\\\/#website\"},\"primaryImageOfPage\":{\"@id\":\"https:\\\/\\\/www.iidh.org\\\/es\\\/otras-acciones\\\/exposicion-pensando-en-ti\\\/#primaryimage\"},\"image\":{\"@id\":\"https:\\\/\\\/www.iidh.org\\\/es\\\/otras-acciones\\\/exposicion-pensando-en-ti\\\/#primaryimage\"},\"thumbnailUrl\":\"https:\\\/\\\/www.iidh.org\\\/wp-content\\\/uploads\\\/2025\\\/04\\\/5.jpeg\",\"datePublished\":\"2025-04-03T07:41:10+00:00\",\"dateModified\":\"2025-12-22T10:30:06+00:00\",\"description\":\"Exposici\u00f3n \\\"Pensando en ti\\\" dedicada a las v\u00edctimas de la violencia sexual en situaciones de conflicto. Una obra de arte poderosa y comprometida\",\"breadcrumb\":{\"@id\":\"https:\\\/\\\/www.iidh.org\\\/es\\\/otras-acciones\\\/exposicion-pensando-en-ti\\\/#breadcrumb\"},\"inLanguage\":\"es\",\"potentialAction\":[{\"@type\":\"ReadAction\",\"target\":[\"https:\\\/\\\/www.iidh.org\\\/es\\\/otras-acciones\\\/exposicion-pensando-en-ti\\\/\"]}]},{\"@type\":\"ImageObject\",\"inLanguage\":\"es\",\"@id\":\"https:\\\/\\\/www.iidh.org\\\/es\\\/otras-acciones\\\/exposicion-pensando-en-ti\\\/#primaryimage\",\"url\":\"https:\\\/\\\/www.iidh.org\\\/wp-content\\\/uploads\\\/2025\\\/04\\\/5.jpeg\",\"contentUrl\":\"https:\\\/\\\/www.iidh.org\\\/wp-content\\\/uploads\\\/2025\\\/04\\\/5.jpeg\",\"width\":2048,\"height\":1365,\"caption\":\"Exposici\u00f3n de vestidos de supervivientes de la violencia sexual en los conflictos\"},{\"@type\":\"BreadcrumbList\",\"@id\":\"https:\\\/\\\/www.iidh.org\\\/es\\\/otras-acciones\\\/exposicion-pensando-en-ti\\\/#breadcrumb\",\"itemListElement\":[{\"@type\":\"ListItem\",\"position\":1,\"name\":\"Accueil\",\"item\":\"https:\\\/\\\/www.iidh.org\\\/es\\\/\"},{\"@type\":\"ListItem\",\"position\":2,\"name\":\"Otras acciones\",\"item\":\"https:\\\/\\\/www.iidh.org\\\/es\\\/otras-acciones\\\/\"},{\"@type\":\"ListItem\",\"position\":3,\"name\":\"Exposici\u00f3n \u00ab\u00a0Pensando en ti\"}]},{\"@type\":\"WebSite\",\"@id\":\"https:\\\/\\\/www.iidh.org\\\/es\\\/#website\",\"url\":\"https:\\\/\\\/www.iidh.org\\\/es\\\/\",\"name\":\"Fondation Ren\u00e9 CASSIN\",\"description\":\"\",\"publisher\":{\"@id\":\"https:\\\/\\\/www.iidh.org\\\/es\\\/#organization\"},\"potentialAction\":[{\"@type\":\"SearchAction\",\"target\":{\"@type\":\"EntryPoint\",\"urlTemplate\":\"https:\\\/\\\/www.iidh.org\\\/es\\\/?s={search_term_string}\"},\"query-input\":{\"@type\":\"PropertyValueSpecification\",\"valueRequired\":true,\"valueName\":\"search_term_string\"}}],\"inLanguage\":\"es\"},{\"@type\":\"Organization\",\"@id\":\"https:\\\/\\\/www.iidh.org\\\/es\\\/#organization\",\"name\":\"Fondation Ren\u00e9 CASSIN\",\"url\":\"https:\\\/\\\/www.iidh.org\\\/es\\\/\",\"logo\":{\"@type\":\"ImageObject\",\"inLanguage\":\"es\",\"@id\":\"https:\\\/\\\/www.iidh.org\\\/es\\\/#\\\/schema\\\/logo\\\/image\\\/\",\"url\":\"https:\\\/\\\/www.iidh.org\\\/wp-content\\\/uploads\\\/2024\\\/09\\\/LOGO_FRC-rouge.svg\",\"contentUrl\":\"https:\\\/\\\/www.iidh.org\\\/wp-content\\\/uploads\\\/2024\\\/09\\\/LOGO_FRC-rouge.svg\",\"width\":699,\"height\":221,\"caption\":\"Fondation Ren\u00e9 CASSIN\"},\"image\":{\"@id\":\"https:\\\/\\\/www.iidh.org\\\/es\\\/#\\\/schema\\\/logo\\\/image\\\/\"},\"sameAs\":[\"https:\\\/\\\/www.facebook.com\\\/FondationReneCassin\\\/\",\"https:\\\/\\\/x.com\\\/IIDHStrasbourg\",\"https:\\\/\\\/www.instagram.com\\\/fondationrenecassin\\\/\"]}]}<\/script>\n<!-- \/ Yoast SEO plugin. -->","yoast_head_json":{"title":"Exposici\u00f3n \"Pensando en ti - Fondation Ren\u00e9 CASSIN","description":"Exposici\u00f3n \"Pensando en ti\" dedicada a las v\u00edctimas de la violencia sexual en situaciones de conflicto. Una obra de arte poderosa y comprometida","robots":{"index":"index","follow":"follow","max-snippet":"max-snippet:-1","max-image-preview":"max-image-preview:large","max-video-preview":"max-video-preview:-1"},"canonical":"https:\/\/www.iidh.org\/es\/otras-acciones\/exposicion-pensando-en-ti\/","og_locale":"es_ES","og_type":"article","og_title":"Exposici\u00f3n \"Pensando en ti - Fondation Ren\u00e9 CASSIN","og_description":"Exposici\u00f3n \"Pensando en ti\" dedicada a las v\u00edctimas de la violencia sexual en situaciones de conflicto. Una obra de arte poderosa y comprometida","og_url":"https:\/\/www.iidh.org\/es\/otras-acciones\/exposicion-pensando-en-ti\/","og_site_name":"Fondation Ren\u00e9 CASSIN","article_publisher":"https:\/\/www.facebook.com\/FondationReneCassin\/","article_modified_time":"2025-12-22T10:30:06+00:00","og_image":[{"width":2048,"height":1365,"url":"https:\/\/www.iidh.org\/wp-content\/uploads\/2025\/04\/5.jpeg","type":"image\/jpeg"}],"twitter_card":"summary_large_image","twitter_site":"@IIDHStrasbourg","twitter_misc":{"Tiempo de lectura":"5 minutos"},"schema":{"@context":"https:\/\/schema.org","@graph":[{"@type":"WebPage","@id":"https:\/\/www.iidh.org\/es\/otras-acciones\/exposicion-pensando-en-ti\/","url":"https:\/\/www.iidh.org\/es\/otras-acciones\/exposicion-pensando-en-ti\/","name":"Exposici\u00f3n \"Pensando en ti - Fondation Ren\u00e9 CASSIN","isPartOf":{"@id":"https:\/\/www.iidh.org\/es\/#website"},"primaryImageOfPage":{"@id":"https:\/\/www.iidh.org\/es\/otras-acciones\/exposicion-pensando-en-ti\/#primaryimage"},"image":{"@id":"https:\/\/www.iidh.org\/es\/otras-acciones\/exposicion-pensando-en-ti\/#primaryimage"},"thumbnailUrl":"https:\/\/www.iidh.org\/wp-content\/uploads\/2025\/04\/5.jpeg","datePublished":"2025-04-03T07:41:10+00:00","dateModified":"2025-12-22T10:30:06+00:00","description":"Exposici\u00f3n \"Pensando en ti\" dedicada a las v\u00edctimas de la violencia sexual en situaciones de conflicto. Una obra de arte poderosa y comprometida","breadcrumb":{"@id":"https:\/\/www.iidh.org\/es\/otras-acciones\/exposicion-pensando-en-ti\/#breadcrumb"},"inLanguage":"es","potentialAction":[{"@type":"ReadAction","target":["https:\/\/www.iidh.org\/es\/otras-acciones\/exposicion-pensando-en-ti\/"]}]},{"@type":"ImageObject","inLanguage":"es","@id":"https:\/\/www.iidh.org\/es\/otras-acciones\/exposicion-pensando-en-ti\/#primaryimage","url":"https:\/\/www.iidh.org\/wp-content\/uploads\/2025\/04\/5.jpeg","contentUrl":"https:\/\/www.iidh.org\/wp-content\/uploads\/2025\/04\/5.jpeg","width":2048,"height":1365,"caption":"Exposici\u00f3n de vestidos de supervivientes de la violencia sexual en los conflictos"},{"@type":"BreadcrumbList","@id":"https:\/\/www.iidh.org\/es\/otras-acciones\/exposicion-pensando-en-ti\/#breadcrumb","itemListElement":[{"@type":"ListItem","position":1,"name":"Accueil","item":"https:\/\/www.iidh.org\/es\/"},{"@type":"ListItem","position":2,"name":"Otras acciones","item":"https:\/\/www.iidh.org\/es\/otras-acciones\/"},{"@type":"ListItem","position":3,"name":"Exposici\u00f3n \u00ab\u00a0Pensando en ti"}]},{"@type":"WebSite","@id":"https:\/\/www.iidh.org\/es\/#website","url":"https:\/\/www.iidh.org\/es\/","name":"Fondation Ren\u00e9 CASSIN","description":"","publisher":{"@id":"https:\/\/www.iidh.org\/es\/#organization"},"potentialAction":[{"@type":"SearchAction","target":{"@type":"EntryPoint","urlTemplate":"https:\/\/www.iidh.org\/es\/?s={search_term_string}"},"query-input":{"@type":"PropertyValueSpecification","valueRequired":true,"valueName":"search_term_string"}}],"inLanguage":"es"},{"@type":"Organization","@id":"https:\/\/www.iidh.org\/es\/#organization","name":"Fondation Ren\u00e9 CASSIN","url":"https:\/\/www.iidh.org\/es\/","logo":{"@type":"ImageObject","inLanguage":"es","@id":"https:\/\/www.iidh.org\/es\/#\/schema\/logo\/image\/","url":"https:\/\/www.iidh.org\/wp-content\/uploads\/2024\/09\/LOGO_FRC-rouge.svg","contentUrl":"https:\/\/www.iidh.org\/wp-content\/uploads\/2024\/09\/LOGO_FRC-rouge.svg","width":699,"height":221,"caption":"Fondation Ren\u00e9 CASSIN"},"image":{"@id":"https:\/\/www.iidh.org\/es\/#\/schema\/logo\/image\/"},"sameAs":["https:\/\/www.facebook.com\/FondationReneCassin\/","https:\/\/x.com\/IIDHStrasbourg","https:\/\/www.instagram.com\/fondationrenecassin\/"]}]}},"_links":{"self":[{"href":"https:\/\/www.iidh.org\/es\/wp-json\/wp\/v2\/pages\/6890","targetHints":{"allow":["GET"]}}],"collection":[{"href":"https:\/\/www.iidh.org\/es\/wp-json\/wp\/v2\/pages"}],"about":[{"href":"https:\/\/www.iidh.org\/es\/wp-json\/wp\/v2\/types\/page"}],"author":[{"embeddable":true,"href":"https:\/\/www.iidh.org\/es\/wp-json\/wp\/v2\/users\/2"}],"replies":[{"embeddable":true,"href":"https:\/\/www.iidh.org\/es\/wp-json\/wp\/v2\/comments?post=6890"}],"version-history":[{"count":2,"href":"https:\/\/www.iidh.org\/es\/wp-json\/wp\/v2\/pages\/6890\/revisions"}],"predecessor-version":[{"id":6892,"href":"https:\/\/www.iidh.org\/es\/wp-json\/wp\/v2\/pages\/6890\/revisions\/6892"}],"up":[{"embeddable":true,"href":"https:\/\/www.iidh.org\/es\/wp-json\/wp\/v2\/pages\/4573"}],"wp:featuredmedia":[{"embeddable":true,"href":"https:\/\/www.iidh.org\/es\/wp-json\/wp\/v2\/media\/6313"}],"wp:attachment":[{"href":"https:\/\/www.iidh.org\/es\/wp-json\/wp\/v2\/media?parent=6890"}],"curies":[{"name":"wp","href":"https:\/\/api.w.org\/{rel}","templated":true}]}}