{"id":7010,"date":"2026-01-16T10:51:31","date_gmt":"2026-01-16T08:51:31","guid":{"rendered":"https:\/\/www.iidh.org\/conmemoracion-del-50-aniversario-de-la-muerte-de-rene-cassin\/"},"modified":"2026-01-16T10:52:29","modified_gmt":"2026-01-16T08:52:29","slug":"conmemoracion-del-50-aniversario-de-la-muerte-de-rene-cassin","status":"publish","type":"page","link":"https:\/\/www.iidh.org\/es\/conmemoracion-del-50-aniversario-de-la-muerte-de-rene-cassin\/","title":{"rendered":"Conmemoraci\u00f3n del 50 aniversario de la muerte de Ren\u00e9 Cassin"},"content":{"rendered":"<p><div class=\"fusion-fullwidth fullwidth-box fusion-builder-row-1 fusion-flex-container has-pattern-background has-mask-background nonhundred-percent-fullwidth non-hundred-percent-height-scrolling\" style=\"--awb-border-radius-top-left:0px;--awb-border-radius-top-right:0px;--awb-border-radius-bottom-right:0px;--awb-border-radius-bottom-left:0px;--awb-padding-top:50px;--awb-padding-bottom:50px;--awb-flex-wrap:wrap;\" ><div class=\"fusion-builder-row fusion-row fusion-flex-align-items-flex-start fusion-flex-content-wrap\" style=\"max-width:1248px;margin-left: calc(-4% \/ 2 );margin-right: calc(-4% \/ 2 );\"><div class=\"fusion-layout-column fusion_builder_column fusion-builder-column-0 fusion_builder_column_1_1 1_1 fusion-flex-column\" style=\"--awb-padding-top:85px;--awb-padding-right:45px;--awb-padding-bottom:45px;--awb-padding-left:45px;--awb-bg-image:radial-gradient(circle at center center, hsla(var(--awb-color8-h),var(--awb-color8-s),var(--awb-color8-l),calc(var(--awb-color8-a) - 80%)) 0%,hsla(var(--awb-color8-h),var(--awb-color8-s),calc(var(--awb-color8-l) - 5%),calc(var(--awb-color8-a) - 50%)) 80%);;--awb-bg-position:center center;--awb-bg-size:cover;--awb-width-large:100%;--awb-margin-top-large:0px;--awb-spacing-right-large:1.92%;--awb-margin-bottom-large:0px;--awb-spacing-left-large:1.92%;--awb-width-medium:100%;--awb-order-medium:0;--awb-spacing-right-medium:1.92%;--awb-spacing-left-medium:1.92%;--awb-width-small:100%;--awb-order-small:0;--awb-spacing-right-small:1.92%;--awb-spacing-left-small:1.92%;\"><div class=\"fusion-column-wrapper lazyload fusion-column-has-shadow fusion-flex-justify-content-flex-start fusion-content-layout-column fusion-column-has-bg-image\" data-bg-url=\"https:\/\/www.iidh.org\/wp-content\/uploads\/2026\/01\/Gros-plan-sur-une-tulipe-avec-un-arriere-plan-naturel.jpg\" data-bg=\"https:\/\/www.iidh.org\/wp-content\/uploads\/2026\/01\/Gros-plan-sur-une-tulipe-avec-un-arriere-plan-naturel.jpg\" data-bg-gradient=\"radial-gradient(circle at center center, hsla(var(--awb-color8-h),var(--awb-color8-s),var(--awb-color8-l),calc(var(--awb-color8-a) - 80%)) 0%,hsla(var(--awb-color8-h),var(--awb-color8-s),calc(var(--awb-color8-l) - 5%),calc(var(--awb-color8-a) - 50%)) 80%)\"><nav class=\"fusion-breadcrumbs awb-yoast-breadcrumbs fusion-breadcrumbs-1\" style=\"--awb-text-color:var(--awb-color1);--awb-breadcrumb-sep:&#039;\/&#039;;\" aria-label=\"Breadcrumb\"><span><span><a href=\"https:\/\/www.iidh.org\/es\/\">Accueil<\/a><\/span><\/span><\/nav><div class=\"fusion-title title fusion-title-1 fusion-sep-none fusion-title-text fusion-title-size-one\" style=\"--awb-text-color:var(--awb-color1);--awb-margin-top:0px;--awb-margin-bottom:0px;--awb-margin-top-small:10px;--awb-margin-right-small:0px;--awb-margin-bottom-small:10px;--awb-margin-left-small:0px;\"><h1 class=\"fusion-title-heading title-heading-left sm-text-align-center fusion-responsive-typography-calculated\" style=\"margin:0;--fontSize:58;line-height:var(--awb-typography1-line-height);\">Conmemoraci\u00f3n del 50 aniversario de la muerte de Ren\u00e9 Cassin<\/h1><\/div><\/div><\/div><\/div><\/div><div class=\"fusion-fullwidth fullwidth-box fusion-builder-row-2 fusion-flex-container has-pattern-background has-mask-background nonhundred-percent-fullwidth non-hundred-percent-height-scrolling\" style=\"--awb-border-radius-top-left:0px;--awb-border-radius-top-right:0px;--awb-border-radius-bottom-right:0px;--awb-border-radius-bottom-left:0px;--awb-flex-wrap:wrap;\" ><div class=\"fusion-builder-row fusion-row fusion-flex-align-items-flex-start fusion-flex-content-wrap\" style=\"max-width:1248px;margin-left: calc(-4% \/ 2 );margin-right: calc(-4% \/ 2 );\"><div class=\"fusion-layout-column fusion_builder_column fusion-builder-column-1 fusion_builder_column_1_1 1_1 fusion-flex-column\" style=\"--awb-bg-size:cover;--awb-width-large:100%;--awb-margin-top-large:0px;--awb-spacing-right-large:1.92%;--awb-margin-bottom-large:30px;--awb-spacing-left-large:1.92%;--awb-width-medium:100%;--awb-order-medium:0;--awb-spacing-right-medium:1.92%;--awb-spacing-left-medium:1.92%;--awb-width-small:100%;--awb-order-small:0;--awb-spacing-right-small:1.92%;--awb-spacing-left-small:1.92%;\"><div class=\"fusion-column-wrapper fusion-column-has-shadow fusion-flex-justify-content-flex-start fusion-content-layout-column\"><div class=\"fusion-title title fusion-title-2 fusion-sep-none fusion-title-text fusion-title-size-two\" style=\"--awb-margin-top-small:10px;--awb-margin-right-small:0px;--awb-margin-bottom-small:10px;--awb-margin-left-small:0px;\"><h2 class=\"fusion-title-heading title-heading-left fusion-responsive-typography-calculated\" style=\"margin:0;--fontSize:42;line-height:var(--awb-typography1-line-height);\">Homenaje y Art\u00edculos sobre su Legado para los Derechos Humanos<\/h2><\/div><div class=\"fusion-text fusion-text-1\"><p>Ren\u00e9 Cassin (1887-1976) es una de las figuras m\u00e1s importantes de la historia moderna de los derechos humanos. Jurista, diplom\u00e1tico y pol\u00edtico franc\u00e9s, fue uno de los principales redactores de la Declaraci\u00f3n Universal de los Derechos Humanos y recibi\u00f3 el Premio Nobel de la Paz en 1968 por su compromiso internacional con la libertad, la justicia y la dignidad humana. <\/p>\n<p>Este a\u00f1o conmemoramos el 50\u1d49 aniversario de su muerte (20 de febrero de 1976) dedic\u00e1ndole una p\u00e1gina especial en el sitio web del Instituto Internacional de Derechos Humanos &#8211; Fundaci\u00f3n Ren\u00e9 Cassin. En ella encontrar\u00e1s art\u00edculos, an\u00e1lisis, testimonios y recursos sobre su vida, obra, legado jur\u00eddico e influencia duradera en la promoci\u00f3n y protecci\u00f3n de los derechos fundamentales. <\/p>\n<p>Ren\u00e9 Cassin fue tambi\u00e9n el fundador del Instituto Internacional de Derechos Humanos en 1969, utilizando su prestigioso reconocimiento mundial para reforzar la educaci\u00f3n, la investigaci\u00f3n y la acci\u00f3n en materia de derechos humanos en Estrasburgo y en todo el mundo.<\/p>\n<\/div><\/div><\/div><div class=\"fusion-layout-column fusion_builder_column fusion-builder-column-2 fusion_builder_column_1_1 1_1 fusion-flex-column\" style=\"--awb-bg-size:cover;--awb-width-large:100%;--awb-margin-top-large:0px;--awb-spacing-right-large:1.92%;--awb-margin-bottom-large:60px;--awb-spacing-left-large:1.92%;--awb-width-medium:100%;--awb-order-medium:0;--awb-spacing-right-medium:1.92%;--awb-spacing-left-medium:1.92%;--awb-width-small:100%;--awb-order-small:0;--awb-spacing-right-small:1.92%;--awb-spacing-left-small:1.92%;\"><div class=\"fusion-column-wrapper fusion-column-has-shadow fusion-flex-justify-content-flex-start fusion-content-layout-column\"><div class=\"fusion-title title fusion-title-3 fusion-sep-none fusion-title-center fusion-title-text fusion-title-size-two\" style=\"--awb-margin-bottom:40px;--awb-margin-top-small:10px;--awb-margin-right-small:0px;--awb-margin-bottom-small:10px;--awb-margin-left-small:0px;\"><h2 class=\"fusion-title-heading title-heading-center fusion-responsive-typography-calculated\" style=\"margin:0;--fontSize:42;line-height:var(--awb-typography1-line-height);\">Conmemoraciones y actos<\/h2><\/div><div class=\"fusion-post-cards fusion-post-cards-1 fusion-grid-archive fusion-grid-columns-3\" style=\"--awb-dots-align:center;--awb-columns:3;--awb-active-filter-border-size:3px;--awb-filters-height:36px;\" data-post-type-label=\"entradas\"><ul class=\"fusion-grid fusion-grid-3 fusion-flex-align-items-stretch fusion-grid-posts-cards fusion-grid-container-infinite\" data-pages=\"1\"><li class=\"fusion-layout-column fusion_builder_column fusion-builder-column-3 fusion-flex-column post-card fusion-grid-column fusion-post-cards-grid-column\" style=\"--awb-padding-bottom:40px;--awb-bg-color:hsla(var(--awb-color2-h),var(--awb-color2-s),calc(var(--awb-color2-l) + 1%),var(--awb-color2-a));--awb-bg-color-hover:var(--awb-color2);--awb-bg-size:cover;--awb-flex-grow:0;--awb-flex-shrink:0;--awb-flex-grow-medium:0;--awb-flex-shrink-medium:0;--awb-flex-grow-small:0;--awb-flex-shrink-small:0;\"><div class=\"fusion-column-wrapper fusion-flex-justify-content-flex-start fusion-content-layout-column\"><div class=\"fusion-classic-product-image-wrapper fusion-woo-product-image fusion-post-card-image fusion-post-card-image-1 has-aspect-ratio\" data-layout=\"static\" style=\"--awb-margin-bottom:20px;--awb-aspect-ratio:16 \/ 9;\"><div  class=\"fusion-image-wrapper\" aria-haspopup=\"true\">\n\t\t\t\t\t\t\t<a href=\"https:\/\/www.iidh.org\/es\/exposicion-rene-cassin-un-combatiente-por-la-paz-10-de-abril-11-de-julio-de-2026\/\" aria-label=\"Exposici\u00f3n \u00abRen\u00e9 Cassin, un combatiente por la paz\u00bb (10 de abril \u2013 11 de julio de 2026)\">\n\t\t\t\t\t\t\t<img decoding=\"async\" width=\"661\" height=\"934\" src=\"https:\/\/www.iidh.org\/wp-content\/uploads\/2026\/01\/Affiche-Exposition.png\" class=\"attachment-full size-full lazyload wp-post-image\" alt=\"\" srcset=\"data:image\/svg+xml,%3Csvg%20xmlns%3D%27http%3A%2F%2Fwww.w3.org%2F2000%2Fsvg%27%20width%3D%27661%27%20height%3D%27934%27%20viewBox%3D%270%200%20661%20934%27%3E%3Crect%20width%3D%27661%27%20height%3D%27934%27%20fill-opacity%3D%220%22%2F%3E%3C%2Fsvg%3E\" data-orig-src=\"https:\/\/www.iidh.org\/wp-content\/uploads\/2026\/01\/Affiche-Exposition.png\" data-srcset=\"https:\/\/www.iidh.org\/wp-content\/uploads\/2026\/01\/Affiche-Exposition-200x283.png 200w, https:\/\/www.iidh.org\/wp-content\/uploads\/2026\/01\/Affiche-Exposition-400x565.png 400w, https:\/\/www.iidh.org\/wp-content\/uploads\/2026\/01\/Affiche-Exposition-600x848.png 600w, https:\/\/www.iidh.org\/wp-content\/uploads\/2026\/01\/Affiche-Exposition.png 661w\" data-sizes=\"auto\" \/>\t\t\t<\/a>\n\t\t\t\t\t\t\t<\/div>\n<\/div><div class=\"fusion-title title fusion-title-4 fusion-sep-none fusion-title-text fusion-title-size-three\" style=\"--awb-text-color:var(--awb-color8);--awb-margin-top:0px;--awb-margin-right:40px;--awb-margin-bottom:0px;--awb-margin-left:40px;--awb-margin-top-small:0px;--awb-margin-right-small:40px;--awb-margin-bottom-small:10px;--awb-margin-left-small:40px;--awb-link-color:var(--awb-color8);--awb-font-size:20px;\"><h3 class=\"fusion-title-heading title-heading-left fusion-responsive-typography-calculated\" style=\"margin:0;font-size:1em;--fontSize:20;line-height:1.4;\"><a href=\"https:\/\/www.iidh.org\/es\/exposicion-rene-cassin-un-combatiente-por-la-paz-10-de-abril-11-de-julio-de-2026\/\" class=\"awb-custom-text-color awb-custom-text-hover-color\" target=\"_self\">Exposici\u00f3n \u00abRen\u00e9 Cassin, un combatiente por la paz\u00bb (10 de abril \u2013 11 de julio de 2026)<\/a><\/h3><\/div><div ><a class=\"fusion-button button-flat fusion-button-default-size button-custom fusion-button-default button-1 fusion-button-default-span fusion-button-default-type line\" style=\"--awb-margin-left:40px;--awb-padding-right:0px;--awb-padding-left:0px;--button_accent_color:var(--awb-color8);--button_border_color:var(--awb-custom_color_1);--button_accent_hover_color:var(--awb-color5);--button_border_hover_color:var(--awb-color4);--button_gradient_top_color:hsla(var(--awb-color5-h),var(--awb-color5-s),var(--awb-color5-l),calc(var(--awb-color5-a) - 100%));--button_gradient_bottom_color:hsla(var(--awb-color5-h),var(--awb-color5-s),var(--awb-color5-l),calc(var(--awb-color5-a) - 100%));--button_gradient_top_color_hover:hsla(var(--awb-color5-h),var(--awb-color5-s),var(--awb-color5-l),calc(var(--awb-color5-a) - 100%));--button_gradient_bottom_color_hover:hsla(var(--awb-color5-h),var(--awb-color5-s),var(--awb-color5-l),calc(var(--awb-color5-a) - 100%));--button_font_size:15px;\" target=\"_self\" data-hover=\"text_slide_down\" title=\"Lire l&#039;article\" aria-label=\"Lire l&#039;article\" href=\"https:\/\/www.iidh.org\/es\/exposicion-rene-cassin-un-combatiente-por-la-paz-10-de-abril-11-de-julio-de-2026\/\"><div class=\"awb-button-text-transition  awb-button__hover-content--centered\"><span class=\"fusion-button-text awb-button__text awb-button__text--default\">En savoir plus<\/span><span class=\"fusion-button-text awb-button__text awb-button__text--default\">En savoir plus<\/span><\/div><\/a><\/div><\/div><\/li>\n<li class=\"fusion-layout-column fusion_builder_column fusion-builder-column-4 fusion-flex-column post-card fusion-grid-column fusion-post-cards-grid-column\" style=\"--awb-padding-bottom:40px;--awb-bg-color:hsla(var(--awb-color2-h),var(--awb-color2-s),calc(var(--awb-color2-l) + 1%),var(--awb-color2-a));--awb-bg-color-hover:var(--awb-color2);--awb-bg-size:cover;--awb-flex-grow:0;--awb-flex-shrink:0;--awb-flex-grow-medium:0;--awb-flex-shrink-medium:0;--awb-flex-grow-small:0;--awb-flex-shrink-small:0;\"><div class=\"fusion-column-wrapper fusion-flex-justify-content-flex-start fusion-content-layout-column\"><div class=\"fusion-classic-product-image-wrapper fusion-woo-product-image fusion-post-card-image fusion-post-card-image-1 has-aspect-ratio\" data-layout=\"static\" style=\"--awb-margin-bottom:20px;--awb-aspect-ratio:16 \/ 9;\"><div  class=\"fusion-image-wrapper\" aria-haspopup=\"true\">\n\t\t\t\t\t\t\t<a href=\"https:\/\/www.iidh.org\/es\/visita-de-la-fundacion-y-proyeccion-debate-en-el-lieu-deurope-20-de-febrero-de-2026\/\" aria-label=\"Visita de la Fundaci\u00f3n y proyecci\u00f3n-debate en el Lieu d\u2019Europe (20 de febrero de 2026)\">\n\t\t\t\t\t\t\t<img decoding=\"async\" width=\"410\" height=\"600\" src=\"https:\/\/www.iidh.org\/wp-content\/uploads\/2026\/01\/Cassin-juge-CEDH.jpg\" class=\"attachment-full size-full lazyload wp-post-image\" alt=\"\" srcset=\"data:image\/svg+xml,%3Csvg%20xmlns%3D%27http%3A%2F%2Fwww.w3.org%2F2000%2Fsvg%27%20width%3D%27410%27%20height%3D%27600%27%20viewBox%3D%270%200%20410%20600%27%3E%3Crect%20width%3D%27410%27%20height%3D%27600%27%20fill-opacity%3D%220%22%2F%3E%3C%2Fsvg%3E\" data-orig-src=\"https:\/\/www.iidh.org\/wp-content\/uploads\/2026\/01\/Cassin-juge-CEDH.jpg\" data-srcset=\"https:\/\/www.iidh.org\/wp-content\/uploads\/2026\/01\/Cassin-juge-CEDH-200x293.jpg 200w, https:\/\/www.iidh.org\/wp-content\/uploads\/2026\/01\/Cassin-juge-CEDH-400x585.jpg 400w, https:\/\/www.iidh.org\/wp-content\/uploads\/2026\/01\/Cassin-juge-CEDH.jpg 410w\" data-sizes=\"auto\" \/>\t\t\t<\/a>\n\t\t\t\t\t\t\t<\/div>\n<\/div><div class=\"fusion-title title fusion-title-5 fusion-sep-none fusion-title-text fusion-title-size-three\" style=\"--awb-text-color:var(--awb-color8);--awb-margin-top:0px;--awb-margin-right:40px;--awb-margin-bottom:0px;--awb-margin-left:40px;--awb-margin-top-small:0px;--awb-margin-right-small:40px;--awb-margin-bottom-small:10px;--awb-margin-left-small:40px;--awb-link-color:var(--awb-color8);--awb-font-size:20px;\"><h3 class=\"fusion-title-heading title-heading-left fusion-responsive-typography-calculated\" style=\"margin:0;font-size:1em;--fontSize:20;line-height:1.4;\"><a href=\"https:\/\/www.iidh.org\/es\/visita-de-la-fundacion-y-proyeccion-debate-en-el-lieu-deurope-20-de-febrero-de-2026\/\" class=\"awb-custom-text-color awb-custom-text-hover-color\" target=\"_self\">Visita de la Fundaci\u00f3n y proyecci\u00f3n-debate en el Lieu d\u2019Europe (20 de febrero de 2026)<\/a><\/h3><\/div><div ><a class=\"fusion-button button-flat fusion-button-default-size button-custom fusion-button-default button-2 fusion-button-default-span fusion-button-default-type line\" style=\"--awb-margin-left:40px;--awb-padding-right:0px;--awb-padding-left:0px;--button_accent_color:var(--awb-color8);--button_border_color:var(--awb-custom_color_1);--button_accent_hover_color:var(--awb-color5);--button_border_hover_color:var(--awb-color4);--button_gradient_top_color:hsla(var(--awb-color5-h),var(--awb-color5-s),var(--awb-color5-l),calc(var(--awb-color5-a) - 100%));--button_gradient_bottom_color:hsla(var(--awb-color5-h),var(--awb-color5-s),var(--awb-color5-l),calc(var(--awb-color5-a) - 100%));--button_gradient_top_color_hover:hsla(var(--awb-color5-h),var(--awb-color5-s),var(--awb-color5-l),calc(var(--awb-color5-a) - 100%));--button_gradient_bottom_color_hover:hsla(var(--awb-color5-h),var(--awb-color5-s),var(--awb-color5-l),calc(var(--awb-color5-a) - 100%));--button_font_size:15px;\" target=\"_self\" data-hover=\"text_slide_down\" title=\"Lire l&#039;article\" aria-label=\"Lire l&#039;article\" href=\"https:\/\/www.iidh.org\/es\/visita-de-la-fundacion-y-proyeccion-debate-en-el-lieu-deurope-20-de-febrero-de-2026\/\"><div class=\"awb-button-text-transition  awb-button__hover-content--centered\"><span class=\"fusion-button-text awb-button__text awb-button__text--default\">En savoir plus<\/span><span class=\"fusion-button-text awb-button__text awb-button__text--default\">En savoir plus<\/span><\/div><\/a><\/div><\/div><\/li>\n<li class=\"fusion-layout-column fusion_builder_column fusion-builder-column-5 fusion-flex-column post-card fusion-grid-column fusion-post-cards-grid-column\" style=\"--awb-padding-bottom:40px;--awb-bg-color:hsla(var(--awb-color2-h),var(--awb-color2-s),calc(var(--awb-color2-l) + 1%),var(--awb-color2-a));--awb-bg-color-hover:var(--awb-color2);--awb-bg-size:cover;--awb-flex-grow:0;--awb-flex-shrink:0;--awb-flex-grow-medium:0;--awb-flex-shrink-medium:0;--awb-flex-grow-small:0;--awb-flex-shrink-small:0;\"><div class=\"fusion-column-wrapper fusion-flex-justify-content-flex-start fusion-content-layout-column\"><div class=\"fusion-classic-product-image-wrapper fusion-woo-product-image fusion-post-card-image fusion-post-card-image-1 has-aspect-ratio\" data-layout=\"static\" style=\"--awb-margin-bottom:20px;--awb-aspect-ratio:16 \/ 9;\"><div  class=\"fusion-image-wrapper\" aria-haspopup=\"true\">\n\t\t\t\t\t\t\t<a href=\"https:\/\/www.iidh.org\/es\/jornada-de-homenaje-a-rene-cassin-1887-1976-20-de-febrero-de-2026\/\" aria-label=\"Jornada de homenaje a Ren\u00e9 Cassin (1887\u20131976) (20 de febrero de 2026)\">\n\t\t\t\t\t\t\t<img decoding=\"async\" width=\"1587\" height=\"2245\" src=\"https:\/\/www.iidh.org\/wp-content\/uploads\/2026\/01\/Journee-dhommage-a-Rene-Cassin-.png\" class=\"attachment-full size-full lazyload wp-post-image\" alt=\"\" srcset=\"data:image\/svg+xml,%3Csvg%20xmlns%3D%27http%3A%2F%2Fwww.w3.org%2F2000%2Fsvg%27%20width%3D%271587%27%20height%3D%272245%27%20viewBox%3D%270%200%201587%202245%27%3E%3Crect%20width%3D%271587%27%20height%3D%272245%27%20fill-opacity%3D%220%22%2F%3E%3C%2Fsvg%3E\" data-orig-src=\"https:\/\/www.iidh.org\/wp-content\/uploads\/2026\/01\/Journee-dhommage-a-Rene-Cassin-.png\" data-srcset=\"https:\/\/www.iidh.org\/wp-content\/uploads\/2026\/01\/Journee-dhommage-a-Rene-Cassin--200x283.png 200w, https:\/\/www.iidh.org\/wp-content\/uploads\/2026\/01\/Journee-dhommage-a-Rene-Cassin--400x566.png 400w, https:\/\/www.iidh.org\/wp-content\/uploads\/2026\/01\/Journee-dhommage-a-Rene-Cassin--600x849.png 600w, https:\/\/www.iidh.org\/wp-content\/uploads\/2026\/01\/Journee-dhommage-a-Rene-Cassin--800x1132.png 800w, https:\/\/www.iidh.org\/wp-content\/uploads\/2026\/01\/Journee-dhommage-a-Rene-Cassin--1200x1698.png 1200w, https:\/\/www.iidh.org\/wp-content\/uploads\/2026\/01\/Journee-dhommage-a-Rene-Cassin-.png 1587w\" data-sizes=\"auto\" \/>\t\t\t<\/a>\n\t\t\t\t\t\t\t<\/div>\n<\/div><div class=\"fusion-title title fusion-title-6 fusion-sep-none fusion-title-text fusion-title-size-three\" style=\"--awb-text-color:var(--awb-color8);--awb-margin-top:0px;--awb-margin-right:40px;--awb-margin-bottom:0px;--awb-margin-left:40px;--awb-margin-top-small:0px;--awb-margin-right-small:40px;--awb-margin-bottom-small:10px;--awb-margin-left-small:40px;--awb-link-color:var(--awb-color8);--awb-font-size:20px;\"><h3 class=\"fusion-title-heading title-heading-left fusion-responsive-typography-calculated\" style=\"margin:0;font-size:1em;--fontSize:20;line-height:1.4;\"><a href=\"https:\/\/www.iidh.org\/es\/jornada-de-homenaje-a-rene-cassin-1887-1976-20-de-febrero-de-2026\/\" class=\"awb-custom-text-color awb-custom-text-hover-color\" target=\"_self\">Jornada de homenaje a Ren\u00e9 Cassin (1887\u20131976) (20 de febrero de 2026)<\/a><\/h3><\/div><div ><a class=\"fusion-button button-flat fusion-button-default-size button-custom fusion-button-default button-3 fusion-button-default-span fusion-button-default-type line\" style=\"--awb-margin-left:40px;--awb-padding-right:0px;--awb-padding-left:0px;--button_accent_color:var(--awb-color8);--button_border_color:var(--awb-custom_color_1);--button_accent_hover_color:var(--awb-color5);--button_border_hover_color:var(--awb-color4);--button_gradient_top_color:hsla(var(--awb-color5-h),var(--awb-color5-s),var(--awb-color5-l),calc(var(--awb-color5-a) - 100%));--button_gradient_bottom_color:hsla(var(--awb-color5-h),var(--awb-color5-s),var(--awb-color5-l),calc(var(--awb-color5-a) - 100%));--button_gradient_top_color_hover:hsla(var(--awb-color5-h),var(--awb-color5-s),var(--awb-color5-l),calc(var(--awb-color5-a) - 100%));--button_gradient_bottom_color_hover:hsla(var(--awb-color5-h),var(--awb-color5-s),var(--awb-color5-l),calc(var(--awb-color5-a) - 100%));--button_font_size:15px;\" target=\"_self\" data-hover=\"text_slide_down\" title=\"Lire l&#039;article\" aria-label=\"Lire l&#039;article\" href=\"https:\/\/www.iidh.org\/es\/jornada-de-homenaje-a-rene-cassin-1887-1976-20-de-febrero-de-2026\/\"><div class=\"awb-button-text-transition  awb-button__hover-content--centered\"><span class=\"fusion-button-text awb-button__text awb-button__text--default\">En savoir plus<\/span><span class=\"fusion-button-text awb-button__text awb-button__text--default\">En savoir plus<\/span><\/div><\/a><\/div><\/div><\/li>\n<li class=\"fusion-layout-column fusion_builder_column fusion-builder-column-6 fusion-flex-column post-card fusion-grid-column fusion-post-cards-grid-column\" style=\"--awb-padding-bottom:40px;--awb-bg-color:hsla(var(--awb-color2-h),var(--awb-color2-s),calc(var(--awb-color2-l) + 1%),var(--awb-color2-a));--awb-bg-color-hover:var(--awb-color2);--awb-bg-size:cover;--awb-flex-grow:0;--awb-flex-shrink:0;--awb-flex-grow-medium:0;--awb-flex-shrink-medium:0;--awb-flex-grow-small:0;--awb-flex-shrink-small:0;\"><div class=\"fusion-column-wrapper fusion-flex-justify-content-flex-start fusion-content-layout-column\"><div class=\"fusion-classic-product-image-wrapper fusion-woo-product-image fusion-post-card-image fusion-post-card-image-1 has-aspect-ratio\" data-layout=\"static\" style=\"--awb-margin-bottom:20px;--awb-aspect-ratio:16 \/ 9;\"><div  class=\"fusion-image-wrapper\" aria-haspopup=\"true\">\n\t\t\t\t\t\t\t<a href=\"https:\/\/www.iidh.org\/es\/emmanuel-decaux-rene-cassin-la-force-du-droit-publicado-el-8-de-enero-de-2026\/\" aria-label=\"EMMANUEL DECAUX \u00abRen\u00e9 Cassin, la force du droit\u00bb (publicado el 8 de enero de 2026)\">\n\t\t\t\t\t\t\t<img decoding=\"async\" width=\"600\" height=\"927\" src=\"https:\/\/www.iidh.org\/wp-content\/uploads\/2026\/01\/9782494178298_1_75.jpg\" class=\"attachment-full size-full lazyload wp-post-image\" alt=\"Ren\u00e9 Cassin, la fuerza del derecho\" srcset=\"data:image\/svg+xml,%3Csvg%20xmlns%3D%27http%3A%2F%2Fwww.w3.org%2F2000%2Fsvg%27%20width%3D%27600%27%20height%3D%27927%27%20viewBox%3D%270%200%20600%20927%27%3E%3Crect%20width%3D%27600%27%20height%3D%27927%27%20fill-opacity%3D%220%22%2F%3E%3C%2Fsvg%3E\" data-orig-src=\"https:\/\/www.iidh.org\/wp-content\/uploads\/2026\/01\/9782494178298_1_75.jpg\" data-srcset=\"https:\/\/www.iidh.org\/wp-content\/uploads\/2026\/01\/9782494178298_1_75-200x309.jpg 200w, https:\/\/www.iidh.org\/wp-content\/uploads\/2026\/01\/9782494178298_1_75-400x618.jpg 400w, https:\/\/www.iidh.org\/wp-content\/uploads\/2026\/01\/9782494178298_1_75.jpg 600w\" data-sizes=\"auto\" \/>\t\t\t<\/a>\n\t\t\t\t\t\t\t<\/div>\n<\/div><div class=\"fusion-title title fusion-title-7 fusion-sep-none fusion-title-text fusion-title-size-three\" style=\"--awb-text-color:var(--awb-color8);--awb-margin-top:0px;--awb-margin-right:40px;--awb-margin-bottom:0px;--awb-margin-left:40px;--awb-margin-top-small:0px;--awb-margin-right-small:40px;--awb-margin-bottom-small:10px;--awb-margin-left-small:40px;--awb-link-color:var(--awb-color8);--awb-font-size:20px;\"><h3 class=\"fusion-title-heading title-heading-left fusion-responsive-typography-calculated\" style=\"margin:0;font-size:1em;--fontSize:20;line-height:1.4;\"><a href=\"https:\/\/www.iidh.org\/es\/emmanuel-decaux-rene-cassin-la-force-du-droit-publicado-el-8-de-enero-de-2026\/\" class=\"awb-custom-text-color awb-custom-text-hover-color\" target=\"_self\">EMMANUEL DECAUX \u00abRen\u00e9 Cassin, la force du droit\u00bb (publicado el 8 de enero de 2026)<\/a><\/h3><\/div><div ><a class=\"fusion-button button-flat fusion-button-default-size button-custom fusion-button-default button-4 fusion-button-default-span fusion-button-default-type line\" style=\"--awb-margin-left:40px;--awb-padding-right:0px;--awb-padding-left:0px;--button_accent_color:var(--awb-color8);--button_border_color:var(--awb-custom_color_1);--button_accent_hover_color:var(--awb-color5);--button_border_hover_color:var(--awb-color4);--button_gradient_top_color:hsla(var(--awb-color5-h),var(--awb-color5-s),var(--awb-color5-l),calc(var(--awb-color5-a) - 100%));--button_gradient_bottom_color:hsla(var(--awb-color5-h),var(--awb-color5-s),var(--awb-color5-l),calc(var(--awb-color5-a) - 100%));--button_gradient_top_color_hover:hsla(var(--awb-color5-h),var(--awb-color5-s),var(--awb-color5-l),calc(var(--awb-color5-a) - 100%));--button_gradient_bottom_color_hover:hsla(var(--awb-color5-h),var(--awb-color5-s),var(--awb-color5-l),calc(var(--awb-color5-a) - 100%));--button_font_size:15px;\" target=\"_self\" data-hover=\"text_slide_down\" title=\"Lire l&#039;article\" aria-label=\"Lire l&#039;article\" href=\"https:\/\/www.iidh.org\/es\/emmanuel-decaux-rene-cassin-la-force-du-droit-publicado-el-8-de-enero-de-2026\/\"><div class=\"awb-button-text-transition  awb-button__hover-content--centered\"><span class=\"fusion-button-text awb-button__text awb-button__text--default\">En savoir plus<\/span><span class=\"fusion-button-text awb-button__text awb-button__text--default\">En savoir plus<\/span><\/div><\/a><\/div><\/div><\/li>\n<li class=\"fusion-layout-column fusion_builder_column fusion-builder-column-7 fusion-flex-column post-card fusion-grid-column fusion-post-cards-grid-column\" style=\"--awb-padding-bottom:40px;--awb-bg-color:hsla(var(--awb-color2-h),var(--awb-color2-s),calc(var(--awb-color2-l) + 1%),var(--awb-color2-a));--awb-bg-color-hover:var(--awb-color2);--awb-bg-size:cover;--awb-flex-grow:0;--awb-flex-shrink:0;--awb-flex-grow-medium:0;--awb-flex-shrink-medium:0;--awb-flex-grow-small:0;--awb-flex-shrink-small:0;\"><div class=\"fusion-column-wrapper fusion-flex-justify-content-flex-start fusion-content-layout-column\"><div class=\"fusion-classic-product-image-wrapper fusion-woo-product-image fusion-post-card-image fusion-post-card-image-1 has-aspect-ratio\" data-layout=\"static\" style=\"--awb-margin-bottom:20px;--awb-aspect-ratio:16 \/ 9;\"><div  class=\"fusion-image-wrapper\" aria-haspopup=\"true\">\n\t\t\t\t\t\t\t<a href=\"https:\/\/www.iidh.org\/es\/actas-de-la-jornada-de-homenaje-a-rene-cassin-75o-aniversario-de-la-dudh\/\" aria-label=\"Actas de la jornada de homenaje a Ren\u00e9 Cassin &#8211; 75\u00ba aniversario de la DUDH\">\n\t\t\t\t\t\t\t<img decoding=\"async\" width=\"567\" height=\"833\" src=\"https:\/\/www.iidh.org\/wp-content\/uploads\/2023\/10\/RTDH.jpg\" class=\"attachment-full size-full lazyload wp-post-image\" alt=\"RTDH\" srcset=\"data:image\/svg+xml,%3Csvg%20xmlns%3D%27http%3A%2F%2Fwww.w3.org%2F2000%2Fsvg%27%20width%3D%27567%27%20height%3D%27833%27%20viewBox%3D%270%200%20567%20833%27%3E%3Crect%20width%3D%27567%27%20height%3D%27833%27%20fill-opacity%3D%220%22%2F%3E%3C%2Fsvg%3E\" data-orig-src=\"https:\/\/www.iidh.org\/wp-content\/uploads\/2023\/10\/RTDH.jpg\" data-srcset=\"https:\/\/www.iidh.org\/wp-content\/uploads\/2023\/10\/RTDH-200x294.jpg 200w, https:\/\/www.iidh.org\/wp-content\/uploads\/2023\/10\/RTDH-400x588.jpg 400w, https:\/\/www.iidh.org\/wp-content\/uploads\/2023\/10\/RTDH.jpg 567w\" data-sizes=\"auto\" \/>\t\t\t<\/a>\n\t\t\t\t\t\t\t<\/div>\n<\/div><div class=\"fusion-title title fusion-title-8 fusion-sep-none fusion-title-text fusion-title-size-three\" style=\"--awb-text-color:var(--awb-color8);--awb-margin-top:0px;--awb-margin-right:40px;--awb-margin-bottom:0px;--awb-margin-left:40px;--awb-margin-top-small:0px;--awb-margin-right-small:40px;--awb-margin-bottom-small:10px;--awb-margin-left-small:40px;--awb-link-color:var(--awb-color8);--awb-font-size:20px;\"><h3 class=\"fusion-title-heading title-heading-left fusion-responsive-typography-calculated\" style=\"margin:0;font-size:1em;--fontSize:20;line-height:1.4;\"><a href=\"https:\/\/www.iidh.org\/es\/actas-de-la-jornada-de-homenaje-a-rene-cassin-75o-aniversario-de-la-dudh\/\" class=\"awb-custom-text-color awb-custom-text-hover-color\" target=\"_self\">Actas de la jornada de homenaje a Ren\u00e9 Cassin &#8211; 75\u00ba aniversario de la DUDH<\/a><\/h3><\/div><div ><a class=\"fusion-button button-flat fusion-button-default-size button-custom fusion-button-default button-5 fusion-button-default-span fusion-button-default-type line\" style=\"--awb-margin-left:40px;--awb-padding-right:0px;--awb-padding-left:0px;--button_accent_color:var(--awb-color8);--button_border_color:var(--awb-custom_color_1);--button_accent_hover_color:var(--awb-color5);--button_border_hover_color:var(--awb-color4);--button_gradient_top_color:hsla(var(--awb-color5-h),var(--awb-color5-s),var(--awb-color5-l),calc(var(--awb-color5-a) - 100%));--button_gradient_bottom_color:hsla(var(--awb-color5-h),var(--awb-color5-s),var(--awb-color5-l),calc(var(--awb-color5-a) - 100%));--button_gradient_top_color_hover:hsla(var(--awb-color5-h),var(--awb-color5-s),var(--awb-color5-l),calc(var(--awb-color5-a) - 100%));--button_gradient_bottom_color_hover:hsla(var(--awb-color5-h),var(--awb-color5-s),var(--awb-color5-l),calc(var(--awb-color5-a) - 100%));--button_font_size:15px;\" target=\"_self\" data-hover=\"text_slide_down\" title=\"Lire l&#039;article\" aria-label=\"Lire l&#039;article\" href=\"https:\/\/www.iidh.org\/es\/actas-de-la-jornada-de-homenaje-a-rene-cassin-75o-aniversario-de-la-dudh\/\"><div class=\"awb-button-text-transition  awb-button__hover-content--centered\"><span class=\"fusion-button-text awb-button__text awb-button__text--default\">En savoir plus<\/span><span class=\"fusion-button-text awb-button__text awb-button__text--default\">En savoir plus<\/span><\/div><\/a><\/div><\/div><\/li>\n<\/ul><\/div><\/div><\/div><\/div><\/div><\/p>\n","protected":false},"excerpt":{"rendered":"","protected":false},"author":1,"featured_media":0,"parent":0,"menu_order":0,"comment_status":"closed","ping_status":"closed","template":"100-width.php","meta":{"footnotes":""},"class_list":["post-7010","page","type-page","status-publish","hentry"],"yoast_head":"<!-- This site is optimized with the Yoast SEO plugin v27.5 - https:\/\/yoast.com\/product\/yoast-seo-wordpress\/ -->\n<title>Conmemoraci\u00f3n del 50\u1d49 Aniversario de la Desaparici\u00f3n de Ren\u00e9 Cassin<\/title>\n<meta name=\"description\" content=\"Conmemoraci\u00f3n de Ren\u00e9 Cassin, art\u00edculos y recursos dedicados al 50\u1d49 aniversario de la muerte del jurista y defensor de los derechos humanos.\" \/>\n<meta name=\"robots\" content=\"index, follow, max-snippet:-1, max-image-preview:large, max-video-preview:-1\" \/>\n<link rel=\"canonical\" href=\"https:\/\/www.iidh.org\/es\/conmemoracion-del-50-aniversario-de-la-muerte-de-rene-cassin\/\" \/>\n<meta property=\"og:locale\" content=\"es_ES\" \/>\n<meta property=\"og:type\" content=\"article\" \/>\n<meta property=\"og:title\" content=\"Conmemoraci\u00f3n del 50\u1d49 Aniversario de la Desaparici\u00f3n de Ren\u00e9 Cassin\" \/>\n<meta property=\"og:description\" content=\"Conmemoraci\u00f3n de Ren\u00e9 Cassin, art\u00edculos y recursos dedicados al 50\u1d49 aniversario de la muerte del jurista y defensor de los derechos humanos.\" \/>\n<meta property=\"og:url\" content=\"https:\/\/www.iidh.org\/es\/conmemoracion-del-50-aniversario-de-la-muerte-de-rene-cassin\/\" \/>\n<meta property=\"og:site_name\" content=\"Fondation Ren\u00e9 CASSIN\" \/>\n<meta property=\"article:publisher\" content=\"https:\/\/www.facebook.com\/FondationReneCassin\/\" \/>\n<meta property=\"article:modified_time\" content=\"2026-01-16T08:52:29+00:00\" \/>\n<meta property=\"og:image\" content=\"https:\/\/www.iidh.org\/wp-content\/uploads\/2024\/10\/vignette-iidh.jpg\" \/>\n\t<meta property=\"og:image:width\" content=\"1200\" \/>\n\t<meta property=\"og:image:height\" content=\"675\" \/>\n\t<meta property=\"og:image:type\" content=\"image\/jpeg\" \/>\n<meta name=\"twitter:card\" content=\"summary_large_image\" \/>\n<meta name=\"twitter:site\" content=\"@IIDHStrasbourg\" \/>\n<meta name=\"twitter:label1\" content=\"Tiempo de lectura\" \/>\n\t<meta name=\"twitter:data1\" content=\"12 minutos\" \/>\n<script type=\"application\/ld+json\" class=\"yoast-schema-graph\">{\"@context\":\"https:\\\/\\\/schema.org\",\"@graph\":[{\"@type\":\"WebPage\",\"@id\":\"https:\\\/\\\/www.iidh.org\\\/es\\\/conmemoracion-del-50-aniversario-de-la-muerte-de-rene-cassin\\\/\",\"url\":\"https:\\\/\\\/www.iidh.org\\\/es\\\/conmemoracion-del-50-aniversario-de-la-muerte-de-rene-cassin\\\/\",\"name\":\"Conmemoraci\u00f3n del 50\u1d49 Aniversario de la Desaparici\u00f3n de Ren\u00e9 Cassin\",\"isPartOf\":{\"@id\":\"https:\\\/\\\/www.iidh.org\\\/es\\\/#website\"},\"datePublished\":\"2026-01-16T08:51:31+00:00\",\"dateModified\":\"2026-01-16T08:52:29+00:00\",\"description\":\"Conmemoraci\u00f3n de Ren\u00e9 Cassin, art\u00edculos y recursos dedicados al 50\u1d49 aniversario de la muerte del jurista y defensor de los derechos humanos.\",\"breadcrumb\":{\"@id\":\"https:\\\/\\\/www.iidh.org\\\/es\\\/conmemoracion-del-50-aniversario-de-la-muerte-de-rene-cassin\\\/#breadcrumb\"},\"inLanguage\":\"es\",\"potentialAction\":[{\"@type\":\"ReadAction\",\"target\":[\"https:\\\/\\\/www.iidh.org\\\/es\\\/conmemoracion-del-50-aniversario-de-la-muerte-de-rene-cassin\\\/\"]}]},{\"@type\":\"BreadcrumbList\",\"@id\":\"https:\\\/\\\/www.iidh.org\\\/es\\\/conmemoracion-del-50-aniversario-de-la-muerte-de-rene-cassin\\\/#breadcrumb\",\"itemListElement\":[{\"@type\":\"ListItem\",\"position\":1,\"name\":\"Accueil\",\"item\":\"https:\\\/\\\/www.iidh.org\\\/es\\\/\"},{\"@type\":\"ListItem\",\"position\":2,\"name\":\"Conmemoraci\u00f3n del 50 aniversario de la muerte de Ren\u00e9 Cassin\"}]},{\"@type\":\"WebSite\",\"@id\":\"https:\\\/\\\/www.iidh.org\\\/es\\\/#website\",\"url\":\"https:\\\/\\\/www.iidh.org\\\/es\\\/\",\"name\":\"Fondation Ren\u00e9 CASSIN\",\"description\":\"\",\"publisher\":{\"@id\":\"https:\\\/\\\/www.iidh.org\\\/es\\\/#organization\"},\"potentialAction\":[{\"@type\":\"SearchAction\",\"target\":{\"@type\":\"EntryPoint\",\"urlTemplate\":\"https:\\\/\\\/www.iidh.org\\\/es\\\/?s={search_term_string}\"},\"query-input\":{\"@type\":\"PropertyValueSpecification\",\"valueRequired\":true,\"valueName\":\"search_term_string\"}}],\"inLanguage\":\"es\"},{\"@type\":\"Organization\",\"@id\":\"https:\\\/\\\/www.iidh.org\\\/es\\\/#organization\",\"name\":\"Fondation Ren\u00e9 CASSIN\",\"url\":\"https:\\\/\\\/www.iidh.org\\\/es\\\/\",\"logo\":{\"@type\":\"ImageObject\",\"inLanguage\":\"es\",\"@id\":\"https:\\\/\\\/www.iidh.org\\\/es\\\/#\\\/schema\\\/logo\\\/image\\\/\",\"url\":\"https:\\\/\\\/www.iidh.org\\\/wp-content\\\/uploads\\\/2024\\\/09\\\/LOGO_FRC-rouge.svg\",\"contentUrl\":\"https:\\\/\\\/www.iidh.org\\\/wp-content\\\/uploads\\\/2024\\\/09\\\/LOGO_FRC-rouge.svg\",\"width\":699,\"height\":221,\"caption\":\"Fondation Ren\u00e9 CASSIN\"},\"image\":{\"@id\":\"https:\\\/\\\/www.iidh.org\\\/es\\\/#\\\/schema\\\/logo\\\/image\\\/\"},\"sameAs\":[\"https:\\\/\\\/www.facebook.com\\\/FondationReneCassin\\\/\",\"https:\\\/\\\/x.com\\\/IIDHStrasbourg\",\"https:\\\/\\\/www.instagram.com\\\/fondationrenecassin\\\/\"]}]}<\/script>\n<!-- \/ Yoast SEO plugin. -->","yoast_head_json":{"title":"Conmemoraci\u00f3n del 50\u1d49 Aniversario de la Desaparici\u00f3n de Ren\u00e9 Cassin","description":"Conmemoraci\u00f3n de Ren\u00e9 Cassin, art\u00edculos y recursos dedicados al 50\u1d49 aniversario de la muerte del jurista y defensor de los derechos humanos.","robots":{"index":"index","follow":"follow","max-snippet":"max-snippet:-1","max-image-preview":"max-image-preview:large","max-video-preview":"max-video-preview:-1"},"canonical":"https:\/\/www.iidh.org\/es\/conmemoracion-del-50-aniversario-de-la-muerte-de-rene-cassin\/","og_locale":"es_ES","og_type":"article","og_title":"Conmemoraci\u00f3n del 50\u1d49 Aniversario de la Desaparici\u00f3n de Ren\u00e9 Cassin","og_description":"Conmemoraci\u00f3n de Ren\u00e9 Cassin, art\u00edculos y recursos dedicados al 50\u1d49 aniversario de la muerte del jurista y defensor de los derechos humanos.","og_url":"https:\/\/www.iidh.org\/es\/conmemoracion-del-50-aniversario-de-la-muerte-de-rene-cassin\/","og_site_name":"Fondation Ren\u00e9 CASSIN","article_publisher":"https:\/\/www.facebook.com\/FondationReneCassin\/","article_modified_time":"2026-01-16T08:52:29+00:00","og_image":[{"width":1200,"height":675,"url":"https:\/\/www.iidh.org\/wp-content\/uploads\/2024\/10\/vignette-iidh.jpg","type":"image\/jpeg"}],"twitter_card":"summary_large_image","twitter_site":"@IIDHStrasbourg","twitter_misc":{"Tiempo de lectura":"12 minutos"},"schema":{"@context":"https:\/\/schema.org","@graph":[{"@type":"WebPage","@id":"https:\/\/www.iidh.org\/es\/conmemoracion-del-50-aniversario-de-la-muerte-de-rene-cassin\/","url":"https:\/\/www.iidh.org\/es\/conmemoracion-del-50-aniversario-de-la-muerte-de-rene-cassin\/","name":"Conmemoraci\u00f3n del 50\u1d49 Aniversario de la Desaparici\u00f3n de Ren\u00e9 Cassin","isPartOf":{"@id":"https:\/\/www.iidh.org\/es\/#website"},"datePublished":"2026-01-16T08:51:31+00:00","dateModified":"2026-01-16T08:52:29+00:00","description":"Conmemoraci\u00f3n de Ren\u00e9 Cassin, art\u00edculos y recursos dedicados al 50\u1d49 aniversario de la muerte del jurista y defensor de los derechos humanos.","breadcrumb":{"@id":"https:\/\/www.iidh.org\/es\/conmemoracion-del-50-aniversario-de-la-muerte-de-rene-cassin\/#breadcrumb"},"inLanguage":"es","potentialAction":[{"@type":"ReadAction","target":["https:\/\/www.iidh.org\/es\/conmemoracion-del-50-aniversario-de-la-muerte-de-rene-cassin\/"]}]},{"@type":"BreadcrumbList","@id":"https:\/\/www.iidh.org\/es\/conmemoracion-del-50-aniversario-de-la-muerte-de-rene-cassin\/#breadcrumb","itemListElement":[{"@type":"ListItem","position":1,"name":"Accueil","item":"https:\/\/www.iidh.org\/es\/"},{"@type":"ListItem","position":2,"name":"Conmemoraci\u00f3n del 50 aniversario de la muerte de Ren\u00e9 Cassin"}]},{"@type":"WebSite","@id":"https:\/\/www.iidh.org\/es\/#website","url":"https:\/\/www.iidh.org\/es\/","name":"Fondation Ren\u00e9 CASSIN","description":"","publisher":{"@id":"https:\/\/www.iidh.org\/es\/#organization"},"potentialAction":[{"@type":"SearchAction","target":{"@type":"EntryPoint","urlTemplate":"https:\/\/www.iidh.org\/es\/?s={search_term_string}"},"query-input":{"@type":"PropertyValueSpecification","valueRequired":true,"valueName":"search_term_string"}}],"inLanguage":"es"},{"@type":"Organization","@id":"https:\/\/www.iidh.org\/es\/#organization","name":"Fondation Ren\u00e9 CASSIN","url":"https:\/\/www.iidh.org\/es\/","logo":{"@type":"ImageObject","inLanguage":"es","@id":"https:\/\/www.iidh.org\/es\/#\/schema\/logo\/image\/","url":"https:\/\/www.iidh.org\/wp-content\/uploads\/2024\/09\/LOGO_FRC-rouge.svg","contentUrl":"https:\/\/www.iidh.org\/wp-content\/uploads\/2024\/09\/LOGO_FRC-rouge.svg","width":699,"height":221,"caption":"Fondation Ren\u00e9 CASSIN"},"image":{"@id":"https:\/\/www.iidh.org\/es\/#\/schema\/logo\/image\/"},"sameAs":["https:\/\/www.facebook.com\/FondationReneCassin\/","https:\/\/x.com\/IIDHStrasbourg","https:\/\/www.instagram.com\/fondationrenecassin\/"]}]}},"_links":{"self":[{"href":"https:\/\/www.iidh.org\/es\/wp-json\/wp\/v2\/pages\/7010","targetHints":{"allow":["GET"]}}],"collection":[{"href":"https:\/\/www.iidh.org\/es\/wp-json\/wp\/v2\/pages"}],"about":[{"href":"https:\/\/www.iidh.org\/es\/wp-json\/wp\/v2\/types\/page"}],"author":[{"embeddable":true,"href":"https:\/\/www.iidh.org\/es\/wp-json\/wp\/v2\/users\/1"}],"replies":[{"embeddable":true,"href":"https:\/\/www.iidh.org\/es\/wp-json\/wp\/v2\/comments?post=7010"}],"version-history":[{"count":2,"href":"https:\/\/www.iidh.org\/es\/wp-json\/wp\/v2\/pages\/7010\/revisions"}],"predecessor-version":[{"id":7012,"href":"https:\/\/www.iidh.org\/es\/wp-json\/wp\/v2\/pages\/7010\/revisions\/7012"}],"wp:attachment":[{"href":"https:\/\/www.iidh.org\/es\/wp-json\/wp\/v2\/media?parent=7010"}],"curies":[{"name":"wp","href":"https:\/\/api.w.org\/{rel}","templated":true}]}}